{"version":"1.0","provider_name":"Federa\u00e7\u00e3o dos Municip\u00e1rios do Estado do Rio Grande do Sul","provider_url":"https:\/\/femergs.com.br\/wfe","author_name":"adminfemergs","author_url":"https:\/\/femergs.com.br\/wfe\/blog\/author\/adminfemergs\/","title":"Elei\u00e7\u00f5es - 2018 - PLANOS DE GOVERNO - Federa\u00e7\u00e3o dos Municip\u00e1rios do Estado do Rio Grande do Sul","type":"rich","width":600,"height":338,"html":"<blockquote class=\"wp-embedded-content\" data-secret=\"1j2lLBSyEH\"><a href=\"https:\/\/femergs.com.br\/wfe\/blog\/eleicoes-2018-planos-de-governo\/\">Elei\u00e7\u00f5es &#8211; 2018 &#8211; PLANOS DE GOVERNO<\/a><\/blockquote><iframe sandbox=\"allow-scripts\" security=\"restricted\" src=\"https:\/\/femergs.com.br\/wfe\/blog\/eleicoes-2018-planos-de-governo\/embed\/#?secret=1j2lLBSyEH\" width=\"600\" height=\"338\" title=\"&#8220;Elei\u00e7\u00f5es &#8211; 2018 &#8211; PLANOS DE GOVERNO&#8221; &#8212; Federa\u00e7\u00e3o dos Municip\u00e1rios do Estado do Rio Grande do Sul\" data-secret=\"1j2lLBSyEH\" frameborder=\"0\" marginwidth=\"0\" marginheight=\"0\" scrolling=\"no\" class=\"wp-embedded-content\"><\/iframe><script>\n\/*! This file is auto-generated *\/\n!function(d,l){\"use strict\";l.querySelector&&d.addEventListener&&\"undefined\"!=typeof URL&&(d.wp=d.wp||{},d.wp.receiveEmbedMessage||(d.wp.receiveEmbedMessage=function(e){var t=e.data;if((t||t.secret||t.message||t.value)&&!\/[^a-zA-Z0-9]\/.test(t.secret)){for(var s,r,n,a=l.querySelectorAll('iframe[data-secret=\"'+t.secret+'\"]'),o=l.querySelectorAll('blockquote[data-secret=\"'+t.secret+'\"]'),c=new RegExp(\"^https?:$\",\"i\"),i=0;i<o.length;i++)o[i].style.display=\"none\";for(i=0;i<a.length;i++)s=a[i],e.source===s.contentWindow&&(s.removeAttribute(\"style\"),\"height\"===t.message?(1e3<(r=parseInt(t.value,10))?r=1e3:~~r<200&&(r=200),s.height=r):\"link\"===t.message&&(r=new URL(s.getAttribute(\"src\")),n=new URL(t.value),c.test(n.protocol))&&n.host===r.host&&l.activeElement===s&&(d.top.location.href=t.value))}},d.addEventListener(\"message\",d.wp.receiveEmbedMessage,!1),l.addEventListener(\"DOMContentLoaded\",function(){for(var e,t,s=l.querySelectorAll(\"iframe.wp-embedded-content\"),r=0;r<s.length;r++)(t=(e=s[r]).getAttribute(\"data-secret\"))||(t=Math.random().toString(36).substring(2,12),e.src+=\"#?secret=\"+t,e.setAttribute(\"data-secret\",t)),e.contentWindow.postMessage({message:\"ready\",secret:t},\"*\")},!1)))}(window,document);\n<\/script>\n","description":"Conhe\u00e7a os propostas de governo de todos os candidatos a Presidente\/2018: Alvaro Dias (Pode) http:\/\/divulgacandcontas.tse.jus.br\/candidaturas\/oficial\/2018\/BR\/BR\/2022802018\/280000618462\/\/proposta_1534304719669.pdf Cabo Daciolo (Patri) http:\/\/divulgacandcontas.tse.jus.br\/candidaturas\/oficial\/2018\/BR\/BR\/2022802018\/280000602500\/\/proposta_1533774159360.pdf Ciro Gomes (PDT) http:\/\/divulgacandcontas.tse.jus.br\/candidaturas\/oficial\/2018\/BR\/BR\/2022802018\/280000605589\/\/proposta_1533938913830.pdf Eymael (DC) http:\/\/divulgacandcontas.tse.jus.br\/candidaturas\/oficial\/2018\/BR\/BR\/2022802018\/280000624085\/\/proposta_1534349291803.pdf Geraldo Alckmin (PSDB) http:\/\/divulgacandcontas.tse.jus.br\/candidaturas\/oficial\/2018\/BR\/BR\/2022802018\/280000602477\/\/proposta_1533849607885.pdf Guilherme Boulos (Psol) http:\/\/divulgacandcontas.tse.jus.br\/candidaturas\/oficial\/2018\/BR\/BR\/2022802018\/280000601016\/\/proposta_1533565462424.pdf Henrique Meirelles (MDB) http:\/\/divulgacandcontas.tse.jus.br\/candidaturas\/oficial\/2018\/BR\/BR\/2022802018\/280000622281\/\/proposta_1534354939646.pdf Jair Bolsonaro (PSL) http:\/\/divulgacandcontas.tse.jus.br\/candidaturas\/oficial\/2018\/BR\/BR\/2022802018\/280000614517\/\/proposta_1534284632231.pdf Jo\u00e3o Amo\u00eado (Novo) http:\/\/divulgacandcontas.tse.jus.br\/candidaturas\/oficial\/2018\/BR\/BR\/2022802018\/280000607640\/\/proposta_1534522080782.pdf Jo\u00e3o Goulart Filho (PPL) http:\/\/divulgacandcontas.tse.jus.br\/candidaturas\/oficial\/2018\/BR\/BR\/2022802018\/280000624082\/\/proposta_1534349279487.pdf Lula (PT) https:\/\/lula.com.br\/wp-content\/uploads\/2018\/08\/Plano-Lula-de-Governo_2018.08.14-TEXTO-REGISTRADO-3-1.pdf Marina [&hellip;]"}