{"version":"1.0","provider_name":"Federa\u00e7\u00e3o dos Municip\u00e1rios do Estado do Rio Grande do Sul","provider_url":"https:\/\/femergs.com.br\/wfe","author_name":"adminfemergs","author_url":"https:\/\/femergs.com.br\/wfe\/blog\/author\/adminfemergs\/","title":"NOTA P\u00daBLICA - \u201cMobiliza\u00e7\u00e3o Nacional dos Caminhoneiros\u201d - Federa\u00e7\u00e3o dos Municip\u00e1rios do Estado do Rio Grande do Sul","type":"rich","width":600,"height":338,"html":"<blockquote class=\"wp-embedded-content\" data-secret=\"bM6NAMse7A\"><a href=\"https:\/\/femergs.com.br\/wfe\/blog\/nota-publica-mobilizacao-nacional-dos-caminhoneiros\/\">NOTA P\u00daBLICA &#8211; \u201cMobiliza\u00e7\u00e3o Nacional dos Caminhoneiros\u201d<\/a><\/blockquote><iframe sandbox=\"allow-scripts\" security=\"restricted\" src=\"https:\/\/femergs.com.br\/wfe\/blog\/nota-publica-mobilizacao-nacional-dos-caminhoneiros\/embed\/#?secret=bM6NAMse7A\" width=\"600\" height=\"338\" title=\"&#8220;NOTA P\u00daBLICA &#8211; \u201cMobiliza\u00e7\u00e3o Nacional dos Caminhoneiros\u201d&#8221; &#8212; Federa\u00e7\u00e3o dos Municip\u00e1rios do Estado do Rio Grande do Sul\" data-secret=\"bM6NAMse7A\" frameborder=\"0\" marginwidth=\"0\" marginheight=\"0\" scrolling=\"no\" class=\"wp-embedded-content\"><\/iframe><script>\n\/*! This file is auto-generated *\/\n!function(d,l){\"use strict\";l.querySelector&&d.addEventListener&&\"undefined\"!=typeof URL&&(d.wp=d.wp||{},d.wp.receiveEmbedMessage||(d.wp.receiveEmbedMessage=function(e){var t=e.data;if((t||t.secret||t.message||t.value)&&!\/[^a-zA-Z0-9]\/.test(t.secret)){for(var s,r,n,a=l.querySelectorAll('iframe[data-secret=\"'+t.secret+'\"]'),o=l.querySelectorAll('blockquote[data-secret=\"'+t.secret+'\"]'),c=new RegExp(\"^https?:$\",\"i\"),i=0;i<o.length;i++)o[i].style.display=\"none\";for(i=0;i<a.length;i++)s=a[i],e.source===s.contentWindow&&(s.removeAttribute(\"style\"),\"height\"===t.message?(1e3<(r=parseInt(t.value,10))?r=1e3:~~r<200&&(r=200),s.height=r):\"link\"===t.message&&(r=new URL(s.getAttribute(\"src\")),n=new URL(t.value),c.test(n.protocol))&&n.host===r.host&&l.activeElement===s&&(d.top.location.href=t.value))}},d.addEventListener(\"message\",d.wp.receiveEmbedMessage,!1),l.addEventListener(\"DOMContentLoaded\",function(){for(var e,t,s=l.querySelectorAll(\"iframe.wp-embedded-content\"),r=0;r<s.length;r++)(t=(e=s[r]).getAttribute(\"data-secret\"))||(t=Math.random().toString(36).substring(2,12),e.src+=\"#?secret=\"+t,e.setAttribute(\"data-secret\",t)),e.contentWindow.postMessage({message:\"ready\",secret:t},\"*\")},!1)))}(window,document);\n<\/script>\n","description":"https:\/\/youtu.be\/zGYP7T67RCg A Federa\u00e7\u00e3o dos Municip\u00e1rios do Estado do Rio Grande do Sul \u2013 FEMERGS, entidade representativa em segundo grau dos servidores p\u00fablicos municipais, com hist\u00f3rico enraizado na luta em defesa dos direitos dos trabalhadores(as), vem a p\u00fablico manifestar seu apoio a \u201cMobiliza\u00e7\u00e3o Nacional dos Caminhoneiros\u201d, contra o aumento abusivo dos combust\u00edveis, nessa pol\u00edtica nefasta que [&hellip;]"}