{"version":"1.0","provider_name":"Federa\u00e7\u00e3o dos Municip\u00e1rios do Estado do Rio Grande do Sul","provider_url":"https:\/\/femergs.com.br\/wfe","author_name":"adminfemergs","author_url":"https:\/\/femergs.com.br\/wfe\/blog\/author\/adminfemergs\/","title":"REFORMA ADMINISTRATIVA: A DESTRUI\u00c7\u00c3O DA EDUCA\u00c7\u00c3O P\u00daBLICA BRASILEIRA - Federa\u00e7\u00e3o dos Municip\u00e1rios do Estado do Rio Grande do Sul","type":"rich","width":600,"height":338,"html":"<blockquote class=\"wp-embedded-content\" data-secret=\"DDd5WPe3Jk\"><a href=\"https:\/\/femergs.com.br\/wfe\/blog\/reforma-administrativa-a-destruicao-da-educacao-publica-brasileira\/\">REFORMA ADMINISTRATIVA: A DESTRUI\u00c7\u00c3O DA EDUCA\u00c7\u00c3O P\u00daBLICA BRASILEIRA<\/a><\/blockquote><iframe sandbox=\"allow-scripts\" security=\"restricted\" src=\"https:\/\/femergs.com.br\/wfe\/blog\/reforma-administrativa-a-destruicao-da-educacao-publica-brasileira\/embed\/#?secret=DDd5WPe3Jk\" width=\"600\" height=\"338\" title=\"&#8220;REFORMA ADMINISTRATIVA: A DESTRUI\u00c7\u00c3O DA EDUCA\u00c7\u00c3O P\u00daBLICA BRASILEIRA&#8221; &#8212; Federa\u00e7\u00e3o dos Municip\u00e1rios do Estado do Rio Grande do Sul\" data-secret=\"DDd5WPe3Jk\" frameborder=\"0\" marginwidth=\"0\" marginheight=\"0\" scrolling=\"no\" class=\"wp-embedded-content\"><\/iframe><script>\n\/*! This file is auto-generated *\/\n!function(d,l){\"use strict\";l.querySelector&&d.addEventListener&&\"undefined\"!=typeof URL&&(d.wp=d.wp||{},d.wp.receiveEmbedMessage||(d.wp.receiveEmbedMessage=function(e){var t=e.data;if((t||t.secret||t.message||t.value)&&!\/[^a-zA-Z0-9]\/.test(t.secret)){for(var s,r,n,a=l.querySelectorAll('iframe[data-secret=\"'+t.secret+'\"]'),o=l.querySelectorAll('blockquote[data-secret=\"'+t.secret+'\"]'),c=new RegExp(\"^https?:$\",\"i\"),i=0;i<o.length;i++)o[i].style.display=\"none\";for(i=0;i<a.length;i++)s=a[i],e.source===s.contentWindow&&(s.removeAttribute(\"style\"),\"height\"===t.message?(1e3<(r=parseInt(t.value,10))?r=1e3:~~r<200&&(r=200),s.height=r):\"link\"===t.message&&(r=new URL(s.getAttribute(\"src\")),n=new URL(t.value),c.test(n.protocol))&&n.host===r.host&&l.activeElement===s&&(d.top.location.href=t.value))}},d.addEventListener(\"message\",d.wp.receiveEmbedMessage,!1),l.addEventListener(\"DOMContentLoaded\",function(){for(var e,t,s=l.querySelectorAll(\"iframe.wp-embedded-content\"),r=0;r<s.length;r++)(t=(e=s[r]).getAttribute(\"data-secret\"))||(t=Math.random().toString(36).substring(2,12),e.src+=\"#?secret=\"+t,e.setAttribute(\"data-secret\",t)),e.contentWindow.postMessage({message:\"ready\",secret:t},\"*\")},!1)))}(window,document);\n<\/script>\n","description":"???? A Reforma Administrativa (PEC 32\/2020) \u00e9 um grande perigo \u00e0 educa\u00e7\u00e3o p\u00fablica brasileira. O governo mente dizendo que ela pretende \u201ccombater privil\u00e9gios\u201d. Na verdade, ela vai fragilizar os servidores p\u00fablicos, inclusive os professores da educa\u00e7\u00e3o b\u00e1sica e da superior. ???? Eles perder\u00e3o a estabilidade no emprego, e ficar\u00e3o ref\u00e9ns da pol\u00edtica. Certas pesquisas cient\u00edficas [&hellip;]"}