{"version":"1.0","provider_name":"Federa\u00e7\u00e3o dos Municip\u00e1rios do Estado do Rio Grande do Sul","provider_url":"https:\/\/femergs.com.br\/wfe","author_name":"adminfemergs","author_url":"https:\/\/femergs.com.br\/wfe\/blog\/author\/adminfemergs\/","title":"VIII CONGRESSO ORDIN\u00c1RIO ESTADUAL - CHAPA INSCRITA - Federa\u00e7\u00e3o dos Municip\u00e1rios do Estado do Rio Grande do Sul","type":"rich","width":600,"height":338,"html":"<blockquote class=\"wp-embedded-content\" data-secret=\"SSlg4ShDvv\"><a href=\"https:\/\/femergs.com.br\/wfe\/blog\/viii-congresso-ordinario-estadual-chapa-inscrita\/\">VIII CONGRESSO ORDIN\u00c1RIO ESTADUAL &#8211; CHAPA INSCRITA<\/a><\/blockquote><iframe sandbox=\"allow-scripts\" security=\"restricted\" src=\"https:\/\/femergs.com.br\/wfe\/blog\/viii-congresso-ordinario-estadual-chapa-inscrita\/embed\/#?secret=SSlg4ShDvv\" width=\"600\" height=\"338\" title=\"&#8220;VIII CONGRESSO ORDIN\u00c1RIO ESTADUAL &#8211; CHAPA INSCRITA&#8221; &#8212; Federa\u00e7\u00e3o dos Municip\u00e1rios do Estado do Rio Grande do Sul\" data-secret=\"SSlg4ShDvv\" frameborder=\"0\" marginwidth=\"0\" marginheight=\"0\" scrolling=\"no\" class=\"wp-embedded-content\"><\/iframe><script>\n\/*! This file is auto-generated *\/\n!function(d,l){\"use strict\";l.querySelector&&d.addEventListener&&\"undefined\"!=typeof URL&&(d.wp=d.wp||{},d.wp.receiveEmbedMessage||(d.wp.receiveEmbedMessage=function(e){var t=e.data;if((t||t.secret||t.message||t.value)&&!\/[^a-zA-Z0-9]\/.test(t.secret)){for(var s,r,n,a=l.querySelectorAll('iframe[data-secret=\"'+t.secret+'\"]'),o=l.querySelectorAll('blockquote[data-secret=\"'+t.secret+'\"]'),c=new RegExp(\"^https?:$\",\"i\"),i=0;i<o.length;i++)o[i].style.display=\"none\";for(i=0;i<a.length;i++)s=a[i],e.source===s.contentWindow&&(s.removeAttribute(\"style\"),\"height\"===t.message?(1e3<(r=parseInt(t.value,10))?r=1e3:~~r<200&&(r=200),s.height=r):\"link\"===t.message&&(r=new URL(s.getAttribute(\"src\")),n=new URL(t.value),c.test(n.protocol))&&n.host===r.host&&l.activeElement===s&&(d.top.location.href=t.value))}},d.addEventListener(\"message\",d.wp.receiveEmbedMessage,!1),l.addEventListener(\"DOMContentLoaded\",function(){for(var e,t,s=l.querySelectorAll(\"iframe.wp-embedded-content\"),r=0;r<s.length;r++)(t=(e=s[r]).getAttribute(\"data-secret\"))||(t=Math.random().toString(36).substring(2,12),e.src+=\"#?secret=\"+t,e.setAttribute(\"data-secret\",t)),e.contentWindow.postMessage({message:\"ready\",secret:t},\"*\")},!1)))}(window,document);\n<\/script>\n","description":"Sindicatos aptos a participar do VIII CONGRESSO ORDIN\u00c1RIO ESTADUAL &#8211; FEMERGS Sindicato dos Servidores Municipais de Agudo Sindicato dos Municip\u00e1rios de Almirante Tamandar\u00e9 do Sul Sindicato dos Funcion\u00e1rios P\u00fablicos Municipais de Alpestre Sindicato dos Servidores P\u00fablicos Municipais de Alto Feliz Sindicato dos Municip\u00e1rios de Amaral Ferrador Sindicato dos Municip\u00e1rios de Arambar\u00e9 Sindicato dos Servidores P\u00fablicos [&hellip;]"}