{"id":63,"date":"2025-06-26T18:36:26","date_gmt":"2025-06-26T18:36:26","guid":{"rendered":"https:\/\/femergs.com.br\/wfe\/?page_id=63"},"modified":"2026-02-27T16:21:02","modified_gmt":"2026-02-27T16:21:02","slug":"a-federacao","status":"publish","type":"page","link":"https:\/\/femergs.com.br\/wfe\/a-federacao\/","title":{"rendered":"A FEDERA\u00c7\u00c3O"},"content":{"rendered":"\n<div class=\"wp-block-group bannerimage has-global-padding is-layout-constrained wp-container-core-group-is-layout-7dcd67fa wp-block-group-is-layout-constrained\" style=\"margin-top:0px;padding-top:0;padding-right:0;padding-bottom:0;padding-left:0\"><\/div>\n\n\n\n<p>A Federa\u00e7\u00e3o dos Municip\u00e1rios do Estado do Rio Grande do Sul \u2013 FEMERGS atua para o fortalecimento das organiza\u00e7\u00f5es sindicais e na defesa de melhores condi\u00e7\u00f5es de trabalho para os servidores p\u00fablicos municipais, atrav\u00e9s do debate permanente com os sindicatos, fornecendo subs\u00eddios que insiram, no contexto municipal, as conquistas alcan\u00e7adas pelos trabalhadores p\u00fablicos. As conquistas na esfera p\u00fablica se traduzem em presta\u00e7\u00e3o de servi\u00e7o de qualidade para o cidad\u00e3o e, na manuten\u00e7\u00e3o das pol\u00edticas p\u00fablicas que organizam a sociedade e garantem os direitos de todos.<\/p>\n\n\n\n<p>A FEMERGS demonstra seu compromisso com pol\u00edticas sociais mantendo participa\u00e7\u00e3o ativa nas campanhas que visam chamar aten\u00e7\u00e3o dos governos para a preserva\u00e7\u00e3o do trabalho e da vida. Na busca por solu\u00e7\u00f5es, mant\u00e9m di\u00e1logo com autoridades e organismos sociais.<\/p>\n\n\n\n<div class=\"wp-block-columns is-layout-flex wp-container-core-columns-is-layout-28f84493 wp-block-columns-is-layout-flex\">\n<div class=\"wp-block-column is-vertically-aligned-center is-layout-flow wp-block-column-is-layout-flow\" style=\"flex-basis:33.33%\">\n<figure class=\"wp-block-gallery has-nested-images columns-default is-cropped wp-block-gallery-1 is-layout-flex wp-block-gallery-is-layout-flex\">\n<figure class=\"wp-block-image size-full\"><img data-dominant-color=\"347f4f\" data-has-transparency=\"true\" style=\"--dominant-color: #347f4f;\" decoding=\"async\" src=\"data:image\/gif;base64,R0lGODlhAQABAIAAAAAAAP\/\/\/ywAAAAAAQABAAACAUwAOw==\" fifu-lazy=\"1\" fifu-data-sizes=\"auto\" fifu-data-srcset=\"https:\/\/i0.wp.com\/femergs.com.br\/wfe\/wp-content\/uploads\/2025\/08\/csb-logoverde-1.webp?ssl=1&w=75&resize=75&ssl=1 75w, https:\/\/i0.wp.com\/femergs.com.br\/wfe\/wp-content\/uploads\/2025\/08\/csb-logoverde-1.webp?ssl=1&w=100&resize=100&ssl=1 100w, https:\/\/i0.wp.com\/femergs.com.br\/wfe\/wp-content\/uploads\/2025\/08\/csb-logoverde-1.webp?ssl=1&w=150&resize=150&ssl=1 150w, https:\/\/i0.wp.com\/femergs.com.br\/wfe\/wp-content\/uploads\/2025\/08\/csb-logoverde-1.webp?ssl=1&w=240&resize=240&ssl=1 240w, https:\/\/i0.wp.com\/femergs.com.br\/wfe\/wp-content\/uploads\/2025\/08\/csb-logoverde-1.webp?ssl=1&w=320&resize=320&ssl=1 320w, https:\/\/i0.wp.com\/femergs.com.br\/wfe\/wp-content\/uploads\/2025\/08\/csb-logoverde-1.webp?ssl=1&w=500&resize=500&ssl=1 500w, https:\/\/i0.wp.com\/femergs.com.br\/wfe\/wp-content\/uploads\/2025\/08\/csb-logoverde-1.webp?ssl=1&w=640&resize=640&ssl=1 640w, https:\/\/i0.wp.com\/femergs.com.br\/wfe\/wp-content\/uploads\/2025\/08\/csb-logoverde-1.webp?ssl=1&w=800&resize=800&ssl=1 800w, https:\/\/i0.wp.com\/femergs.com.br\/wfe\/wp-content\/uploads\/2025\/08\/csb-logoverde-1.webp?ssl=1&w=1024&resize=1024&ssl=1 1024w, https:\/\/i0.wp.com\/femergs.com.br\/wfe\/wp-content\/uploads\/2025\/08\/csb-logoverde-1.webp?ssl=1&w=1280&resize=1280&ssl=1 1280w, https:\/\/i0.wp.com\/femergs.com.br\/wfe\/wp-content\/uploads\/2025\/08\/csb-logoverde-1.webp?ssl=1&w=1600&resize=1600&ssl=1 1600w\" data-id=\"860\" fifu-data-src=\"https:\/\/i0.wp.com\/femergs.com.br\/wfe\/wp-content\/uploads\/2025\/08\/csb-logoverde-1.webp?ssl=1\" alt=\"\" class=\"wp-image-860 has-transparency\" \/><\/figure>\n\n\n\n<figure class=\"wp-block-image size-large\"><img data-dominant-color=\"dc6564\" data-has-transparency=\"true\" style=\"--dominant-color: #dc6564;\" decoding=\"async\" src=\"data:image\/gif;base64,R0lGODlhAQABAIAAAAAAAP\/\/\/ywAAAAAAQABAAACAUwAOw==\" fifu-lazy=\"1\" fifu-data-sizes=\"auto\" fifu-data-srcset=\"https:\/\/i1.wp.com\/femergs.com.br\/wfe\/wp-content\/uploads\/2025\/07\/en-2017-rgb-web.webp?ssl=1&w=75&resize=75&ssl=1 75w, https:\/\/i1.wp.com\/femergs.com.br\/wfe\/wp-content\/uploads\/2025\/07\/en-2017-rgb-web.webp?ssl=1&w=100&resize=100&ssl=1 100w, https:\/\/i1.wp.com\/femergs.com.br\/wfe\/wp-content\/uploads\/2025\/07\/en-2017-rgb-web.webp?ssl=1&w=150&resize=150&ssl=1 150w, https:\/\/i1.wp.com\/femergs.com.br\/wfe\/wp-content\/uploads\/2025\/07\/en-2017-rgb-web.webp?ssl=1&w=240&resize=240&ssl=1 240w, https:\/\/i1.wp.com\/femergs.com.br\/wfe\/wp-content\/uploads\/2025\/07\/en-2017-rgb-web.webp?ssl=1&w=320&resize=320&ssl=1 320w, https:\/\/i1.wp.com\/femergs.com.br\/wfe\/wp-content\/uploads\/2025\/07\/en-2017-rgb-web.webp?ssl=1&w=500&resize=500&ssl=1 500w, https:\/\/i1.wp.com\/femergs.com.br\/wfe\/wp-content\/uploads\/2025\/07\/en-2017-rgb-web.webp?ssl=1&w=640&resize=640&ssl=1 640w, https:\/\/i1.wp.com\/femergs.com.br\/wfe\/wp-content\/uploads\/2025\/07\/en-2017-rgb-web.webp?ssl=1&w=800&resize=800&ssl=1 800w, https:\/\/i1.wp.com\/femergs.com.br\/wfe\/wp-content\/uploads\/2025\/07\/en-2017-rgb-web.webp?ssl=1&w=1024&resize=1024&ssl=1 1024w, https:\/\/i1.wp.com\/femergs.com.br\/wfe\/wp-content\/uploads\/2025\/07\/en-2017-rgb-web.webp?ssl=1&w=1280&resize=1280&ssl=1 1280w, https:\/\/i1.wp.com\/femergs.com.br\/wfe\/wp-content\/uploads\/2025\/07\/en-2017-rgb-web.webp?ssl=1&w=1600&resize=1600&ssl=1 1600w\" data-id=\"297\" fifu-data-src=\"https:\/\/i1.wp.com\/femergs.com.br\/wfe\/wp-content\/uploads\/2025\/07\/en-2017-rgb-web.webp?ssl=1\" alt=\"\" class=\"wp-image-297 has-transparency\" \/><\/figure>\n<\/figure>\n<\/div>\n\n\n\n<div class=\"wp-block-column is-layout-flow wp-block-column-is-layout-flow\" style=\"flex-basis:66.66%\">\n<p>Filiada \u00e0 Central dos Sindicatos Brasileiros (CSB) e \u00e0 Internacional de Servi\u00e7os P\u00fablicos (ISP Brasil), a FEMERGS participou da funda\u00e7\u00e3o da Confedera\u00e7\u00e3o dos Trabalhadores no Servi\u00e7o P\u00fablico Municipal (CONFETAM) e faz parte da sua dire\u00e7\u00e3o. Anualmente, a Federa\u00e7\u00e3o realiza o Semin\u00e1rio de Qualica\u00e7\u00e3o do Servidor P\u00fablico Municipal, debatendo temas ligados ao cotidiano dos servidores.<\/p>\n<\/div>\n<\/div>\n\n\n\n<p>Entre suas bandeiras de luta est\u00e3o \u00e0 constru\u00e7\u00e3o da unidade dos municip\u00e1rios para a defesa dos planos de carreira, a valoriza\u00e7\u00e3o do sal\u00e1rio m\u00ednimo e a garantia de uma pol\u00edtica de recupera\u00e7\u00e3o do poder de compra e da perspectiva de ganho real para os trabalhadores. <\/p>\n\n\n\n<div class=\"wp-block-columns is-layout-flex wp-container-core-columns-is-layout-28f84493 wp-block-columns-is-layout-flex\">\n<div class=\"wp-block-column is-layout-flow wp-block-column-is-layout-flow\">\n<div style=\"height:36px\" aria-hidden=\"true\" class=\"wp-block-spacer\"><\/div>\n\n\n\n<h3 class=\"wp-block-heading has-text-align-center\">Estrutura<\/h3>\n\n\n\n<p class=\"has-text-align-center\">A Federa\u00e7\u00e3o mant\u00e9m 24 Coordenadorias Regionais. Representada por um Presidente, um Vice e um Secret\u00e1rio Geral, a FEMERGS organiza-se em secretarias espec\u00edcas: Finan\u00e7as, Forma\u00e7\u00e3o, Imprensa e Comunica\u00e7\u00e3o, Equidade, Assuntos Jur\u00eddicos, Sa\u00fade e Seguran\u00e7a do Trabalho, Organiza\u00e7\u00e3o e Pol\u00edtica Sindical, Assuntos Previdenci\u00e1rios e Planejamento e Projetos. <\/p>\n<\/div>\n\n\n\n<div class=\"wp-block-column is-layout-flow wp-block-column-is-layout-flow\">\n<div style=\"height:29px\" aria-hidden=\"true\" class=\"wp-block-spacer\"><\/div>\n\n\n\n<h3 class=\"wp-block-heading has-text-align-center\">Sede<\/h3>\n\n\n\n<p class=\"has-text-align-center\">A sede pr\u00f3pria da FEMERGS, instalada no centro de Porto Alegre, qualica o trabalho desenvolvido pela Federa\u00e7\u00e3o. O espa\u00e7o possui local espec\u00edco para pequenos semin\u00e1rios, reuni\u00f5es de coordenadores regionais e atividades de forma\u00e7\u00e3o. Ao mesmo tempo, a Federa\u00e7\u00e3o mant\u00e9m a sede hist\u00f3rica, em Santo \u00c2ngelo, com sala de reuni\u00f5es, espa\u00e7o para atividades de forma\u00e7\u00e3o, escrit\u00f3rio, sala da presid\u00eancia e alojamento para uso da dire\u00e7\u00e3o.<\/p>\n<\/div>\n<\/div>\n\n\n\n<div style=\"height:34px\" aria-hidden=\"true\" class=\"wp-block-spacer\"><\/div>\n\n\n\n<div class=\"wp-block-group about-sec wow fadeInUp has-second-bg-background-color has-background has-global-padding is-layout-constrained wp-container-core-group-is-layout-873a8717 wp-block-group-is-layout-constrained\" style=\"padding-right:0px;padding-left:0px;font-size:14px\">\n<h3 class=\"wp-block-heading has-text-align-center\" id=\"historia\" style=\"font-size:28px;font-style:normal;font-weight:700;line-height:1.1;text-transform:capitalize\">Movimento FEMERGS<\/h3>\n\n\n\n<hr class=\"wp-block-separator has-alpha-channel-opacity has-ternary-to-primary-gradient-background has-background is-style-default\" style=\"margin-top:var(--wp--preset--spacing--20);margin-bottom:var(--wp--preset--spacing--20)\" \/>\n\n\n\n<hr class=\"wp-block-separator has-alpha-channel-opacity has-ternary-to-primary-gradient-background has-background is-style-default-2\" style=\"margin-top:0;margin-bottom:0\" \/>\n\n\n\n<div class=\"wp-block-columns are-vertically-aligned-center about-cols is-layout-flex wp-container-core-columns-is-layout-28f84493 wp-block-columns-is-layout-flex\">\n<div class=\"wp-block-column is-vertically-aligned-center about-text-box is-layout-flow wp-block-column-is-layout-flow\">\n<p class=\"has-text-align-right\" style=\"font-size:16px\">Com a promulga\u00e7\u00e3o da Constitui\u00e7\u00e3o de 1988, foi garantido o direito da organiza\u00e7\u00e3o sindical para os trabalhadores do setor p\u00fablico. No Rio Grande do Sul, iniciou-se a funda\u00e7\u00e3o de entidades sindicais dos municip\u00e1rios, o que despertou a necessidade de uma organiza\u00e7\u00e3o da classe com representa\u00e7\u00e3o estadual dos sindicatos. A realiza\u00e7\u00e3o, em 13 de agosto de 1993, do I Congresso dos Municip\u00e1rios do RS resultou na cria\u00e7\u00e3o da Federa\u00e7\u00e3o dos Municip\u00e1rios do Estado do Rio Grande do Sul \u2013 FEMERGS. Neste mesmo dia, foi eleita e empossada sua primeira diretoria.<\/p>\n<\/div>\n\n\n\n<div class=\"wp-block-column is-vertically-aligned-center is-layout-flow wp-block-column-is-layout-flow\">\n<div class=\"wp-block-group about-img-box-inner is-layout-flow wp-block-group-is-layout-flow\" style=\"padding-right:50px\">\n<figure class=\"wp-block-image size-full is-resized has-custom-border\"><img decoding=\"async\" src=\"data:image\/gif;base64,R0lGODlhAQABAIAAAAAAAP\/\/\/ywAAAAAAQABAAACAUwAOw==\" fifu-lazy=\"1\" fifu-data-sizes=\"auto\" fifu-data-srcset=\"https:\/\/i3.wp.com\/femergs.com.br\/wfe\/wp-content\/uploads\/2025\/06\/logotipo.png?ssl=1&w=75&resize=75&ssl=1 75w, https:\/\/i3.wp.com\/femergs.com.br\/wfe\/wp-content\/uploads\/2025\/06\/logotipo.png?ssl=1&w=100&resize=100&ssl=1 100w, https:\/\/i3.wp.com\/femergs.com.br\/wfe\/wp-content\/uploads\/2025\/06\/logotipo.png?ssl=1&w=150&resize=150&ssl=1 150w, https:\/\/i3.wp.com\/femergs.com.br\/wfe\/wp-content\/uploads\/2025\/06\/logotipo.png?ssl=1&w=240&resize=240&ssl=1 240w, https:\/\/i3.wp.com\/femergs.com.br\/wfe\/wp-content\/uploads\/2025\/06\/logotipo.png?ssl=1&w=320&resize=320&ssl=1 320w, https:\/\/i3.wp.com\/femergs.com.br\/wfe\/wp-content\/uploads\/2025\/06\/logotipo.png?ssl=1&w=500&resize=500&ssl=1 500w, https:\/\/i3.wp.com\/femergs.com.br\/wfe\/wp-content\/uploads\/2025\/06\/logotipo.png?ssl=1&w=640&resize=640&ssl=1 640w, https:\/\/i3.wp.com\/femergs.com.br\/wfe\/wp-content\/uploads\/2025\/06\/logotipo.png?ssl=1&w=800&resize=800&ssl=1 800w, https:\/\/i3.wp.com\/femergs.com.br\/wfe\/wp-content\/uploads\/2025\/06\/logotipo.png?ssl=1&w=1024&resize=1024&ssl=1 1024w, https:\/\/i3.wp.com\/femergs.com.br\/wfe\/wp-content\/uploads\/2025\/06\/logotipo.png?ssl=1&w=1280&resize=1280&ssl=1 1280w, https:\/\/i3.wp.com\/femergs.com.br\/wfe\/wp-content\/uploads\/2025\/06\/logotipo.png?ssl=1&w=1600&resize=1600&ssl=1 1600w\" fifu-data-src=\"https:\/\/i3.wp.com\/femergs.com.br\/wfe\/wp-content\/uploads\/2025\/06\/logotipo.png?ssl=1\" alt=\"\" class=\"has-border-color has-secondary-border-color wp-image-7\" style=\"border-width:1px;border-radius:10px;width:264px;height:auto\" \/><\/figure>\n\n\n\n<div class=\"wp-block-group abt-exp-box has-border-color has-secondary-border-color has-primary-background-color has-background is-layout-flow wp-block-group-is-layout-flow\" style=\"border-width:1px;border-radius:10px;margin-top:0;margin-bottom:0;padding-top:var(--wp--preset--spacing--30);padding-right:var(--wp--preset--spacing--40);padding-bottom:var(--wp--preset--spacing--30);padding-left:var(--wp--preset--spacing--40)\">\n<p class=\"has-text-align-center has-white-color has-text-color has-link-color wp-elements-08bf3ee97b1b72f8e1d7d1049da6fbd9\" style=\"margin-top:0;margin-bottom:0;font-size:24px;font-style:normal;font-weight:600\">32 anos <br>de hist\u00f3ria.<\/p>\n<\/div>\n<\/div>\n<\/div>\n<\/div>\n\n\n\n<div style=\"height:24px\" aria-hidden=\"true\" class=\"wp-block-spacer\"><\/div>\n<\/div>\n\n\n\n<div class=\"wp-block-cp-timeline-content-timeline-block Cool-Content-Timeline\"><div class=\"cool-timeline-block-fafacb35-97ca-4261-9537-b774626c3c1a\"><div class=\"cool-vertical-timeline-body ctlb-wrapper both-sided left\"><div class=\"cool-timeline-block-list\">\n<div class=\"wp-block-cp-timeline-content-timeline-block-child swiper-slide\"><div class=\"timeline-content icon-false \"><div class=\"timeline-block-timeline ctl-row  position-right\"><div class=\"ctl-6 timeline-block-time\"><div class=\"story-time\"><p><strong>2009<\/strong><\/p><\/div><\/div><div class=\"timeline-block-icon\"><svg fill=\"currentColor\" viewBox=\"0 0 512 512\" xmlns=\"http:\/\/www.w3.org\/2000\/svg\"><path d=\"M256 8C119 8 8 119 8 256s111 248 248 248 248-111 248-248S393 8 256 8z\"><\/path><\/svg><\/div><div class=\"ctl-6 timeline-block-detail\"><div class=\"story-details\"><div class=\"story-content\">\n<p class=\"ctlb-block-title\">Em fevereiro de 2009, a Federa\u00e7\u00e3o oficializou a sua lia\u00e7\u00e3o ao Departamento Intersindical de Estat\u00edstica e Estudos S\u00f3cio Econ\u00f4micos (Dieese). <br><em>*** Nos dias 25 e 26 de julho foi realizado o V Congresso da FEMERGS, com a elei\u00e7\u00e3o de sua quinta l diretoria. Foram criadas as secretarias de Sa\u00fade e Seguran\u00e7a do Trabalhador, de Assuntos Jur\u00eddicos, de Organiza\u00e7\u00e3o e Pol\u00edtica Sindical e de Planejamento e Projetos.<\/em><\/p>\n<\/div><\/div><\/div><\/div><\/div><\/div>\n\n\n\n<div class=\"wp-block-cp-timeline-content-timeline-block-child swiper-slide\"><div class=\"timeline-content icon-false \"><div class=\"timeline-block-timeline ctl-row  position-left\"><div class=\"ctl-6 timeline-block-time\"><div class=\"story-time\"><p><strong>2006<\/strong><\/p><\/div><\/div><div class=\"timeline-block-icon\"><svg fill=\"currentColor\" viewBox=\"0 0 512 512\" xmlns=\"http:\/\/www.w3.org\/2000\/svg\"><path d=\"M256 8C119 8 8 119 8 256s111 248 248 248 248-111 248-248S393 8 256 8z\"><\/path><\/svg><\/div><div class=\"ctl-6 timeline-block-detail\"><div class=\"story-details\"><div class=\"story-content\">\n<p class=\"ctlb-block-desc\" style=\"padding-top:0px;padding-right:0px;padding-bottom:0px;padding-left:0px\">Nos dias 3 e 4 de junho, durante o IV Congresso da FEMERGS, em Santo \u00c2ngelo, foi eleita a quarta dire\u00e7\u00e3o da Federa\u00e7\u00e3o, com a cria\u00e7\u00e3o das secretarias de Forma\u00e7\u00e3o, Equidade e Previd\u00eancia. <br><strong>Dire\u00e7\u00e3o Executiva:<\/strong> Presidente \u2013 Leive Maria Dallarosa ; Vice-presidente \u2013 Alci In\u00e1cio Klein ; Secret\u00e1rio Geral \u2013 Cleber Monson de Castro ; Secret\u00e1rio de Finan\u00e7as \u2013 Valdecir Sost Bobato; Vice-Secret\u00e1rio de Finan\u00e7as \u2013 Eldo<br>Ign\u00e1cio Gruniszky ; Secret\u00e1rio de Forma\u00e7\u00e3o \u2013 Vilson Jos\u00e9 Weber; Secret\u00e1ria de Equidade \u2013 Clenir Teresinha Rodrigues; Secret\u00e1rio de Previd\u00eancia \u2013 Marcio Nunes Ferreira. <br><strong>Suplentes da Dire\u00e7\u00e3o Executiva:<\/strong> S\u00e9rgio Jo\u00e3o Roessler, Arlindo Dornelles de Oliveira, Leonardo Rodrigues Echevarria, Jo\u00e3o Carlos da Silveira, Marcos Levi Poersc de Souza. Conselho Fiscal: Hil\u00e1rio Val\u00e9rio Kuligowski, Olmiro Parolin e Silberto Mauer.<\/p>\n\n\n\n<p class=\"ctlb-block-desc\" style=\"padding-top:0px;padding-right:0px;padding-bottom:0px;padding-left:0px\"><\/p>\n<\/div><\/div><\/div><\/div><\/div><\/div>\n\n\n\n<div class=\"wp-block-cp-timeline-content-timeline-block-child swiper-slide\"><div class=\"timeline-content icon-false \"><div class=\"timeline-block-timeline ctl-row  position-right\"><div class=\"ctl-6 timeline-block-time\"><div class=\"story-time\"><p><strong>2005<\/strong><\/p><\/div><\/div><div class=\"timeline-block-icon\"><svg fill=\"currentColor\" viewBox=\"0 0 512 512\" xmlns=\"http:\/\/www.w3.org\/2000\/svg\"><path d=\"M256 8C119 8 8 119 8 256s111 248 248 248 248-111 248-248S393 8 256 8z\"><\/path><\/svg><\/div><div class=\"ctl-6 timeline-block-detail\"><div class=\"story-details\"><div class=\"story-content\">\n<p class=\"ctlb-block-title\">Em mar\u00e7o a FEMERGS realiza o 1\u00ba Semin\u00e1rio de Qualica\u00e7\u00e3o do Servidor P\u00fablico Municipal, em Porto Alegre, e, em julho, a 1\u00aa Plen\u00e1ria Estatut\u00e1ria da FEMERGS, no munic\u00edpio de Santo \u00c2ngelo.<\/p>\n\n\n\n<p class=\"ctlb-block-title\"><\/p>\n<\/div><\/div><\/div><\/div><\/div><\/div>\n\n\n\n<div class=\"wp-block-cp-timeline-content-timeline-block-child swiper-slide\"><div class=\"timeline-content icon-false \"><div class=\"timeline-block-timeline ctl-row  position-left\"><div class=\"ctl-6 timeline-block-time\"><div class=\"story-time\"><p><strong>2003<\/strong><\/p><\/div><\/div><div class=\"timeline-block-icon\"><svg fill=\"currentColor\" viewBox=\"0 0 512 512\" xmlns=\"http:\/\/www.w3.org\/2000\/svg\"><path d=\"M256 8C119 8 8 119 8 256s111 248 248 248 248-111 248-248S393 8 256 8z\"><\/path><\/svg><\/div><div class=\"ctl-6 timeline-block-detail\"><div class=\"story-details\"><div class=\"story-content\">\n<h3 class=\"wp-block-heading ctlb-block-title\" style=\"padding-top:0px;padding-right:0px;padding-bottom:0px;padding-left:0px\"><\/h3>\n\n\n\n<p class=\"ctlb-block-desc\" style=\"padding-top:0px;padding-right:0px;padding-bottom:0px;padding-left:0px\">Realiza\u00e7\u00e3o do II Congresso da FEMERGS, com a aprova\u00e7\u00e3o do Plano de Lutas para o tri\u00eanio e a elei\u00e7\u00e3o da terceira gest\u00e3o da Federa\u00e7\u00e3o.<\/p>\n\n\n\n<p class=\"ctlb-block-desc\" style=\"padding-top:0px;padding-right:0px;padding-bottom:0px;padding-left:0px\"><\/p>\n<\/div><\/div><\/div><\/div><\/div><\/div>\n\n\n\n<div class=\"wp-block-cp-timeline-content-timeline-block-child swiper-slide\"><div class=\"timeline-content icon-false \"><div class=\"timeline-block-timeline ctl-row  position-right\"><div class=\"ctl-6 timeline-block-time\"><div class=\"story-time\"><p>2002<\/p><\/div><\/div><div class=\"timeline-block-icon\"><svg fill=\"currentColor\" viewBox=\"0 0 512 512\" xmlns=\"http:\/\/www.w3.org\/2000\/svg\"><path d=\"M256 8C119 8 8 119 8 256s111 248 248 248 248-111 248-248S393 8 256 8z\"><\/path><\/svg><\/div><div class=\"ctl-6 timeline-block-detail\"><div class=\"story-details\"><div class=\"story-content\">\n<h3 class=\"wp-block-heading ctlb-block-title\" style=\"padding-top:0px;padding-right:0px;padding-bottom:0px;padding-left:0px\">A FEMERGS liou-se \u00e0 ISP Brasil.<\/h3>\n\n\n\n<p class=\"ctlb-block-desc\" style=\"padding-top:0px;padding-right:0px;padding-bottom:0px;padding-left:0px\"><\/p>\n<\/div><\/div><\/div><\/div><\/div><\/div>\n\n\n\n<div class=\"wp-block-cp-timeline-content-timeline-block-child swiper-slide\"><div class=\"timeline-content icon-false \"><div class=\"timeline-block-timeline ctl-row  position-left\"><div class=\"ctl-6 timeline-block-time\"><div class=\"story-time\"><p><strong>2000<\/strong><\/p><\/div><\/div><div class=\"timeline-block-icon\"><svg fill=\"currentColor\" viewBox=\"0 0 512 512\" xmlns=\"http:\/\/www.w3.org\/2000\/svg\"><path d=\"M256 8C119 8 8 119 8 256s111 248 248 248 248-111 248-248S393 8 256 8z\"><\/path><\/svg><\/div><div class=\"ctl-6 timeline-block-detail\"><div class=\"story-details\"><div class=\"story-content\">\n<h3 class=\"wp-block-heading ctlb-block-title\" style=\"padding-top:0px;padding-right:0px;padding-bottom:0px;padding-left:0px\"><\/h3>\n\n\n\n<p class=\"ctlb-block-desc\" style=\"padding-top:0px;padding-right:0px;padding-bottom:0px;padding-left:0px\">No dia 29 de maio foi realizado o II Congresso da FEMERGS, com a participa\u00e7\u00e3o de representantes de 23 sindicatos de municip\u00e1rios de todo o Estado. Neste dia, foi eleita e empossa uma nova gest\u00e3o para conduzir a Federa\u00e7\u00e3o, com a elei\u00e7\u00e3o de Alci Klein, como presidente e Vilson Jo\u00e3o Weber, como vice-presidente. <br><strong>*** Tamb\u00e9m no dia 29 de maio, os delegados presentes ao II Congresso aprovaram a filia\u00e7\u00e3o da FEMERGS \u00e0 CUT.<\/strong><br> *** No II Congresso foram eleitos os delegados para representar o RS na funda\u00e7\u00e3o da Confedera\u00e7\u00e3o dos Trabalhadores no Servi\u00e7o P\u00fablico Municipal (CONFETAM). A delega\u00e7\u00e3o foi de \u00f4nibus at\u00e9 Bras\u00edlia e, no dia 18 de junho, participou do I Congresso da Confetam, marco da cria\u00e7\u00e3o da entidade, com a elei\u00e7\u00e3o da primeira dire\u00e7\u00e3o nacional da Confedera\u00e7\u00e3o.<\/p>\n\n\n\n<p class=\"ctlb-block-desc\" style=\"padding-top:0px;padding-right:0px;padding-bottom:0px;padding-left:0px\"><\/p>\n<\/div><\/div><\/div><\/div><\/div><\/div>\n\n\n\n<div class=\"wp-block-cp-timeline-content-timeline-block-child swiper-slide\"><div class=\"timeline-content icon-false \"><div class=\"timeline-block-timeline ctl-row  position-right\"><div class=\"ctl-6 timeline-block-time\"><div class=\"story-time\"><p><strong>1999<\/strong><\/p><\/div><\/div><div class=\"timeline-block-icon\"><svg fill=\"currentColor\" viewBox=\"0 0 512 512\" xmlns=\"http:\/\/www.w3.org\/2000\/svg\"><path d=\"M256 8C119 8 8 119 8 256s111 248 248 248 248-111 248-248S393 8 256 8z\"><\/path><\/svg><\/div><div class=\"ctl-6 timeline-block-detail\"><div class=\"story-details\"><div class=\"story-content\">\n<h3 class=\"wp-block-heading ctlb-block-title\" style=\"padding-top:0px;padding-right:0px;padding-bottom:0px;padding-left:0px\"><\/h3>\n\n\n\n<p class=\"ctlb-block-desc\" style=\"padding-top:0px;padding-right:0px;padding-bottom:0px;padding-left:0px\">Em 22 de fevereiro durante o Semin\u00e1rio Regional dos Municip\u00e1rios, organizado pelo Sindicato dos Municip\u00e1rios de S\u00e3o Pedro d Buti\u00e1, foi formada uma comiss\u00e3o com o objetivo de reorganizar a estrutura da FEMERGS, constitu\u00edda pelos sindicatos de S\u00e3o Pedro do Buti\u00e1, Santo Cristo, Santo Ant\u00f4nio das Miss\u00f5es e Guarani das Miss\u00f5es. O movimento desencadeou a realiza\u00e7\u00e3o de v\u00e1rios semin\u00e1rios em<br>toda a regi\u00e3o. <br>*** Em setembro de 1999 um representante da comiss\u00e3o, Alci Klein, participou de um Semin\u00e1rio Nacional de Forma\u00e7\u00e3o Sindical, na Escola Sul, em Florian\u00f3polis (SC), promovido pela Internacional do Servi\u00e7o P\u00fablico (ISP Brasil) junto com a Central \u00danica dos Trabalhadores (CUT), para dirigentes sindicais de v\u00e1rios estados, com o objetivo de forticar as federa\u00e7\u00f5es e criar uma confedera\u00e7\u00e3o dos municip\u00e1rios.<\/p>\n\n\n\n<p class=\"ctlb-block-desc\" style=\"padding-top:0px;padding-right:0px;padding-bottom:0px;padding-left:0px\"><\/p>\n<\/div><\/div><\/div><\/div><\/div><\/div>\n\n\n\n<div class=\"wp-block-cp-timeline-content-timeline-block-child swiper-slide\"><div class=\"timeline-content icon-false \"><div class=\"timeline-block-timeline ctl-row  position-left\"><div class=\"ctl-6 timeline-block-time\"><div class=\"story-time\"><p><strong>1993<\/strong><\/p><\/div><\/div><div class=\"timeline-block-icon\"><svg fill=\"currentColor\" viewBox=\"0 0 512 512\" xmlns=\"http:\/\/www.w3.org\/2000\/svg\"><path d=\"M256 8C119 8 8 119 8 256s111 248 248 248 248-111 248-248S393 8 256 8z\"><\/path><\/svg><\/div><div class=\"ctl-6 timeline-block-detail\"><div class=\"story-details\"><div class=\"story-content\">\n<h3 class=\"wp-block-heading ctlb-block-title\" style=\"padding-top:0px;padding-right:0px;padding-bottom:0px;padding-left:0px\"><\/h3>\n\n\n\n<p class=\"ctlb-block-desc\" style=\"padding-top:0px;padding-right:0px;padding-bottom:0px;padding-left:0px\">Em 13 de agosto, cria\u00e7\u00e3o da FEMERGS, com elei\u00e7\u00e3o e posse da primeira diretoria. &gt;1994 \u2013 Obten\u00e7\u00e3o do registro da Federa\u00e7\u00e3o junto ao Minist\u00e9rio do Trabalho e Emprego.<\/p>\n\n\n\n<p class=\"ctlb-block-desc\" style=\"padding-top:0px;padding-right:0px;padding-bottom:0px;padding-left:0px\"><\/p>\n<\/div><\/div><\/div><\/div><\/div><\/div>\n<\/div><\/div><\/div><\/div>\n","protected":false},"excerpt":{"rendered":"<p>A Federa\u00e7\u00e3o dos Municip\u00e1rios do Estado do Rio Grande do Sul \u2013 FEMERGS atua para o fortalecimento das organiza\u00e7\u00f5es sindicais e na defesa de melhores condi\u00e7\u00f5es de trabalho para os servidores p\u00fablicos municipais, atrav\u00e9s do debate permanente com os sindicatos, fornecendo subs\u00eddios que insiram, no contexto municipal, as conquistas alcan\u00e7adas pelos trabalhadores p\u00fablicos. As conquistas [&hellip;]<\/p>\n","protected":false},"author":1,"featured_media":1659,"parent":0,"menu_order":0,"comment_status":"closed","ping_status":"closed","template":"","meta":{"_eb_attr":"","_uag_custom_page_level_css":"","footnotes":""},"class_list":["post-63","page","type-page","status-publish","has-post-thumbnail","hentry"],"yoast_head":"<!-- This site is optimized with the Yoast SEO plugin v27.1.1 - https:\/\/yoast.com\/product\/yoast-seo-wordpress\/ -->\n<title>A FEDERA\u00c7\u00c3O - Federa\u00e7\u00e3o dos Municip\u00e1rios do Estado do Rio Grande do Sul<\/title>\n<meta name=\"robots\" content=\"index, follow, max-snippet:-1, max-image-preview:large, max-video-preview:-1\" \/>\n<link rel=\"canonical\" href=\"https:\/\/femergs.com.br\/wfe\/a-federacao\/\" \/>\n<meta property=\"og:locale\" content=\"pt_BR\" \/>\n<meta property=\"og:type\" content=\"article\" \/>\n<meta property=\"og:title\" content=\"A FEDERA\u00c7\u00c3O - Federa\u00e7\u00e3o dos Municip\u00e1rios do Estado do Rio Grande do Sul\" \/>\n<meta property=\"og:description\" content=\"A Federa\u00e7\u00e3o dos Municip\u00e1rios do Estado do Rio Grande do Sul \u2013 FEMERGS atua para o fortalecimento das organiza\u00e7\u00f5es sindicais e na defesa de melhores condi\u00e7\u00f5es de trabalho para os servidores p\u00fablicos municipais, atrav\u00e9s do debate permanente com os sindicatos, fornecendo subs\u00eddios que insiram, no contexto municipal, as conquistas alcan\u00e7adas pelos trabalhadores p\u00fablicos. As conquistas [&hellip;]\" \/>\n<meta property=\"og:url\" content=\"https:\/\/femergs.com.br\/wfe\/a-federacao\/\" \/>\n<meta property=\"og:site_name\" content=\"Federa\u00e7\u00e3o dos Municip\u00e1rios do Estado do Rio Grande do Sul\" \/>\n<meta property=\"article:publisher\" content=\"https:\/\/www.facebook.com\/profile.php?id=100057151733001\" \/>\n<meta property=\"article:modified_time\" content=\"2026-02-27T16:21:02+00:00\" \/>\n<meta property=\"og:image\" content=\"https:\/\/femergs.com.br\/wfe\/wp-content\/uploads\/2025\/08\/csb-logoverde-1.webp\" \/><meta property=\"og:image\" content=\"https:\/\/femergs.com.br\/wfe\/wp-content\/uploads\/2025\/08\/csb-logoverde-1.webp\" \/>\n\t<meta property=\"og:image:width\" content=\"788\" \/>\n\t<meta property=\"og:image:height\" content=\"397\" \/>\n\t<meta property=\"og:image:type\" content=\"image\/jpeg\" \/>\n<meta name=\"twitter:card\" content=\"summary_large_image\" \/>\n<meta name=\"twitter:image\" content=\"https:\/\/femergs.com.br\/wfe\/wp-content\/uploads\/2025\/08\/csb-logoverde-1.webp\" \/>\n<meta name=\"twitter:label1\" content=\"Est. tempo de leitura\" \/>\n\t<meta name=\"twitter:data1\" content=\"7 minutos\" \/>\n<script type=\"application\/ld+json\" class=\"yoast-schema-graph\">{\"@context\":\"https:\/\/schema.org\",\"@graph\":[{\"@type\":\"WebPage\",\"@id\":\"https:\/\/femergs.com.br\/wfe\/a-federacao\/\",\"url\":\"https:\/\/femergs.com.br\/wfe\/a-federacao\/\",\"name\":\"A FEDERA\u00c7\u00c3O - Federa\u00e7\u00e3o dos Municip\u00e1rios do Estado do Rio Grande do Sul\",\"isPartOf\":{\"@id\":\"https:\/\/femergs.com.br\/wfe\/#website\"},\"primaryImageOfPage\":{\"@id\":\"https:\/\/femergs.com.br\/wfe\/a-federacao\/#primaryimage\"},\"image\":{\"@id\":\"https:\/\/femergs.com.br\/wfe\/a-federacao\/#primaryimage\"},\"thumbnailUrl\":\"https:\/\/i3.wp.com\/femergs.com.br\/wfe\/wp-content\/uploads\/2025\/08\/csb-logoverde-1.webp?w=788&resize=788,397&ssl=1\",\"datePublished\":\"2025-06-26T18:36:26+00:00\",\"dateModified\":\"2026-02-27T16:21:02+00:00\",\"breadcrumb\":{\"@id\":\"https:\/\/femergs.com.br\/wfe\/a-federacao\/#breadcrumb\"},\"inLanguage\":\"pt-BR\",\"potentialAction\":[{\"@type\":\"ReadAction\",\"target\":[\"https:\/\/femergs.com.br\/wfe\/a-federacao\/\"]}]},{\"@type\":\"ImageObject\",\"inLanguage\":\"pt-BR\",\"@id\":\"https:\/\/femergs.com.br\/wfe\/a-federacao\/#primaryimage\",\"url\":\"https:\/\/i3.wp.com\/femergs.com.br\/wfe\/wp-content\/uploads\/2025\/08\/csb-logoverde-1.webp?w=788&resize=788,397&ssl=1\",\"contentUrl\":\"https:\/\/i3.wp.com\/femergs.com.br\/wfe\/wp-content\/uploads\/2025\/08\/csb-logoverde-1.webp?w=788&resize=788,397&ssl=1\",\"width\":\"788\",\"height\":\"397\"},{\"@type\":\"BreadcrumbList\",\"@id\":\"https:\/\/femergs.com.br\/wfe\/a-federacao\/#breadcrumb\",\"itemListElement\":[{\"@type\":\"ListItem\",\"position\":1,\"name\":\"In\u00edcio\",\"item\":\"https:\/\/femergs.com.br\/wfe\/\"},{\"@type\":\"ListItem\",\"position\":2,\"name\":\"A FEDERA\u00c7\u00c3O\"}]},{\"@type\":\"WebSite\",\"@id\":\"https:\/\/femergs.com.br\/wfe\/#website\",\"url\":\"https:\/\/femergs.com.br\/wfe\/\",\"name\":\"FEMERGS\",\"description\":\"FEDERA\u00c7\u00c3O DOS MUNICIP\u00c1RIOS DO ESTADO DO RIO GRANDE DO SUL\",\"publisher\":{\"@id\":\"https:\/\/femergs.com.br\/wfe\/#organization\"},\"potentialAction\":[{\"@type\":\"SearchAction\",\"target\":{\"@type\":\"EntryPoint\",\"urlTemplate\":\"https:\/\/femergs.com.br\/wfe\/?s={search_term_string}\"},\"query-input\":{\"@type\":\"PropertyValueSpecification\",\"valueRequired\":true,\"valueName\":\"search_term_string\"}}],\"inLanguage\":\"pt-BR\"},{\"@type\":\"Organization\",\"@id\":\"https:\/\/femergs.com.br\/wfe\/#organization\",\"name\":\"FEMERGS\",\"url\":\"https:\/\/femergs.com.br\/wfe\/\",\"logo\":{\"@type\":\"ImageObject\",\"inLanguage\":\"pt-BR\",\"@id\":\"https:\/\/femergs.com.br\/wfe\/#\/schema\/logo\/image\/\",\"url\":\"https:\/\/femergs.com.br\/wfe\/wp-content\/uploads\/2025\/06\/logotipo.png\",\"contentUrl\":\"https:\/\/femergs.com.br\/wfe\/wp-content\/uploads\/2025\/06\/logotipo.png\",\"width\":500,\"height\":500,\"caption\":\"FEMERGS\"},\"image\":{\"@id\":\"https:\/\/femergs.com.br\/wfe\/#\/schema\/logo\/image\/\"},\"sameAs\":[\"https:\/\/www.facebook.com\/profile.php?id=100057151733001\",\"https:\/\/www.instagram.com\/femergs_rs\/\"]}]}<\/script>\n<!-- \/ Yoast SEO plugin. -->","yoast_head_json":{"title":"A FEDERA\u00c7\u00c3O - Federa\u00e7\u00e3o dos Municip\u00e1rios do Estado do Rio Grande do Sul","robots":{"index":"index","follow":"follow","max-snippet":"max-snippet:-1","max-image-preview":"max-image-preview:large","max-video-preview":"max-video-preview:-1"},"canonical":"https:\/\/femergs.com.br\/wfe\/a-federacao\/","og_locale":"pt_BR","og_type":"article","og_title":"A FEDERA\u00c7\u00c3O - Federa\u00e7\u00e3o dos Municip\u00e1rios do Estado do Rio Grande do Sul","og_description":"A Federa\u00e7\u00e3o dos Municip\u00e1rios do Estado do Rio Grande do Sul \u2013 FEMERGS atua para o fortalecimento das organiza\u00e7\u00f5es sindicais e na defesa de melhores condi\u00e7\u00f5es de trabalho para os servidores p\u00fablicos municipais, atrav\u00e9s do debate permanente com os sindicatos, fornecendo subs\u00eddios que insiram, no contexto municipal, as conquistas alcan\u00e7adas pelos trabalhadores p\u00fablicos. As conquistas [&hellip;]","og_url":"https:\/\/femergs.com.br\/wfe\/a-federacao\/","og_site_name":"Federa\u00e7\u00e3o dos Municip\u00e1rios do Estado do Rio Grande do Sul","article_publisher":"https:\/\/www.facebook.com\/profile.php?id=100057151733001","article_modified_time":"2026-02-27T16:21:02+00:00","og_image":[{"url":"https:\/\/femergs.com.br\/wfe\/wp-content\/uploads\/2025\/08\/csb-logoverde-1.webp","type":"","width":"","height":""},{"width":788,"height":397,"url":"https:\/\/femergs.com.br\/wfe\/wp-content\/uploads\/2025\/08\/csb-logoverde-1.webp","type":"image\/jpeg"}],"twitter_card":"summary_large_image","twitter_image":"https:\/\/femergs.com.br\/wfe\/wp-content\/uploads\/2025\/08\/csb-logoverde-1.webp","twitter_misc":{"Est. tempo de leitura":"7 minutos"},"schema":{"@context":"https:\/\/schema.org","@graph":[{"@type":"WebPage","@id":"https:\/\/femergs.com.br\/wfe\/a-federacao\/","url":"https:\/\/femergs.com.br\/wfe\/a-federacao\/","name":"A FEDERA\u00c7\u00c3O - Federa\u00e7\u00e3o dos Municip\u00e1rios do Estado do Rio Grande do Sul","isPartOf":{"@id":"https:\/\/femergs.com.br\/wfe\/#website"},"primaryImageOfPage":{"@id":"https:\/\/femergs.com.br\/wfe\/a-federacao\/#primaryimage"},"image":{"@id":"https:\/\/femergs.com.br\/wfe\/a-federacao\/#primaryimage"},"thumbnailUrl":"https:\/\/i3.wp.com\/femergs.com.br\/wfe\/wp-content\/uploads\/2025\/08\/csb-logoverde-1.webp?w=788&resize=788,397&ssl=1","datePublished":"2025-06-26T18:36:26+00:00","dateModified":"2026-02-27T16:21:02+00:00","breadcrumb":{"@id":"https:\/\/femergs.com.br\/wfe\/a-federacao\/#breadcrumb"},"inLanguage":"pt-BR","potentialAction":[{"@type":"ReadAction","target":["https:\/\/femergs.com.br\/wfe\/a-federacao\/"]}]},{"@type":"ImageObject","inLanguage":"pt-BR","@id":"https:\/\/femergs.com.br\/wfe\/a-federacao\/#primaryimage","url":"https:\/\/i3.wp.com\/femergs.com.br\/wfe\/wp-content\/uploads\/2025\/08\/csb-logoverde-1.webp?w=788&resize=788,397&ssl=1","contentUrl":"https:\/\/i3.wp.com\/femergs.com.br\/wfe\/wp-content\/uploads\/2025\/08\/csb-logoverde-1.webp?w=788&resize=788,397&ssl=1","width":"788","height":"397"},{"@type":"BreadcrumbList","@id":"https:\/\/femergs.com.br\/wfe\/a-federacao\/#breadcrumb","itemListElement":[{"@type":"ListItem","position":1,"name":"In\u00edcio","item":"https:\/\/femergs.com.br\/wfe\/"},{"@type":"ListItem","position":2,"name":"A FEDERA\u00c7\u00c3O"}]},{"@type":"WebSite","@id":"https:\/\/femergs.com.br\/wfe\/#website","url":"https:\/\/femergs.com.br\/wfe\/","name":"FEMERGS","description":"FEDERA\u00c7\u00c3O DOS MUNICIP\u00c1RIOS DO ESTADO DO RIO GRANDE DO SUL","publisher":{"@id":"https:\/\/femergs.com.br\/wfe\/#organization"},"potentialAction":[{"@type":"SearchAction","target":{"@type":"EntryPoint","urlTemplate":"https:\/\/femergs.com.br\/wfe\/?s={search_term_string}"},"query-input":{"@type":"PropertyValueSpecification","valueRequired":true,"valueName":"search_term_string"}}],"inLanguage":"pt-BR"},{"@type":"Organization","@id":"https:\/\/femergs.com.br\/wfe\/#organization","name":"FEMERGS","url":"https:\/\/femergs.com.br\/wfe\/","logo":{"@type":"ImageObject","inLanguage":"pt-BR","@id":"https:\/\/femergs.com.br\/wfe\/#\/schema\/logo\/image\/","url":"https:\/\/femergs.com.br\/wfe\/wp-content\/uploads\/2025\/06\/logotipo.png","contentUrl":"https:\/\/femergs.com.br\/wfe\/wp-content\/uploads\/2025\/06\/logotipo.png","width":500,"height":500,"caption":"FEMERGS"},"image":{"@id":"https:\/\/femergs.com.br\/wfe\/#\/schema\/logo\/image\/"},"sameAs":["https:\/\/www.facebook.com\/profile.php?id=100057151733001","https:\/\/www.instagram.com\/femergs_rs\/"]}]}},"uagb_featured_image_src":{"full":["https:\/\/i3.wp.com\/femergs.com.br\/wfe\/wp-content\/uploads\/2025\/08\/csb-logoverde-1.webp?w=788&resize=788,397&ssl=1",788,397,true],"thumbnail":["https:\/\/i3.wp.com\/femergs.com.br\/wfe\/wp-content\/uploads\/2025\/08\/csb-logoverde-1.webp?w=150&resize=150,150&ssl=1",150,150,true],"medium":["https:\/\/i3.wp.com\/femergs.com.br\/wfe\/wp-content\/uploads\/2025\/08\/csb-logoverde-1.webp?w=300&resize=300,300&ssl=1",300,300,true],"medium_large":["https:\/\/i3.wp.com\/femergs.com.br\/wfe\/wp-content\/uploads\/2025\/08\/csb-logoverde-1.webp?w=768&resize=768,0&ssl=1",768,0,true],"large":["https:\/\/i3.wp.com\/femergs.com.br\/wfe\/wp-content\/uploads\/2025\/08\/csb-logoverde-1.webp?w=1024&resize=1024,1024&ssl=1",1024,1024,true],"1536x1536":["https:\/\/i3.wp.com\/femergs.com.br\/wfe\/wp-content\/uploads\/2025\/08\/csb-logoverde-1.webp?w=1536&resize=1536,1536&ssl=1",1536,1536,true],"2048x2048":["https:\/\/i3.wp.com\/femergs.com.br\/wfe\/wp-content\/uploads\/2025\/08\/csb-logoverde-1.webp?w=2048&resize=2048,2048&ssl=1",2048,2048,true],"ultp_layout_landscape_large":["https:\/\/i3.wp.com\/femergs.com.br\/wfe\/wp-content\/uploads\/2025\/08\/csb-logoverde-1.webp?w=1200&resize=1200,800&ssl=1",1200,800,true],"ultp_layout_landscape":["https:\/\/i3.wp.com\/femergs.com.br\/wfe\/wp-content\/uploads\/2025\/08\/csb-logoverde-1.webp?w=870&resize=870,570&ssl=1",870,570,true],"ultp_layout_portrait":["https:\/\/i3.wp.com\/femergs.com.br\/wfe\/wp-content\/uploads\/2025\/08\/csb-logoverde-1.webp?w=600&resize=600,900&ssl=1",600,900,true],"ultp_layout_square":["https:\/\/i3.wp.com\/femergs.com.br\/wfe\/wp-content\/uploads\/2025\/08\/csb-logoverde-1.webp?w=600&resize=600,600&ssl=1",600,600,true]},"uagb_author_info":{"display_name":"adminfemergs","author_link":"https:\/\/femergs.com.br\/wfe\/blog\/author\/adminfemergs\/"},"uagb_comment_info":0,"uagb_excerpt":"A Federa\u00e7\u00e3o dos Municip\u00e1rios do Estado do Rio Grande do Sul \u2013 FEMERGS atua para o fortalecimento das organiza\u00e7\u00f5es sindicais e na defesa de melhores condi\u00e7\u00f5es de trabalho para os servidores p\u00fablicos municipais, atrav\u00e9s do debate permanente com os sindicatos, fornecendo subs\u00eddios que insiram, no contexto municipal, as conquistas alcan\u00e7adas pelos trabalhadores p\u00fablicos. As conquistas&hellip;","_links":{"self":[{"href":"https:\/\/femergs.com.br\/wfe\/wp-json\/wp\/v2\/pages\/63","targetHints":{"allow":["GET"]}}],"collection":[{"href":"https:\/\/femergs.com.br\/wfe\/wp-json\/wp\/v2\/pages"}],"about":[{"href":"https:\/\/femergs.com.br\/wfe\/wp-json\/wp\/v2\/types\/page"}],"author":[{"embeddable":true,"href":"https:\/\/femergs.com.br\/wfe\/wp-json\/wp\/v2\/users\/1"}],"replies":[{"embeddable":true,"href":"https:\/\/femergs.com.br\/wfe\/wp-json\/wp\/v2\/comments?post=63"}],"version-history":[{"count":17,"href":"https:\/\/femergs.com.br\/wfe\/wp-json\/wp\/v2\/pages\/63\/revisions"}],"predecessor-version":[{"id":1918,"href":"https:\/\/femergs.com.br\/wfe\/wp-json\/wp\/v2\/pages\/63\/revisions\/1918"}],"wp:featuredmedia":[{"embeddable":true,"href":"https:\/\/femergs.com.br\/wfe\/wp-json\/wp\/v2\/media\/1659"}],"wp:attachment":[{"href":"https:\/\/femergs.com.br\/wfe\/wp-json\/wp\/v2\/media?parent=63"}],"curies":[{"name":"wp","href":"https:\/\/api.w.org\/{rel}","templated":true}]}}