{"id":77,"date":"2025-06-26T18:44:37","date_gmt":"2025-06-26T18:44:37","guid":{"rendered":"https:\/\/femergs.com.br\/wfe\/?page_id=77"},"modified":"2025-09-02T20:44:29","modified_gmt":"2025-09-02T20:44:29","slug":"comunicacao","status":"publish","type":"page","link":"https:\/\/femergs.com.br\/wfe\/comunicacao\/","title":{"rendered":"Not\u00edcias, A\u00e7\u00f5es e Artigos"},"content":{"rendered":"\n<div style=\"height:28px\" aria-hidden=\"true\" class=\"wp-block-spacer\"><\/div>\n\n\n\n<div class=\"wp-block-columns is-layout-flex wp-container-core-columns-is-layout-65e523f9 wp-block-columns-is-layout-flex\">\n<div class=\"wp-block-column is-layout-flow wp-block-column-is-layout-flow\" style=\"flex-basis:85%\">\n<h3 class=\"wp-block-heading has-foreground-color has-text-color has-link-color wp-elements-f964187546c564fdc171b71f721349b8\">\u00daltimas Not\u00edcias<\/h3>\n\n\n\n<div class=\"wp-block-ultimate-post-post-grid-parent ultp-post-grid-parent\" data-postid=\"77\" data-grids=\"[{&quot;blockId&quot;:&quot;aa15b2&quot;,&quot;name&quot;:&quot;ultimate-post_post-grid-1&quot;}]\" data-pagi=\"[&quot;ultp-block-8ec7b0&quot;]\"><div  class=\"ultp-post-grid-block wp-block-ultimate-post-post-grid-1 ultp-block-aa15b2\"><div class=\"ultp-block-wrapper\"><div class=\"ultp-loading\"><div class=\"ultp-loading-blocks\" style=\"width:100%;height:100%;\"><div style=\"left: 0;top: 0;animation-delay:0s;\"><\/div><div style=\"left: 21px;top: 0;animation-delay:0.125s;\"><\/div><div style=\"left: 42px;top: 0;animation-delay:0.25s;\"><\/div><div style=\"left: 0;top: 21px;animation-delay:0.875s;\"><\/div><div style=\"left: 42px;top: 21px;animation-delay:0.375s;\"><\/div><div style=\"left: 0;top: 42px;animation-delay:0.75s;\"><\/div><div style=\"left: 42px;top: 42px;animation-delay:0.625s;\"><\/div><div style=\"left: 21px;top: 42px;animation-delay:0.5s;\"><\/div><\/div><\/div><div class=\"ultp-block-items-wrap ultp-block-row ultp-pg1a-style1 ultp-grid1-responsive ultp-block-column-2 ultp-sm-column-2 ultp-xs-column-1 ultp-layout1\"><div class=\"ultp-block-item post-id-1946\"><div class=\"ultp-block-content-wrap\"><div class=\"ultp-block-image ultp-block-image-opacity\"><a href=\"https:\/\/femergs.com.br\/wfe\/blog\/presidente-clarice-mainardi-na-conferencia-nacional-do-trabalho\/\" ><img decoding=\"async\"  class=\"ultp-block-image-content\"  alt=\"PRESIDENTE CLARICE MAINARDI NA CONFER\u00caNCIA NACIONAL DO TRABALHO.\"  src=\"https:\/\/i0.wp.com\/femergs.com.br\/wfe\/wp-content\/uploads\/2026\/03\/WhatsApp-Image-2026-03-05-at-15.11.15-683x1024.webp?w=683&#038;resize=683,1024&#038;ssl=1\" \/><\/a><\/div><div class=\"ultp-block-content\"><div class=\"ultp-category-grid ultp-category-classic ultp-category-aboveTitle\"><div class=\"ultp-category-in\"><a class=\"ultp-cat-arquivadas\" href=\"https:\/\/femergs.com.br\/wfe\/blog\/category\/arquivadas\/\"  >ARQUIVADAS<\/a><a class=\"ultp-cat-noticias\" href=\"https:\/\/femergs.com.br\/wfe\/blog\/category\/noticias\/\"  >Not\u00edcias Gerais<\/a><\/div><\/div><h3 class=\"ultp-block-title \"><a href=\"https:\/\/femergs.com.br\/wfe\/blog\/presidente-clarice-mainardi-na-conferencia-nacional-do-trabalho\/\" >PRESIDENTE CLARICE MAINARDI NA CONFER\u00caNCIA NACIONAL DO TRABALHO.<\/a><\/h3><div class=\"ultp-block-meta ultp-block-meta-dot ultp-block-meta-icon\"><span class=\"ultp-block-date ultp-block-meta-element\"><svg xmlns=\"http:\/\/www.w3.org\/2000\/svg\" fill=\"none\" viewBox=\"0 0 24 24\">\n  <path stroke=\"currentColor\" stroke-linecap=\"round\" stroke-linejoin=\"round\" stroke-width=\"1.5\" d=\"M3 5.5a2 2 0 0 1 2-2h14a2 2 0 0 1 2 2v14a2 2 0 0 1-2 2H5a2 2 0 0 1-2-2v-14ZM8 2v3m8-3v3M3 9h18\"\/>\n<\/svg>\nmar 5, 2026<\/span><\/div><div class=\"ultp-block-excerpt\"><p>PALAVRAS DA PRESIDENTE. Foi uma honra participar, como presidente da&hellip;<\/p>\n<\/div><div class=\"ultp-block-readmore\"><a aria-label=\"PRESIDENTE CLARICE MAINARDI NA CONFER\u00caNCIA NACIONAL DO TRABALHO.\" href=\"https:\/\/femergs.com.br\/wfe\/blog\/presidente-clarice-mainardi-na-conferencia-nacional-do-trabalho\/\" >Leia mais<svg xmlns=\"http:\/\/www.w3.org\/2000\/svg\" fill=\"none\" viewBox=\"0 0 24 24\">\n  <path stroke=\"currentColor\" stroke-linecap=\"round\" stroke-linejoin=\"round\" stroke-width=\"1.5\" d=\"m12 20.5 8.5-8.5m0 0L12 3.5m8.5 8.5h-17\"\/>\n<\/svg>\n<\/a><\/div><\/div><\/div><\/div><div class=\"ultp-block-item post-id-1693\"><div class=\"ultp-block-content-wrap\"><div class=\"ultp-block-image ultp-block-image-opacity\"><a href=\"https:\/\/femergs.com.br\/wfe\/blog\/femergs-na-camara-de-ver-de-julio-de-castilhos\/\" ><img decoding=\"async\" src=\"data:image\/gif;base64,R0lGODlhAQABAIAAAAAAAP\/\/\/ywAAAAAAQABAAACAUwAOw==\" fifu-lazy=\"1\" fifu-data-sizes=\"auto\" fifu-data-srcset=\"https:\/\/i0.wp.com\/femergs.com.br\/wfe\/wp-content\/uploads\/2025\/11\/588467100_122141566334420221_6858779991492692771_n-Copia.webp?ssl=1&w=75&resize=75&ssl=1 75w, https:\/\/i0.wp.com\/femergs.com.br\/wfe\/wp-content\/uploads\/2025\/11\/588467100_122141566334420221_6858779991492692771_n-Copia.webp?ssl=1&w=100&resize=100&ssl=1 100w, https:\/\/i0.wp.com\/femergs.com.br\/wfe\/wp-content\/uploads\/2025\/11\/588467100_122141566334420221_6858779991492692771_n-Copia.webp?ssl=1&w=150&resize=150&ssl=1 150w, https:\/\/i0.wp.com\/femergs.com.br\/wfe\/wp-content\/uploads\/2025\/11\/588467100_122141566334420221_6858779991492692771_n-Copia.webp?ssl=1&w=240&resize=240&ssl=1 240w, https:\/\/i0.wp.com\/femergs.com.br\/wfe\/wp-content\/uploads\/2025\/11\/588467100_122141566334420221_6858779991492692771_n-Copia.webp?ssl=1&w=320&resize=320&ssl=1 320w, https:\/\/i0.wp.com\/femergs.com.br\/wfe\/wp-content\/uploads\/2025\/11\/588467100_122141566334420221_6858779991492692771_n-Copia.webp?ssl=1&w=500&resize=500&ssl=1 500w, https:\/\/i0.wp.com\/femergs.com.br\/wfe\/wp-content\/uploads\/2025\/11\/588467100_122141566334420221_6858779991492692771_n-Copia.webp?ssl=1&w=640&resize=640&ssl=1 640w, https:\/\/i0.wp.com\/femergs.com.br\/wfe\/wp-content\/uploads\/2025\/11\/588467100_122141566334420221_6858779991492692771_n-Copia.webp?ssl=1&w=800&resize=800&ssl=1 800w, https:\/\/i0.wp.com\/femergs.com.br\/wfe\/wp-content\/uploads\/2025\/11\/588467100_122141566334420221_6858779991492692771_n-Copia.webp?ssl=1&w=1024&resize=1024&ssl=1 1024w, https:\/\/i0.wp.com\/femergs.com.br\/wfe\/wp-content\/uploads\/2025\/11\/588467100_122141566334420221_6858779991492692771_n-Copia.webp?ssl=1&w=1280&resize=1280&ssl=1 1280w, https:\/\/i0.wp.com\/femergs.com.br\/wfe\/wp-content\/uploads\/2025\/11\/588467100_122141566334420221_6858779991492692771_n-Copia.webp?ssl=1&w=1600&resize=1600&ssl=1 1600w\"  class=\"ultp-block-image-content\"  alt=\"FEMERGS NA C\u00c2MARA DE VER. DE JULIO DE CASTILHOS.\"  fifu-data-src=\"https:\/\/i0.wp.com\/femergs.com.br\/wfe\/wp-content\/uploads\/2025\/11\/588467100_122141566334420221_6858779991492692771_n-Copia.webp?ssl=1\" \/><\/a><\/div><div class=\"ultp-block-content\"><div class=\"ultp-category-grid ultp-category-classic ultp-category-aboveTitle\"><div class=\"ultp-category-in\"><a class=\"ultp-cat-noticias\" href=\"https:\/\/femergs.com.br\/wfe\/blog\/category\/noticias\/\"  >Not\u00edcias Gerais<\/a><\/div><\/div><h3 class=\"ultp-block-title \"><a href=\"https:\/\/femergs.com.br\/wfe\/blog\/femergs-na-camara-de-ver-de-julio-de-castilhos\/\" >FEMERGS NA C\u00c2MARA DE VER. DE JULIO DE CASTILHOS.<\/a><\/h3><div class=\"ultp-block-meta ultp-block-meta-dot ultp-block-meta-icon\"><span class=\"ultp-block-date ultp-block-meta-element\"><svg xmlns=\"http:\/\/www.w3.org\/2000\/svg\" fill=\"none\" viewBox=\"0 0 24 24\">\n  <path stroke=\"currentColor\" stroke-linecap=\"round\" stroke-linejoin=\"round\" stroke-width=\"1.5\" d=\"M3 5.5a2 2 0 0 1 2-2h14a2 2 0 0 1 2 2v14a2 2 0 0 1-2 2H5a2 2 0 0 1-2-2v-14ZM8 2v3m8-3v3M3 9h18\"\/>\n<\/svg>\nnov 25, 2025<\/span><\/div><div class=\"ultp-block-excerpt\"><p>Grande momento, Femergs na C\u00e2mara de Vereadores de Julio de&hellip;<\/p>\n<\/div><div class=\"ultp-block-readmore\"><a aria-label=\"FEMERGS NA C\u00c2MARA DE VER. DE JULIO DE CASTILHOS.\" href=\"https:\/\/femergs.com.br\/wfe\/blog\/femergs-na-camara-de-ver-de-julio-de-castilhos\/\" >Leia mais<svg xmlns=\"http:\/\/www.w3.org\/2000\/svg\" fill=\"none\" viewBox=\"0 0 24 24\">\n  <path stroke=\"currentColor\" stroke-linecap=\"round\" stroke-linejoin=\"round\" stroke-width=\"1.5\" d=\"m12 20.5 8.5-8.5m0 0L12 3.5m8.5 8.5h-17\"\/>\n<\/svg>\n<\/a><\/div><\/div><\/div><\/div><div class=\"ultp-block-item post-id-1669\"><div class=\"ultp-block-content-wrap\"><div class=\"ultp-block-image ultp-block-image-opacity\"><a href=\"https:\/\/femergs.com.br\/wfe\/blog\/programa-do-sindicato-de-pontao\/\" ><img decoding=\"async\" src=\"data:image\/gif;base64,R0lGODlhAQABAIAAAAAAAP\/\/\/ywAAAAAAQABAAACAUwAOw==\" fifu-lazy=\"1\" fifu-data-sizes=\"auto\" fifu-data-srcset=\"https:\/\/i2.wp.com\/femergs.com.br\/wfe\/wp-content\/uploads\/2025\/09\/WhatsApp-Image-2025-09-22-at-16.01.46.webp?ssl=1&w=75&resize=75&ssl=1 75w, https:\/\/i2.wp.com\/femergs.com.br\/wfe\/wp-content\/uploads\/2025\/09\/WhatsApp-Image-2025-09-22-at-16.01.46.webp?ssl=1&w=100&resize=100&ssl=1 100w, https:\/\/i2.wp.com\/femergs.com.br\/wfe\/wp-content\/uploads\/2025\/09\/WhatsApp-Image-2025-09-22-at-16.01.46.webp?ssl=1&w=150&resize=150&ssl=1 150w, https:\/\/i2.wp.com\/femergs.com.br\/wfe\/wp-content\/uploads\/2025\/09\/WhatsApp-Image-2025-09-22-at-16.01.46.webp?ssl=1&w=240&resize=240&ssl=1 240w, https:\/\/i2.wp.com\/femergs.com.br\/wfe\/wp-content\/uploads\/2025\/09\/WhatsApp-Image-2025-09-22-at-16.01.46.webp?ssl=1&w=320&resize=320&ssl=1 320w, https:\/\/i2.wp.com\/femergs.com.br\/wfe\/wp-content\/uploads\/2025\/09\/WhatsApp-Image-2025-09-22-at-16.01.46.webp?ssl=1&w=500&resize=500&ssl=1 500w, https:\/\/i2.wp.com\/femergs.com.br\/wfe\/wp-content\/uploads\/2025\/09\/WhatsApp-Image-2025-09-22-at-16.01.46.webp?ssl=1&w=640&resize=640&ssl=1 640w, https:\/\/i2.wp.com\/femergs.com.br\/wfe\/wp-content\/uploads\/2025\/09\/WhatsApp-Image-2025-09-22-at-16.01.46.webp?ssl=1&w=800&resize=800&ssl=1 800w, https:\/\/i2.wp.com\/femergs.com.br\/wfe\/wp-content\/uploads\/2025\/09\/WhatsApp-Image-2025-09-22-at-16.01.46.webp?ssl=1&w=1024&resize=1024&ssl=1 1024w, https:\/\/i2.wp.com\/femergs.com.br\/wfe\/wp-content\/uploads\/2025\/09\/WhatsApp-Image-2025-09-22-at-16.01.46.webp?ssl=1&w=1280&resize=1280&ssl=1 1280w, https:\/\/i2.wp.com\/femergs.com.br\/wfe\/wp-content\/uploads\/2025\/09\/WhatsApp-Image-2025-09-22-at-16.01.46.webp?ssl=1&w=1600&resize=1600&ssl=1 1600w\"  class=\"ultp-block-image-content\"  alt=\"Programa do Sindicato de Pont\u00e3o.\"  fifu-data-src=\"https:\/\/i2.wp.com\/femergs.com.br\/wfe\/wp-content\/uploads\/2025\/09\/WhatsApp-Image-2025-09-22-at-16.01.46.webp?ssl=1\" \/><\/a><\/div><div class=\"ultp-block-content\"><div class=\"ultp-category-grid ultp-category-classic ultp-category-aboveTitle\"><div class=\"ultp-category-in\"><a class=\"ultp-cat-noticias\" href=\"https:\/\/femergs.com.br\/wfe\/blog\/category\/noticias\/\"  >Not\u00edcias Gerais<\/a><\/div><\/div><h3 class=\"ultp-block-title \"><a href=\"https:\/\/femergs.com.br\/wfe\/blog\/programa-do-sindicato-de-pontao\/\" >Programa do Sindicato de Pont\u00e3o.<\/a><\/h3><div class=\"ultp-block-meta ultp-block-meta-dot ultp-block-meta-icon\"><span class=\"ultp-block-date ultp-block-meta-element\"><svg xmlns=\"http:\/\/www.w3.org\/2000\/svg\" fill=\"none\" viewBox=\"0 0 24 24\">\n  <path stroke=\"currentColor\" stroke-linecap=\"round\" stroke-linejoin=\"round\" stroke-width=\"1.5\" d=\"M3 5.5a2 2 0 0 1 2-2h14a2 2 0 0 1 2 2v14a2 2 0 0 1-2 2H5a2 2 0 0 1-2-2v-14ZM8 2v3m8-3v3M3 9h18\"\/>\n<\/svg>\nset 22, 2025<\/span><\/div><div class=\"ultp-block-excerpt\"><p>FEMERGS EM A\u00c7\u00c3O!<\/p>\n<\/div><div class=\"ultp-block-readmore\"><a aria-label=\"Programa do Sindicato de Pont\u00e3o.\" href=\"https:\/\/femergs.com.br\/wfe\/blog\/programa-do-sindicato-de-pontao\/\" >Leia mais<svg xmlns=\"http:\/\/www.w3.org\/2000\/svg\" fill=\"none\" viewBox=\"0 0 24 24\">\n  <path stroke=\"currentColor\" stroke-linecap=\"round\" stroke-linejoin=\"round\" stroke-width=\"1.5\" d=\"m12 20.5 8.5-8.5m0 0L12 3.5m8.5 8.5h-17\"\/>\n<\/svg>\n<\/a><\/div><\/div><\/div><\/div><div class=\"ultp-block-item post-id-1666\"><div class=\"ultp-block-content-wrap\"><div class=\"ultp-block-image ultp-block-image-opacity\"><a href=\"https:\/\/femergs.com.br\/wfe\/blog\/9o-seminario-educacao-em-foco-neuza-bechorner-e-clarice-mainardi-10-09-25\/\" ><img decoding=\"async\" src=\"data:image\/gif;base64,R0lGODlhAQABAIAAAAAAAP\/\/\/ywAAAAAAQABAAACAUwAOw==\" fifu-lazy=\"1\" fifu-data-sizes=\"auto\" fifu-data-srcset=\"https:\/\/i2.wp.com\/femergs.com.br\/wfe\/wp-content\/uploads\/2025\/09\/WhatsApp-Image-2025-09-18-at-14.55.40.webp?ssl=1&w=75&resize=75&ssl=1 75w, https:\/\/i2.wp.com\/femergs.com.br\/wfe\/wp-content\/uploads\/2025\/09\/WhatsApp-Image-2025-09-18-at-14.55.40.webp?ssl=1&w=100&resize=100&ssl=1 100w, https:\/\/i2.wp.com\/femergs.com.br\/wfe\/wp-content\/uploads\/2025\/09\/WhatsApp-Image-2025-09-18-at-14.55.40.webp?ssl=1&w=150&resize=150&ssl=1 150w, https:\/\/i2.wp.com\/femergs.com.br\/wfe\/wp-content\/uploads\/2025\/09\/WhatsApp-Image-2025-09-18-at-14.55.40.webp?ssl=1&w=240&resize=240&ssl=1 240w, https:\/\/i2.wp.com\/femergs.com.br\/wfe\/wp-content\/uploads\/2025\/09\/WhatsApp-Image-2025-09-18-at-14.55.40.webp?ssl=1&w=320&resize=320&ssl=1 320w, https:\/\/i2.wp.com\/femergs.com.br\/wfe\/wp-content\/uploads\/2025\/09\/WhatsApp-Image-2025-09-18-at-14.55.40.webp?ssl=1&w=500&resize=500&ssl=1 500w, https:\/\/i2.wp.com\/femergs.com.br\/wfe\/wp-content\/uploads\/2025\/09\/WhatsApp-Image-2025-09-18-at-14.55.40.webp?ssl=1&w=640&resize=640&ssl=1 640w, https:\/\/i2.wp.com\/femergs.com.br\/wfe\/wp-content\/uploads\/2025\/09\/WhatsApp-Image-2025-09-18-at-14.55.40.webp?ssl=1&w=800&resize=800&ssl=1 800w, https:\/\/i2.wp.com\/femergs.com.br\/wfe\/wp-content\/uploads\/2025\/09\/WhatsApp-Image-2025-09-18-at-14.55.40.webp?ssl=1&w=1024&resize=1024&ssl=1 1024w, https:\/\/i2.wp.com\/femergs.com.br\/wfe\/wp-content\/uploads\/2025\/09\/WhatsApp-Image-2025-09-18-at-14.55.40.webp?ssl=1&w=1280&resize=1280&ssl=1 1280w, https:\/\/i2.wp.com\/femergs.com.br\/wfe\/wp-content\/uploads\/2025\/09\/WhatsApp-Image-2025-09-18-at-14.55.40.webp?ssl=1&w=1600&resize=1600&ssl=1 1600w\"  class=\"ultp-block-image-content\"  alt=\"9\u00ba Semin\u00e1rio Educa\u00e7\u00e3o em Foco \u2013 Neuza Bechorner e Clarice Mainardi \u2013 10\/09\/25\"  fifu-data-src=\"https:\/\/i2.wp.com\/femergs.com.br\/wfe\/wp-content\/uploads\/2025\/09\/WhatsApp-Image-2025-09-18-at-14.55.40.webp?ssl=1\" \/><\/a><\/div><div class=\"ultp-block-content\"><div class=\"ultp-category-grid ultp-category-classic ultp-category-aboveTitle\"><div class=\"ultp-category-in\"><a class=\"ultp-cat-educacao\" href=\"https:\/\/femergs.com.br\/wfe\/blog\/category\/educacao\/\"  >Educa\u00e7\u00e3o<\/a><a class=\"ultp-cat-noticias\" href=\"https:\/\/femergs.com.br\/wfe\/blog\/category\/noticias\/\"  >Not\u00edcias Gerais<\/a><\/div><\/div><h3 class=\"ultp-block-title \"><a href=\"https:\/\/femergs.com.br\/wfe\/blog\/9o-seminario-educacao-em-foco-neuza-bechorner-e-clarice-mainardi-10-09-25\/\" >9\u00ba Semin\u00e1rio Educa\u00e7\u00e3o em Foco &#8211; Neuza Bechorner e Clarice Mainardi &#8211; 10\/09\/25<\/a><\/h3><div class=\"ultp-block-meta ultp-block-meta-dot ultp-block-meta-icon\"><span class=\"ultp-block-date ultp-block-meta-element\"><svg xmlns=\"http:\/\/www.w3.org\/2000\/svg\" fill=\"none\" viewBox=\"0 0 24 24\">\n  <path stroke=\"currentColor\" stroke-linecap=\"round\" stroke-linejoin=\"round\" stroke-width=\"1.5\" d=\"M3 5.5a2 2 0 0 1 2-2h14a2 2 0 0 1 2 2v14a2 2 0 0 1-2 2H5a2 2 0 0 1-2-2v-14ZM8 2v3m8-3v3M3 9h18\"\/>\n<\/svg>\nset 18, 2025<\/span><\/div><div class=\"ultp-block-excerpt\"><\/div><div class=\"ultp-block-readmore\"><a aria-label=\"9\u00ba Semin\u00e1rio Educa\u00e7\u00e3o em Foco &#8211; Neuza Bechorner e Clarice Mainardi &#8211; 10\/09\/25\" href=\"https:\/\/femergs.com.br\/wfe\/blog\/9o-seminario-educacao-em-foco-neuza-bechorner-e-clarice-mainardi-10-09-25\/\" >Leia mais<svg xmlns=\"http:\/\/www.w3.org\/2000\/svg\" fill=\"none\" viewBox=\"0 0 24 24\">\n  <path stroke=\"currentColor\" stroke-linecap=\"round\" stroke-linejoin=\"round\" stroke-width=\"1.5\" d=\"m12 20.5 8.5-8.5m0 0L12 3.5m8.5 8.5h-17\"\/>\n<\/svg>\n<\/a><\/div><\/div><\/div><\/div><div class=\"ultp-block-item post-id-1663\"><div class=\"ultp-block-content-wrap\"><div class=\"ultp-block-image ultp-block-image-opacity\"><a href=\"https:\/\/femergs.com.br\/wfe\/blog\/fala-da-presidente-clarice-no-dia-17-na-camara-de-vereadores-de-santa-rosa-em-defesa-do-piso-nacional-do-magisterio\/\" ><img decoding=\"async\" src=\"data:image\/gif;base64,R0lGODlhAQABAIAAAAAAAP\/\/\/ywAAAAAAQABAAACAUwAOw==\" fifu-lazy=\"1\" fifu-data-sizes=\"auto\" fifu-data-srcset=\"https:\/\/i1.wp.com\/femergs.com.br\/wfe\/wp-content\/uploads\/2025\/09\/548296221_1327544449160600_667304587583576403_n.webp?ssl=1&w=75&resize=75&ssl=1 75w, https:\/\/i1.wp.com\/femergs.com.br\/wfe\/wp-content\/uploads\/2025\/09\/548296221_1327544449160600_667304587583576403_n.webp?ssl=1&w=100&resize=100&ssl=1 100w, https:\/\/i1.wp.com\/femergs.com.br\/wfe\/wp-content\/uploads\/2025\/09\/548296221_1327544449160600_667304587583576403_n.webp?ssl=1&w=150&resize=150&ssl=1 150w, https:\/\/i1.wp.com\/femergs.com.br\/wfe\/wp-content\/uploads\/2025\/09\/548296221_1327544449160600_667304587583576403_n.webp?ssl=1&w=240&resize=240&ssl=1 240w, https:\/\/i1.wp.com\/femergs.com.br\/wfe\/wp-content\/uploads\/2025\/09\/548296221_1327544449160600_667304587583576403_n.webp?ssl=1&w=320&resize=320&ssl=1 320w, https:\/\/i1.wp.com\/femergs.com.br\/wfe\/wp-content\/uploads\/2025\/09\/548296221_1327544449160600_667304587583576403_n.webp?ssl=1&w=500&resize=500&ssl=1 500w, https:\/\/i1.wp.com\/femergs.com.br\/wfe\/wp-content\/uploads\/2025\/09\/548296221_1327544449160600_667304587583576403_n.webp?ssl=1&w=640&resize=640&ssl=1 640w, https:\/\/i1.wp.com\/femergs.com.br\/wfe\/wp-content\/uploads\/2025\/09\/548296221_1327544449160600_667304587583576403_n.webp?ssl=1&w=800&resize=800&ssl=1 800w, https:\/\/i1.wp.com\/femergs.com.br\/wfe\/wp-content\/uploads\/2025\/09\/548296221_1327544449160600_667304587583576403_n.webp?ssl=1&w=1024&resize=1024&ssl=1 1024w, https:\/\/i1.wp.com\/femergs.com.br\/wfe\/wp-content\/uploads\/2025\/09\/548296221_1327544449160600_667304587583576403_n.webp?ssl=1&w=1280&resize=1280&ssl=1 1280w, https:\/\/i1.wp.com\/femergs.com.br\/wfe\/wp-content\/uploads\/2025\/09\/548296221_1327544449160600_667304587583576403_n.webp?ssl=1&w=1600&resize=1600&ssl=1 1600w\"  class=\"ultp-block-image-content\"  alt=\"Fala da Presidente Clarice no dia 17 na C\u00e2mara de Vereadores de Santa Rosa em defesa do Piso Nacional do Magist\u00e9rio.\"  fifu-data-src=\"https:\/\/i1.wp.com\/femergs.com.br\/wfe\/wp-content\/uploads\/2025\/09\/548296221_1327544449160600_667304587583576403_n.webp?ssl=1\" \/><\/a><\/div><div class=\"ultp-block-content\"><div class=\"ultp-category-grid ultp-category-classic ultp-category-aboveTitle\"><div class=\"ultp-category-in\"><a class=\"ultp-cat-educacao\" href=\"https:\/\/femergs.com.br\/wfe\/blog\/category\/educacao\/\"  >Educa\u00e7\u00e3o<\/a><a class=\"ultp-cat-noticias\" href=\"https:\/\/femergs.com.br\/wfe\/blog\/category\/noticias\/\"  >Not\u00edcias Gerais<\/a><\/div><\/div><h3 class=\"ultp-block-title \"><a href=\"https:\/\/femergs.com.br\/wfe\/blog\/fala-da-presidente-clarice-no-dia-17-na-camara-de-vereadores-de-santa-rosa-em-defesa-do-piso-nacional-do-magisterio\/\" >Fala da Presidente Clarice no dia 17 na C\u00e2mara de Vereadores de Santa Rosa em defesa do Piso Nacional do Magist\u00e9rio.<\/a><\/h3><div class=\"ultp-block-meta ultp-block-meta-dot ultp-block-meta-icon\"><span class=\"ultp-block-date ultp-block-meta-element\"><svg xmlns=\"http:\/\/www.w3.org\/2000\/svg\" fill=\"none\" viewBox=\"0 0 24 24\">\n  <path stroke=\"currentColor\" stroke-linecap=\"round\" stroke-linejoin=\"round\" stroke-width=\"1.5\" d=\"M3 5.5a2 2 0 0 1 2-2h14a2 2 0 0 1 2 2v14a2 2 0 0 1-2 2H5a2 2 0 0 1-2-2v-14ZM8 2v3m8-3v3M3 9h18\"\/>\n<\/svg>\nset 18, 2025<\/span><\/div><div class=\"ultp-block-excerpt\"><p>Bom dia!Quero registrar minha gratid\u00e3o pela presen\u00e7a e atua\u00e7\u00e3o da&hellip;<\/p>\n<\/div><div class=\"ultp-block-readmore\"><a aria-label=\"Fala da Presidente Clarice no dia 17 na C\u00e2mara de Vereadores de Santa Rosa em defesa do Piso Nacional do Magist\u00e9rio.\" href=\"https:\/\/femergs.com.br\/wfe\/blog\/fala-da-presidente-clarice-no-dia-17-na-camara-de-vereadores-de-santa-rosa-em-defesa-do-piso-nacional-do-magisterio\/\" >Leia mais<svg xmlns=\"http:\/\/www.w3.org\/2000\/svg\" fill=\"none\" viewBox=\"0 0 24 24\">\n  <path stroke=\"currentColor\" stroke-linecap=\"round\" stroke-linejoin=\"round\" stroke-width=\"1.5\" d=\"m12 20.5 8.5-8.5m0 0L12 3.5m8.5 8.5h-17\"\/>\n<\/svg>\n<\/a><\/div><\/div><\/div><\/div><div class=\"ultp-block-item post-id-1645\"><div class=\"ultp-block-content-wrap\"><div class=\"ultp-block-image ultp-block-image-opacity\"><a href=\"https:\/\/femergs.com.br\/wfe\/blog\/audiencia-publica-29-08-femergs-em-acao\/\" ><img decoding=\"async\"  class=\"ultp-block-image-content\"  alt=\"Audi\u00eancia P\u00fablica 29\/08 &#8211; FEMERGS EM A\u00c7\u00c3O!\"  src=\"https:\/\/i2.wp.com\/femergs.com.br\/wfe\/wp-content\/uploads\/2025\/09\/WhatsApp-Image-2025-09-16-at-13.47.17-1024x449.webp?w=1024&#038;resize=1024,449&#038;ssl=1\" \/><\/a><\/div><div class=\"ultp-block-content\"><div class=\"ultp-category-grid ultp-category-classic ultp-category-aboveTitle\"><div class=\"ultp-category-in\"><a class=\"ultp-cat-noticias\" href=\"https:\/\/femergs.com.br\/wfe\/blog\/category\/noticias\/\"  >Not\u00edcias Gerais<\/a><\/div><\/div><h3 class=\"ultp-block-title \"><a href=\"https:\/\/femergs.com.br\/wfe\/blog\/audiencia-publica-29-08-femergs-em-acao\/\" >Audi\u00eancia P\u00fablica 29\/08 &#8211; FEMERGS EM A\u00c7\u00c3O!<\/a><\/h3><div class=\"ultp-block-meta ultp-block-meta-dot ultp-block-meta-icon\"><span class=\"ultp-block-date ultp-block-meta-element\"><svg xmlns=\"http:\/\/www.w3.org\/2000\/svg\" fill=\"none\" viewBox=\"0 0 24 24\">\n  <path stroke=\"currentColor\" stroke-linecap=\"round\" stroke-linejoin=\"round\" stroke-width=\"1.5\" d=\"M3 5.5a2 2 0 0 1 2-2h14a2 2 0 0 1 2 2v14a2 2 0 0 1-2 2H5a2 2 0 0 1-2-2v-14ZM8 2v3m8-3v3M3 9h18\"\/>\n<\/svg>\nset 16, 2025<\/span><\/div><div class=\"ultp-block-excerpt\"><p>No dia 29 de agosto, uma audi\u00eancia p\u00fablica na Assembleia&hellip;<\/p>\n<\/div><div class=\"ultp-block-readmore\"><a aria-label=\"Audi\u00eancia P\u00fablica 29\/08 &#8211; FEMERGS EM A\u00c7\u00c3O!\" href=\"https:\/\/femergs.com.br\/wfe\/blog\/audiencia-publica-29-08-femergs-em-acao\/\" >Leia mais<svg xmlns=\"http:\/\/www.w3.org\/2000\/svg\" fill=\"none\" viewBox=\"0 0 24 24\">\n  <path stroke=\"currentColor\" stroke-linecap=\"round\" stroke-linejoin=\"round\" stroke-width=\"1.5\" d=\"m12 20.5 8.5-8.5m0 0L12 3.5m8.5 8.5h-17\"\/>\n<\/svg>\n<\/a><\/div><\/div><\/div><\/div><div class=\"ultp-block-item post-id-1638\"><div class=\"ultp-block-content-wrap\"><div class=\"ultp-block-image ultp-block-image-opacity\"><a href=\"https:\/\/femergs.com.br\/wfe\/blog\/presidente-clarice-mainardi-presente-na-instalacao-da-frente-parlamentar-em-defesa-do-servidor-publico\/\" ><img decoding=\"async\" src=\"data:image\/gif;base64,R0lGODlhAQABAIAAAAAAAP\/\/\/ywAAAAAAQABAAACAUwAOw==\" fifu-lazy=\"1\" fifu-data-sizes=\"auto\" fifu-data-srcset=\"https:\/\/i0.wp.com\/femergs.com.br\/wfe\/wp-content\/uploads\/2025\/09\/WhatsApp-Image-2025-09-10-at-13.21.57-scaled.webp?ssl=1&w=75&resize=75&ssl=1 75w, https:\/\/i0.wp.com\/femergs.com.br\/wfe\/wp-content\/uploads\/2025\/09\/WhatsApp-Image-2025-09-10-at-13.21.57-scaled.webp?ssl=1&w=100&resize=100&ssl=1 100w, https:\/\/i0.wp.com\/femergs.com.br\/wfe\/wp-content\/uploads\/2025\/09\/WhatsApp-Image-2025-09-10-at-13.21.57-scaled.webp?ssl=1&w=150&resize=150&ssl=1 150w, https:\/\/i0.wp.com\/femergs.com.br\/wfe\/wp-content\/uploads\/2025\/09\/WhatsApp-Image-2025-09-10-at-13.21.57-scaled.webp?ssl=1&w=240&resize=240&ssl=1 240w, https:\/\/i0.wp.com\/femergs.com.br\/wfe\/wp-content\/uploads\/2025\/09\/WhatsApp-Image-2025-09-10-at-13.21.57-scaled.webp?ssl=1&w=320&resize=320&ssl=1 320w, https:\/\/i0.wp.com\/femergs.com.br\/wfe\/wp-content\/uploads\/2025\/09\/WhatsApp-Image-2025-09-10-at-13.21.57-scaled.webp?ssl=1&w=500&resize=500&ssl=1 500w, https:\/\/i0.wp.com\/femergs.com.br\/wfe\/wp-content\/uploads\/2025\/09\/WhatsApp-Image-2025-09-10-at-13.21.57-scaled.webp?ssl=1&w=640&resize=640&ssl=1 640w, https:\/\/i0.wp.com\/femergs.com.br\/wfe\/wp-content\/uploads\/2025\/09\/WhatsApp-Image-2025-09-10-at-13.21.57-scaled.webp?ssl=1&w=800&resize=800&ssl=1 800w, https:\/\/i0.wp.com\/femergs.com.br\/wfe\/wp-content\/uploads\/2025\/09\/WhatsApp-Image-2025-09-10-at-13.21.57-scaled.webp?ssl=1&w=1024&resize=1024&ssl=1 1024w, https:\/\/i0.wp.com\/femergs.com.br\/wfe\/wp-content\/uploads\/2025\/09\/WhatsApp-Image-2025-09-10-at-13.21.57-scaled.webp?ssl=1&w=1280&resize=1280&ssl=1 1280w, https:\/\/i0.wp.com\/femergs.com.br\/wfe\/wp-content\/uploads\/2025\/09\/WhatsApp-Image-2025-09-10-at-13.21.57-scaled.webp?ssl=1&w=1600&resize=1600&ssl=1 1600w\"  class=\"ultp-block-image-content\"  alt=\"Presidente Clarice Mainardi, presente na instala\u00e7\u00e3o da Frente Parlamentar em Defesa do Servidor P\u00fablico.\"  fifu-data-src=\"https:\/\/i0.wp.com\/femergs.com.br\/wfe\/wp-content\/uploads\/2025\/09\/WhatsApp-Image-2025-09-10-at-13.21.57-scaled.webp?ssl=1\" \/><\/a><\/div><div class=\"ultp-block-content\"><div class=\"ultp-category-grid ultp-category-classic ultp-category-aboveTitle\"><div class=\"ultp-category-in\"><a class=\"ultp-cat-noticias\" href=\"https:\/\/femergs.com.br\/wfe\/blog\/category\/noticias\/\"  >Not\u00edcias Gerais<\/a><\/div><\/div><h3 class=\"ultp-block-title \"><a href=\"https:\/\/femergs.com.br\/wfe\/blog\/presidente-clarice-mainardi-presente-na-instalacao-da-frente-parlamentar-em-defesa-do-servidor-publico\/\" >Presidente Clarice Mainardi, presente na instala\u00e7\u00e3o da Frente Parlamentar em Defesa do Servidor P\u00fablico.<\/a><\/h3><div class=\"ultp-block-meta ultp-block-meta-dot ultp-block-meta-icon\"><span class=\"ultp-block-date ultp-block-meta-element\"><svg xmlns=\"http:\/\/www.w3.org\/2000\/svg\" fill=\"none\" viewBox=\"0 0 24 24\">\n  <path stroke=\"currentColor\" stroke-linecap=\"round\" stroke-linejoin=\"round\" stroke-width=\"1.5\" d=\"M3 5.5a2 2 0 0 1 2-2h14a2 2 0 0 1 2 2v14a2 2 0 0 1-2 2H5a2 2 0 0 1-2-2v-14ZM8 2v3m8-3v3M3 9h18\"\/>\n<\/svg>\nset 12, 2025<\/span><\/div><div class=\"ultp-block-excerpt\"><\/div><div class=\"ultp-block-readmore\"><a aria-label=\"Presidente Clarice Mainardi, presente na instala\u00e7\u00e3o da Frente Parlamentar em Defesa do Servidor P\u00fablico.\" href=\"https:\/\/femergs.com.br\/wfe\/blog\/presidente-clarice-mainardi-presente-na-instalacao-da-frente-parlamentar-em-defesa-do-servidor-publico\/\" >Leia mais<svg xmlns=\"http:\/\/www.w3.org\/2000\/svg\" fill=\"none\" viewBox=\"0 0 24 24\">\n  <path stroke=\"currentColor\" stroke-linecap=\"round\" stroke-linejoin=\"round\" stroke-width=\"1.5\" d=\"m12 20.5 8.5-8.5m0 0L12 3.5m8.5 8.5h-17\"\/>\n<\/svg>\n<\/a><\/div><\/div><\/div><\/div><div class=\"ultp-block-item post-id-1627\"><div class=\"ultp-block-content-wrap\"><div class=\"ultp-block-image ultp-block-image-opacity\"><a href=\"https:\/\/femergs.com.br\/wfe\/blog\/audencia-publica-29-08\/\" ><img decoding=\"async\" src=\"data:image\/gif;base64,R0lGODlhAQABAIAAAAAAAP\/\/\/ywAAAAAAQABAAACAUwAOw==\" fifu-lazy=\"1\" fifu-data-sizes=\"auto\" fifu-data-srcset=\"https:\/\/i2.wp.com\/femergs.com.br\/wfe\/wp-content\/uploads\/2025\/09\/angie.webp?ssl=1&w=75&resize=75&ssl=1 75w, https:\/\/i2.wp.com\/femergs.com.br\/wfe\/wp-content\/uploads\/2025\/09\/angie.webp?ssl=1&w=100&resize=100&ssl=1 100w, https:\/\/i2.wp.com\/femergs.com.br\/wfe\/wp-content\/uploads\/2025\/09\/angie.webp?ssl=1&w=150&resize=150&ssl=1 150w, https:\/\/i2.wp.com\/femergs.com.br\/wfe\/wp-content\/uploads\/2025\/09\/angie.webp?ssl=1&w=240&resize=240&ssl=1 240w, https:\/\/i2.wp.com\/femergs.com.br\/wfe\/wp-content\/uploads\/2025\/09\/angie.webp?ssl=1&w=320&resize=320&ssl=1 320w, https:\/\/i2.wp.com\/femergs.com.br\/wfe\/wp-content\/uploads\/2025\/09\/angie.webp?ssl=1&w=500&resize=500&ssl=1 500w, https:\/\/i2.wp.com\/femergs.com.br\/wfe\/wp-content\/uploads\/2025\/09\/angie.webp?ssl=1&w=640&resize=640&ssl=1 640w, https:\/\/i2.wp.com\/femergs.com.br\/wfe\/wp-content\/uploads\/2025\/09\/angie.webp?ssl=1&w=800&resize=800&ssl=1 800w, https:\/\/i2.wp.com\/femergs.com.br\/wfe\/wp-content\/uploads\/2025\/09\/angie.webp?ssl=1&w=1024&resize=1024&ssl=1 1024w, https:\/\/i2.wp.com\/femergs.com.br\/wfe\/wp-content\/uploads\/2025\/09\/angie.webp?ssl=1&w=1280&resize=1280&ssl=1 1280w, https:\/\/i2.wp.com\/femergs.com.br\/wfe\/wp-content\/uploads\/2025\/09\/angie.webp?ssl=1&w=1600&resize=1600&ssl=1 1600w\"  class=\"ultp-block-image-content\"  alt=\"Audi\u00eancia P\u00fablica 29\/08\"  fifu-data-src=\"https:\/\/i2.wp.com\/femergs.com.br\/wfe\/wp-content\/uploads\/2025\/09\/angie.webp?ssl=1\" \/><\/a><\/div><div class=\"ultp-block-content\"><div class=\"ultp-category-grid ultp-category-classic ultp-category-aboveTitle\"><div class=\"ultp-category-in\"><a class=\"ultp-cat-noticias\" href=\"https:\/\/femergs.com.br\/wfe\/blog\/category\/noticias\/\"  >Not\u00edcias Gerais<\/a><\/div><\/div><h3 class=\"ultp-block-title \"><a href=\"https:\/\/femergs.com.br\/wfe\/blog\/audencia-publica-29-08\/\" >Audi\u00eancia P\u00fablica 29\/08<\/a><\/h3><div class=\"ultp-block-meta ultp-block-meta-dot ultp-block-meta-icon\"><span class=\"ultp-block-date ultp-block-meta-element\"><svg xmlns=\"http:\/\/www.w3.org\/2000\/svg\" fill=\"none\" viewBox=\"0 0 24 24\">\n  <path stroke=\"currentColor\" stroke-linecap=\"round\" stroke-linejoin=\"round\" stroke-width=\"1.5\" d=\"M3 5.5a2 2 0 0 1 2-2h14a2 2 0 0 1 2 2v14a2 2 0 0 1-2 2H5a2 2 0 0 1-2-2v-14ZM8 2v3m8-3v3M3 9h18\"\/>\n<\/svg>\nset 5, 2025<\/span><\/div><div class=\"ultp-block-excerpt\"><p>Palavra da Dra. Angie Miron<\/p>\n<\/div><div class=\"ultp-block-readmore\"><a aria-label=\"Audi\u00eancia P\u00fablica 29\/08\" href=\"https:\/\/femergs.com.br\/wfe\/blog\/audencia-publica-29-08\/\" >Leia mais<svg xmlns=\"http:\/\/www.w3.org\/2000\/svg\" fill=\"none\" viewBox=\"0 0 24 24\">\n  <path stroke=\"currentColor\" stroke-linecap=\"round\" stroke-linejoin=\"round\" stroke-width=\"1.5\" d=\"m12 20.5 8.5-8.5m0 0L12 3.5m8.5 8.5h-17\"\/>\n<\/svg>\n<\/a><\/div><\/div><\/div><\/div><div class=\"ultp-block-item post-id-1376\"><div class=\"ultp-block-content-wrap\"><div class=\"ultp-block-image ultp-block-image-opacity\"><a href=\"https:\/\/femergs.com.br\/wfe\/blog\/autonomia-municipal-sem-paradoxos\/\" ><img decoding=\"async\"  class=\"ultp-block-image-content\"  alt=\"AUTONOMIA MUNICIPAL &#8211; SEM PARADOXOS\"  src=\"https:\/\/i1.wp.com\/femergs.com.br\/Im4g3nsN0t1cia\/geral\/images\/WhatsApp_Image_2025-05-26_at_11_39_57.jpeg?w=960&#038;resize=960,1200&#038;ssl=1\" \/><\/a><\/div><div class=\"ultp-block-content\"><div class=\"ultp-category-grid ultp-category-classic ultp-category-aboveTitle\"><div class=\"ultp-category-in\"><a class=\"ultp-cat-noticias\" href=\"https:\/\/femergs.com.br\/wfe\/blog\/category\/noticias\/\"  >Not\u00edcias Gerais<\/a><\/div><\/div><h3 class=\"ultp-block-title \"><a href=\"https:\/\/femergs.com.br\/wfe\/blog\/autonomia-municipal-sem-paradoxos\/\" >AUTONOMIA MUNICIPAL &#8211; SEM PARADOXOS<\/a><\/h3><div class=\"ultp-block-meta ultp-block-meta-dot ultp-block-meta-icon\"><span class=\"ultp-block-date ultp-block-meta-element\"><svg xmlns=\"http:\/\/www.w3.org\/2000\/svg\" fill=\"none\" viewBox=\"0 0 24 24\">\n  <path stroke=\"currentColor\" stroke-linecap=\"round\" stroke-linejoin=\"round\" stroke-width=\"1.5\" d=\"M3 5.5a2 2 0 0 1 2-2h14a2 2 0 0 1 2 2v14a2 2 0 0 1-2 2H5a2 2 0 0 1-2-2v-14ZM8 2v3m8-3v3M3 9h18\"\/>\n<\/svg>\nmaio 26, 2025<\/span><\/div><div class=\"ultp-block-excerpt\"><\/div><div class=\"ultp-block-readmore\"><a aria-label=\"AUTONOMIA MUNICIPAL &#8211; SEM PARADOXOS\" href=\"https:\/\/femergs.com.br\/wfe\/blog\/autonomia-municipal-sem-paradoxos\/\" >Leia mais<svg xmlns=\"http:\/\/www.w3.org\/2000\/svg\" fill=\"none\" viewBox=\"0 0 24 24\">\n  <path stroke=\"currentColor\" stroke-linecap=\"round\" stroke-linejoin=\"round\" stroke-width=\"1.5\" d=\"m12 20.5 8.5-8.5m0 0L12 3.5m8.5 8.5h-17\"\/>\n<\/svg>\n<\/a><\/div><\/div><\/div><\/div><div class=\"ultp-block-item post-id-1375\"><div class=\"ultp-block-content-wrap\"><div class=\"ultp-block-image ultp-block-image-opacity\"><a href=\"https:\/\/femergs.com.br\/wfe\/blog\/nota-publica\/\" ><img decoding=\"async\"  class=\"ultp-block-image-content\"  alt=\"NOTA P\u00daBLICA\"  src=\"https:\/\/i0.wp.com\/femergs.com.br\/Im4g3nsN0t1cia\/geral\/images\/WhatsApp_Image_2025-05-13_at_16_14_51.jpeg?w=1280&#038;resize=1280&#038;ssl=1&#038;w=960&#038;resize=960,1200&#038;ssl=1\" \/><\/a><\/div><div class=\"ultp-block-content\"><div class=\"ultp-category-grid ultp-category-classic ultp-category-aboveTitle\"><div class=\"ultp-category-in\"><a class=\"ultp-cat-previdencia\" href=\"https:\/\/femergs.com.br\/wfe\/blog\/category\/previdencia\/\"  >Previd\u00eancia<\/a><\/div><\/div><h3 class=\"ultp-block-title \"><a href=\"https:\/\/femergs.com.br\/wfe\/blog\/nota-publica\/\" >NOTA P\u00daBLICA<\/a><\/h3><div class=\"ultp-block-meta ultp-block-meta-dot ultp-block-meta-icon\"><span class=\"ultp-block-date ultp-block-meta-element\"><svg xmlns=\"http:\/\/www.w3.org\/2000\/svg\" fill=\"none\" viewBox=\"0 0 24 24\">\n  <path stroke=\"currentColor\" stroke-linecap=\"round\" stroke-linejoin=\"round\" stroke-width=\"1.5\" d=\"M3 5.5a2 2 0 0 1 2-2h14a2 2 0 0 1 2 2v14a2 2 0 0 1-2 2H5a2 2 0 0 1-2-2v-14ZM8 2v3m8-3v3M3 9h18\"\/>\n<\/svg>\nmaio 13, 2025<\/span><\/div><div class=\"ultp-block-excerpt\"><\/div><div class=\"ultp-block-readmore\"><a aria-label=\"NOTA P\u00daBLICA\" href=\"https:\/\/femergs.com.br\/wfe\/blog\/nota-publica\/\" >Leia mais<svg xmlns=\"http:\/\/www.w3.org\/2000\/svg\" fill=\"none\" viewBox=\"0 0 24 24\">\n  <path stroke=\"currentColor\" stroke-linecap=\"round\" stroke-linejoin=\"round\" stroke-width=\"1.5\" d=\"m12 20.5 8.5-8.5m0 0L12 3.5m8.5 8.5h-17\"\/>\n<\/svg>\n<\/a><\/div><\/div><\/div><\/div><div class=\"ultp-block-item post-id-1374\"><div class=\"ultp-block-content-wrap\"><div class=\"ultp-block-image ultp-block-image-opacity\"><a href=\"https:\/\/femergs.com.br\/wfe\/blog\/xxiii-seminario-sul-brasileiro-de-previdencia-publica\/\" ><img decoding=\"async\" src=\"data:image\/gif;base64,R0lGODlhAQABAIAAAAAAAP\/\/\/ywAAAAAAQABAAACAUwAOw==\" fifu-lazy=\"1\" fifu-data-sizes=\"auto\" fifu-data-srcset=\"https:\/\/i3.wp.com\/femergs.com.br\/wfe\/wp-content\/plugins\/ultimate-post\/assets\/img\/ultp-fallback-img.png?ssl=1&w=75&resize=75&ssl=1 75w, https:\/\/i3.wp.com\/femergs.com.br\/wfe\/wp-content\/plugins\/ultimate-post\/assets\/img\/ultp-fallback-img.png?ssl=1&w=100&resize=100&ssl=1 100w, https:\/\/i3.wp.com\/femergs.com.br\/wfe\/wp-content\/plugins\/ultimate-post\/assets\/img\/ultp-fallback-img.png?ssl=1&w=150&resize=150&ssl=1 150w, https:\/\/i3.wp.com\/femergs.com.br\/wfe\/wp-content\/plugins\/ultimate-post\/assets\/img\/ultp-fallback-img.png?ssl=1&w=240&resize=240&ssl=1 240w, https:\/\/i3.wp.com\/femergs.com.br\/wfe\/wp-content\/plugins\/ultimate-post\/assets\/img\/ultp-fallback-img.png?ssl=1&w=320&resize=320&ssl=1 320w, https:\/\/i3.wp.com\/femergs.com.br\/wfe\/wp-content\/plugins\/ultimate-post\/assets\/img\/ultp-fallback-img.png?ssl=1&w=500&resize=500&ssl=1 500w, https:\/\/i3.wp.com\/femergs.com.br\/wfe\/wp-content\/plugins\/ultimate-post\/assets\/img\/ultp-fallback-img.png?ssl=1&w=640&resize=640&ssl=1 640w, https:\/\/i3.wp.com\/femergs.com.br\/wfe\/wp-content\/plugins\/ultimate-post\/assets\/img\/ultp-fallback-img.png?ssl=1&w=800&resize=800&ssl=1 800w, https:\/\/i3.wp.com\/femergs.com.br\/wfe\/wp-content\/plugins\/ultimate-post\/assets\/img\/ultp-fallback-img.png?ssl=1&w=1024&resize=1024&ssl=1 1024w, https:\/\/i3.wp.com\/femergs.com.br\/wfe\/wp-content\/plugins\/ultimate-post\/assets\/img\/ultp-fallback-img.png?ssl=1&w=1280&resize=1280&ssl=1 1280w, https:\/\/i3.wp.com\/femergs.com.br\/wfe\/wp-content\/plugins\/ultimate-post\/assets\/img\/ultp-fallback-img.png?ssl=1&w=1600&resize=1600&ssl=1 1600w\" class=\"ultp-block-image-content\" fifu-data-src=\"https:\/\/i3.wp.com\/femergs.com.br\/wfe\/wp-content\/plugins\/ultimate-post\/assets\/img\/ultp-fallback-img.png?ssl=1\" alt=\"dummy-img\" \/><\/a><\/div><div class=\"ultp-block-content\"><div class=\"ultp-category-grid ultp-category-classic ultp-category-aboveTitle\"><div class=\"ultp-category-in\"><a class=\"ultp-cat-previdencia\" href=\"https:\/\/femergs.com.br\/wfe\/blog\/category\/previdencia\/\"  >Previd\u00eancia<\/a><\/div><\/div><h3 class=\"ultp-block-title \"><a href=\"https:\/\/femergs.com.br\/wfe\/blog\/xxiii-seminario-sul-brasileiro-de-previdencia-publica\/\" >XXIII SEMIN\u00c1RIO SUL -BRASILEIRO DE PREVID\u00caNCIA P\u00daBLICA<\/a><\/h3><div class=\"ultp-block-meta ultp-block-meta-dot ultp-block-meta-icon\"><span class=\"ultp-block-date ultp-block-meta-element\"><svg xmlns=\"http:\/\/www.w3.org\/2000\/svg\" fill=\"none\" viewBox=\"0 0 24 24\">\n  <path stroke=\"currentColor\" stroke-linecap=\"round\" stroke-linejoin=\"round\" stroke-width=\"1.5\" d=\"M3 5.5a2 2 0 0 1 2-2h14a2 2 0 0 1 2 2v14a2 2 0 0 1-2 2H5a2 2 0 0 1-2-2v-14ZM8 2v3m8-3v3M3 9h18\"\/>\n<\/svg>\nmaio 8, 2025<\/span><\/div><div class=\"ultp-block-excerpt\"><p>Fala da Presidente Clarice Mainardi na abertura do XXIII SEMIN\u00c1RIO&hellip;<\/p>\n<\/div><div class=\"ultp-block-readmore\"><a aria-label=\"XXIII SEMIN\u00c1RIO SUL -BRASILEIRO DE PREVID\u00caNCIA P\u00daBLICA\" href=\"https:\/\/femergs.com.br\/wfe\/blog\/xxiii-seminario-sul-brasileiro-de-previdencia-publica\/\" >Leia mais<svg xmlns=\"http:\/\/www.w3.org\/2000\/svg\" fill=\"none\" viewBox=\"0 0 24 24\">\n  <path stroke=\"currentColor\" stroke-linecap=\"round\" stroke-linejoin=\"round\" stroke-width=\"1.5\" d=\"m12 20.5 8.5-8.5m0 0L12 3.5m8.5 8.5h-17\"\/>\n<\/svg>\n<\/a><\/div><\/div><\/div><\/div><div class=\"ultp-block-item post-id-1373\"><div class=\"ultp-block-content-wrap\"><div class=\"ultp-block-image ultp-block-image-opacity\"><a href=\"https:\/\/femergs.com.br\/wfe\/blog\/aviso\/\" ><img decoding=\"async\"  class=\"ultp-block-image-content\"  alt=\"Aviso!\"  src=\"https:\/\/i1.wp.com\/femergs.com.br\/Im4g3nsN0t1cia\/geral\/images\/Post_para_instagram_moderno_aviso_de_feriado_vermelho_e_branco.png?w=1600&#038;resize=1600&#038;ssl=1&#038;w=1080&#038;resize=1080,1080&#038;ssl=1\" \/><\/a><\/div><div class=\"ultp-block-content\"><div class=\"ultp-category-grid ultp-category-classic ultp-category-aboveTitle\"><div class=\"ultp-category-in\"><a class=\"ultp-cat-educacao\" href=\"https:\/\/femergs.com.br\/wfe\/blog\/category\/educacao\/\"  >Educa\u00e7\u00e3o<\/a><\/div><\/div><h3 class=\"ultp-block-title \"><a href=\"https:\/\/femergs.com.br\/wfe\/blog\/aviso\/\" >Aviso!<\/a><\/h3><div class=\"ultp-block-meta ultp-block-meta-dot ultp-block-meta-icon\"><span class=\"ultp-block-date ultp-block-meta-element\"><svg xmlns=\"http:\/\/www.w3.org\/2000\/svg\" fill=\"none\" viewBox=\"0 0 24 24\">\n  <path stroke=\"currentColor\" stroke-linecap=\"round\" stroke-linejoin=\"round\" stroke-width=\"1.5\" d=\"M3 5.5a2 2 0 0 1 2-2h14a2 2 0 0 1 2 2v14a2 2 0 0 1-2 2H5a2 2 0 0 1-2-2v-14ZM8 2v3m8-3v3M3 9h18\"\/>\n<\/svg>\nmaio 8, 2025<\/span><\/div><div class=\"ultp-block-excerpt\"><p>Pedimos ao STF julgar PROCEDENTE a Re 1.326.541!<\/p>\n<\/div><div class=\"ultp-block-readmore\"><a aria-label=\"Aviso!\" href=\"https:\/\/femergs.com.br\/wfe\/blog\/aviso\/\" >Leia mais<svg xmlns=\"http:\/\/www.w3.org\/2000\/svg\" fill=\"none\" viewBox=\"0 0 24 24\">\n  <path stroke=\"currentColor\" stroke-linecap=\"round\" stroke-linejoin=\"round\" stroke-width=\"1.5\" d=\"m12 20.5 8.5-8.5m0 0L12 3.5m8.5 8.5h-17\"\/>\n<\/svg>\n<\/a><\/div><\/div><\/div><\/div><div class=\"ultp-block-item post-id-1372\"><div class=\"ultp-block-content-wrap\"><div class=\"ultp-block-image ultp-block-image-opacity\"><a href=\"https:\/\/femergs.com.br\/wfe\/blog\/importante-reuniao-dia-15-de-abril-de-2025-na-sede-da-famurs-em-porto-alegre\/\" ><img decoding=\"async\"  class=\"ultp-block-image-content\"  alt=\"Importante reuni\u00e3o dia 15 de abril de 2025 na Sede da FAMURS em Porto Alegre\"  src=\"https:\/\/i2.wp.com\/femergs.com.br\/Im4g3nsN0t1cia\/geral\/images\/492104837_3329739947162381_4479201895611426259_n(1).jpg?w=1280&#038;resize=1280&#038;ssl=1&#038;w=997&#038;resize=997,649&#038;ssl=1\" \/><\/a><\/div><div class=\"ultp-block-content\"><div class=\"ultp-category-grid ultp-category-classic ultp-category-aboveTitle\"><div class=\"ultp-category-in\"><a class=\"ultp-cat-educacao\" href=\"https:\/\/femergs.com.br\/wfe\/blog\/category\/educacao\/\"  >Educa\u00e7\u00e3o<\/a><\/div><\/div><h3 class=\"ultp-block-title \"><a href=\"https:\/\/femergs.com.br\/wfe\/blog\/importante-reuniao-dia-15-de-abril-de-2025-na-sede-da-famurs-em-porto-alegre\/\" >Importante reuni\u00e3o dia 15 de abril de 2025 na Sede da FAMURS em Porto Alegre<\/a><\/h3><div class=\"ultp-block-meta ultp-block-meta-dot ultp-block-meta-icon\"><span class=\"ultp-block-date ultp-block-meta-element\"><svg xmlns=\"http:\/\/www.w3.org\/2000\/svg\" fill=\"none\" viewBox=\"0 0 24 24\">\n  <path stroke=\"currentColor\" stroke-linecap=\"round\" stroke-linejoin=\"round\" stroke-width=\"1.5\" d=\"M3 5.5a2 2 0 0 1 2-2h14a2 2 0 0 1 2 2v14a2 2 0 0 1-2 2H5a2 2 0 0 1-2-2v-14ZM8 2v3m8-3v3M3 9h18\"\/>\n<\/svg>\nabr 17, 2025<\/span><\/div><div class=\"ultp-block-excerpt\"><p>Importante reuni\u00e3o dia 15 de abril de 2025 na Sede&hellip;<\/p>\n<\/div><div class=\"ultp-block-readmore\"><a aria-label=\"Importante reuni\u00e3o dia 15 de abril de 2025 na Sede da FAMURS em Porto Alegre\" href=\"https:\/\/femergs.com.br\/wfe\/blog\/importante-reuniao-dia-15-de-abril-de-2025-na-sede-da-famurs-em-porto-alegre\/\" >Leia mais<svg xmlns=\"http:\/\/www.w3.org\/2000\/svg\" fill=\"none\" viewBox=\"0 0 24 24\">\n  <path stroke=\"currentColor\" stroke-linecap=\"round\" stroke-linejoin=\"round\" stroke-width=\"1.5\" d=\"m12 20.5 8.5-8.5m0 0L12 3.5m8.5 8.5h-17\"\/>\n<\/svg>\n<\/a><\/div><\/div><\/div><\/div><div class=\"ultp-block-item post-id-479\"><div class=\"ultp-block-content-wrap\"><div class=\"ultp-block-image ultp-block-image-opacity\"><a href=\"https:\/\/femergs.com.br\/wfe\/blog\/femergs-em-movimento\/\" ><img decoding=\"async\" src=\"data:image\/gif;base64,R0lGODlhAQABAIAAAAAAAP\/\/\/ywAAAAAAQABAAACAUwAOw==\" fifu-lazy=\"1\" fifu-data-sizes=\"auto\" fifu-data-srcset=\"https:\/\/i0.wp.com\/femergs.com.br\/wfe\/wp-content\/uploads\/2025\/07\/femergsemmovimento-e1752234208514.webp?ssl=1&w=75&resize=75&ssl=1 75w, https:\/\/i0.wp.com\/femergs.com.br\/wfe\/wp-content\/uploads\/2025\/07\/femergsemmovimento-e1752234208514.webp?ssl=1&w=100&resize=100&ssl=1 100w, https:\/\/i0.wp.com\/femergs.com.br\/wfe\/wp-content\/uploads\/2025\/07\/femergsemmovimento-e1752234208514.webp?ssl=1&w=150&resize=150&ssl=1 150w, https:\/\/i0.wp.com\/femergs.com.br\/wfe\/wp-content\/uploads\/2025\/07\/femergsemmovimento-e1752234208514.webp?ssl=1&w=240&resize=240&ssl=1 240w, https:\/\/i0.wp.com\/femergs.com.br\/wfe\/wp-content\/uploads\/2025\/07\/femergsemmovimento-e1752234208514.webp?ssl=1&w=320&resize=320&ssl=1 320w, https:\/\/i0.wp.com\/femergs.com.br\/wfe\/wp-content\/uploads\/2025\/07\/femergsemmovimento-e1752234208514.webp?ssl=1&w=500&resize=500&ssl=1 500w, https:\/\/i0.wp.com\/femergs.com.br\/wfe\/wp-content\/uploads\/2025\/07\/femergsemmovimento-e1752234208514.webp?ssl=1&w=640&resize=640&ssl=1 640w, https:\/\/i0.wp.com\/femergs.com.br\/wfe\/wp-content\/uploads\/2025\/07\/femergsemmovimento-e1752234208514.webp?ssl=1&w=800&resize=800&ssl=1 800w, https:\/\/i0.wp.com\/femergs.com.br\/wfe\/wp-content\/uploads\/2025\/07\/femergsemmovimento-e1752234208514.webp?ssl=1&w=1024&resize=1024&ssl=1 1024w, https:\/\/i0.wp.com\/femergs.com.br\/wfe\/wp-content\/uploads\/2025\/07\/femergsemmovimento-e1752234208514.webp?ssl=1&w=1280&resize=1280&ssl=1 1280w, https:\/\/i0.wp.com\/femergs.com.br\/wfe\/wp-content\/uploads\/2025\/07\/femergsemmovimento-e1752234208514.webp?ssl=1&w=1600&resize=1600&ssl=1 1600w\"  class=\"ultp-block-image-content\"  alt=\"FEMERGS EM MOVIMENTO!\"  fifu-data-src=\"https:\/\/i0.wp.com\/femergs.com.br\/wfe\/wp-content\/uploads\/2025\/07\/femergsemmovimento-e1752234208514.webp?ssl=1\" \/><\/a><\/div><div class=\"ultp-block-content\"><div class=\"ultp-category-grid ultp-category-classic ultp-category-aboveTitle\"><div class=\"ultp-category-in\"><a class=\"ultp-cat-noticias\" href=\"https:\/\/femergs.com.br\/wfe\/blog\/category\/noticias\/\"  >Not\u00edcias Gerais<\/a><\/div><\/div><h3 class=\"ultp-block-title \"><a href=\"https:\/\/femergs.com.br\/wfe\/blog\/femergs-em-movimento\/\" >FEMERGS EM MOVIMENTO!<\/a><\/h3><div class=\"ultp-block-meta ultp-block-meta-dot ultp-block-meta-icon\"><span class=\"ultp-block-date ultp-block-meta-element\"><svg xmlns=\"http:\/\/www.w3.org\/2000\/svg\" fill=\"none\" viewBox=\"0 0 24 24\">\n  <path stroke=\"currentColor\" stroke-linecap=\"round\" stroke-linejoin=\"round\" stroke-width=\"1.5\" d=\"M3 5.5a2 2 0 0 1 2-2h14a2 2 0 0 1 2 2v14a2 2 0 0 1-2 2H5a2 2 0 0 1-2-2v-14ZM8 2v3m8-3v3M3 9h18\"\/>\n<\/svg>\nfev 5, 2025<\/span><\/div><div class=\"ultp-block-excerpt\"><p>Reuni\u00e3o na tarde de ontem, com pauta sobre ambientes de&hellip;<\/p>\n<\/div><div class=\"ultp-block-readmore\"><a aria-label=\"FEMERGS EM MOVIMENTO!\" href=\"https:\/\/femergs.com.br\/wfe\/blog\/femergs-em-movimento\/\" >Leia mais<svg xmlns=\"http:\/\/www.w3.org\/2000\/svg\" fill=\"none\" viewBox=\"0 0 24 24\">\n  <path stroke=\"currentColor\" stroke-linecap=\"round\" stroke-linejoin=\"round\" stroke-width=\"1.5\" d=\"m12 20.5 8.5-8.5m0 0L12 3.5m8.5 8.5h-17\"\/>\n<\/svg>\n<\/a><\/div><\/div><\/div><\/div><div class=\"ultp-block-item post-id-1371\"><div class=\"ultp-block-content-wrap\"><div class=\"ultp-block-image ultp-block-image-opacity\"><a href=\"https:\/\/femergs.com.br\/wfe\/blog\/femergs-participa-de-reuniao-sobre-o-forum-das-centrais-sindicais-2\/\" ><img decoding=\"async\" src=\"data:image\/gif;base64,R0lGODlhAQABAIAAAAAAAP\/\/\/ywAAAAAAQABAAACAUwAOw==\" fifu-lazy=\"1\" fifu-data-sizes=\"auto\" fifu-data-srcset=\"https:\/\/i3.wp.com\/femergs.com.br\/wfe\/wp-content\/plugins\/ultimate-post\/assets\/img\/ultp-fallback-img.png?ssl=1&w=75&resize=75&ssl=1 75w, https:\/\/i3.wp.com\/femergs.com.br\/wfe\/wp-content\/plugins\/ultimate-post\/assets\/img\/ultp-fallback-img.png?ssl=1&w=100&resize=100&ssl=1 100w, https:\/\/i3.wp.com\/femergs.com.br\/wfe\/wp-content\/plugins\/ultimate-post\/assets\/img\/ultp-fallback-img.png?ssl=1&w=150&resize=150&ssl=1 150w, https:\/\/i3.wp.com\/femergs.com.br\/wfe\/wp-content\/plugins\/ultimate-post\/assets\/img\/ultp-fallback-img.png?ssl=1&w=240&resize=240&ssl=1 240w, https:\/\/i3.wp.com\/femergs.com.br\/wfe\/wp-content\/plugins\/ultimate-post\/assets\/img\/ultp-fallback-img.png?ssl=1&w=320&resize=320&ssl=1 320w, https:\/\/i3.wp.com\/femergs.com.br\/wfe\/wp-content\/plugins\/ultimate-post\/assets\/img\/ultp-fallback-img.png?ssl=1&w=500&resize=500&ssl=1 500w, https:\/\/i3.wp.com\/femergs.com.br\/wfe\/wp-content\/plugins\/ultimate-post\/assets\/img\/ultp-fallback-img.png?ssl=1&w=640&resize=640&ssl=1 640w, https:\/\/i3.wp.com\/femergs.com.br\/wfe\/wp-content\/plugins\/ultimate-post\/assets\/img\/ultp-fallback-img.png?ssl=1&w=800&resize=800&ssl=1 800w, https:\/\/i3.wp.com\/femergs.com.br\/wfe\/wp-content\/plugins\/ultimate-post\/assets\/img\/ultp-fallback-img.png?ssl=1&w=1024&resize=1024&ssl=1 1024w, https:\/\/i3.wp.com\/femergs.com.br\/wfe\/wp-content\/plugins\/ultimate-post\/assets\/img\/ultp-fallback-img.png?ssl=1&w=1280&resize=1280&ssl=1 1280w, https:\/\/i3.wp.com\/femergs.com.br\/wfe\/wp-content\/plugins\/ultimate-post\/assets\/img\/ultp-fallback-img.png?ssl=1&w=1600&resize=1600&ssl=1 1600w\" class=\"ultp-block-image-content\" fifu-data-src=\"https:\/\/i3.wp.com\/femergs.com.br\/wfe\/wp-content\/plugins\/ultimate-post\/assets\/img\/ultp-fallback-img.png?ssl=1\" alt=\"dummy-img\" \/><\/a><\/div><div class=\"ultp-block-content\"><div class=\"ultp-category-grid ultp-category-classic ultp-category-aboveTitle\"><div class=\"ultp-category-in\"><a class=\"ultp-cat-noticias\" href=\"https:\/\/femergs.com.br\/wfe\/blog\/category\/noticias\/\"  >Not\u00edcias Gerais<\/a><\/div><\/div><h3 class=\"ultp-block-title \"><a href=\"https:\/\/femergs.com.br\/wfe\/blog\/femergs-participa-de-reuniao-sobre-o-forum-das-centrais-sindicais-2\/\" >FEMERGS PARTICIPA DE REUNI\u00c3O SOBRE O F\u00d3RUM DAS CENTRAIS SINDICAIS<\/a><\/h3><div class=\"ultp-block-meta ultp-block-meta-dot ultp-block-meta-icon\"><span class=\"ultp-block-date ultp-block-meta-element\"><svg xmlns=\"http:\/\/www.w3.org\/2000\/svg\" fill=\"none\" viewBox=\"0 0 24 24\">\n  <path stroke=\"currentColor\" stroke-linecap=\"round\" stroke-linejoin=\"round\" stroke-width=\"1.5\" d=\"M3 5.5a2 2 0 0 1 2-2h14a2 2 0 0 1 2 2v14a2 2 0 0 1-2 2H5a2 2 0 0 1-2-2v-14ZM8 2v3m8-3v3M3 9h18\"\/>\n<\/svg>\njan 23, 2025<\/span><\/div><div class=\"ultp-block-excerpt\"><p>No dia 21 de janeiro de 2025, a Vice-Presidente da&hellip;<\/p>\n<\/div><div class=\"ultp-block-readmore\"><a aria-label=\"FEMERGS PARTICIPA DE REUNI\u00c3O SOBRE O F\u00d3RUM DAS CENTRAIS SINDICAIS\" href=\"https:\/\/femergs.com.br\/wfe\/blog\/femergs-participa-de-reuniao-sobre-o-forum-das-centrais-sindicais-2\/\" >Leia mais<svg xmlns=\"http:\/\/www.w3.org\/2000\/svg\" fill=\"none\" viewBox=\"0 0 24 24\">\n  <path stroke=\"currentColor\" stroke-linecap=\"round\" stroke-linejoin=\"round\" stroke-width=\"1.5\" d=\"m12 20.5 8.5-8.5m0 0L12 3.5m8.5 8.5h-17\"\/>\n<\/svg>\n<\/a><\/div><\/div><\/div><\/div><div class=\"ultp-block-item post-id-124\"><div class=\"ultp-block-content-wrap\"><div class=\"ultp-block-image ultp-block-image-opacity\"><a href=\"https:\/\/femergs.com.br\/wfe\/blog\/femergs-participa-de-reuniao-sobre-o-forum-das-centrais-sindicais\/\" ><img decoding=\"async\" src=\"data:image\/gif;base64,R0lGODlhAQABAIAAAAAAAP\/\/\/ywAAAAAAQABAAACAUwAOw==\" fifu-lazy=\"1\" fifu-data-sizes=\"auto\" fifu-data-srcset=\"https:\/\/i3.wp.com\/femergs.com.br\/wfe\/wp-content\/uploads\/2025\/06\/543_1532.webp?ssl=1&w=75&resize=75&ssl=1 75w, https:\/\/i3.wp.com\/femergs.com.br\/wfe\/wp-content\/uploads\/2025\/06\/543_1532.webp?ssl=1&w=100&resize=100&ssl=1 100w, https:\/\/i3.wp.com\/femergs.com.br\/wfe\/wp-content\/uploads\/2025\/06\/543_1532.webp?ssl=1&w=150&resize=150&ssl=1 150w, https:\/\/i3.wp.com\/femergs.com.br\/wfe\/wp-content\/uploads\/2025\/06\/543_1532.webp?ssl=1&w=240&resize=240&ssl=1 240w, https:\/\/i3.wp.com\/femergs.com.br\/wfe\/wp-content\/uploads\/2025\/06\/543_1532.webp?ssl=1&w=320&resize=320&ssl=1 320w, https:\/\/i3.wp.com\/femergs.com.br\/wfe\/wp-content\/uploads\/2025\/06\/543_1532.webp?ssl=1&w=500&resize=500&ssl=1 500w, https:\/\/i3.wp.com\/femergs.com.br\/wfe\/wp-content\/uploads\/2025\/06\/543_1532.webp?ssl=1&w=640&resize=640&ssl=1 640w, https:\/\/i3.wp.com\/femergs.com.br\/wfe\/wp-content\/uploads\/2025\/06\/543_1532.webp?ssl=1&w=800&resize=800&ssl=1 800w, https:\/\/i3.wp.com\/femergs.com.br\/wfe\/wp-content\/uploads\/2025\/06\/543_1532.webp?ssl=1&w=1024&resize=1024&ssl=1 1024w, https:\/\/i3.wp.com\/femergs.com.br\/wfe\/wp-content\/uploads\/2025\/06\/543_1532.webp?ssl=1&w=1280&resize=1280&ssl=1 1280w, https:\/\/i3.wp.com\/femergs.com.br\/wfe\/wp-content\/uploads\/2025\/06\/543_1532.webp?ssl=1&w=1600&resize=1600&ssl=1 1600w\"  class=\"ultp-block-image-content\"  alt=\"FEMERGS PARTICIPA DE REUNI\u00c3O SOBRE O F\u00d3RUM DAS CENTRAIS SINDICAIS\"  fifu-data-src=\"https:\/\/i3.wp.com\/femergs.com.br\/wfe\/wp-content\/uploads\/2025\/06\/543_1532.webp?ssl=1\" \/><\/a><\/div><div class=\"ultp-block-content\"><div class=\"ultp-category-grid ultp-category-classic ultp-category-aboveTitle\"><div class=\"ultp-category-in\"><a class=\"ultp-cat-noticias\" href=\"https:\/\/femergs.com.br\/wfe\/blog\/category\/noticias\/\"  >Not\u00edcias Gerais<\/a><\/div><\/div><h3 class=\"ultp-block-title \"><a href=\"https:\/\/femergs.com.br\/wfe\/blog\/femergs-participa-de-reuniao-sobre-o-forum-das-centrais-sindicais\/\" >FEMERGS PARTICIPA DE REUNI\u00c3O SOBRE O F\u00d3RUM DAS CENTRAIS SINDICAIS<\/a><\/h3><div class=\"ultp-block-meta ultp-block-meta-dot ultp-block-meta-icon\"><span class=\"ultp-block-date ultp-block-meta-element\"><svg xmlns=\"http:\/\/www.w3.org\/2000\/svg\" fill=\"none\" viewBox=\"0 0 24 24\">\n  <path stroke=\"currentColor\" stroke-linecap=\"round\" stroke-linejoin=\"round\" stroke-width=\"1.5\" d=\"M3 5.5a2 2 0 0 1 2-2h14a2 2 0 0 1 2 2v14a2 2 0 0 1-2 2H5a2 2 0 0 1-2-2v-14ZM8 2v3m8-3v3M3 9h18\"\/>\n<\/svg>\njan 21, 2025<\/span><\/div><div class=\"ultp-block-excerpt\"><p>No dia 21 de janeiro de 2025, a Vice-Presidente da&hellip;<\/p>\n<\/div><div class=\"ultp-block-readmore\"><a aria-label=\"FEMERGS PARTICIPA DE REUNI\u00c3O SOBRE O F\u00d3RUM DAS CENTRAIS SINDICAIS\" href=\"https:\/\/femergs.com.br\/wfe\/blog\/femergs-participa-de-reuniao-sobre-o-forum-das-centrais-sindicais\/\" >Leia mais<svg xmlns=\"http:\/\/www.w3.org\/2000\/svg\" fill=\"none\" viewBox=\"0 0 24 24\">\n  <path stroke=\"currentColor\" stroke-linecap=\"round\" stroke-linejoin=\"round\" stroke-width=\"1.5\" d=\"m12 20.5 8.5-8.5m0 0L12 3.5m8.5 8.5h-17\"\/>\n<\/svg>\n<\/a><\/div><\/div><\/div><\/div><div class=\"ultp-block-item post-id-545\"><div class=\"ultp-block-content-wrap\"><div class=\"ultp-block-image ultp-block-image-opacity\"><a href=\"https:\/\/femergs.com.br\/wfe\/blog\/sindicato-professores-de-santa-maria-sinprosm\/\" ><img decoding=\"async\" src=\"data:image\/gif;base64,R0lGODlhAQABAIAAAAAAAP\/\/\/ywAAAAAAQABAAACAUwAOw==\" fifu-lazy=\"1\" fifu-data-sizes=\"auto\" fifu-data-srcset=\"https:\/\/i3.wp.com\/femergs.com.br\/wfe\/wp-content\/uploads\/2025\/07\/SINPROSM.webp?ssl=1&w=75&resize=75&ssl=1 75w, https:\/\/i3.wp.com\/femergs.com.br\/wfe\/wp-content\/uploads\/2025\/07\/SINPROSM.webp?ssl=1&w=100&resize=100&ssl=1 100w, https:\/\/i3.wp.com\/femergs.com.br\/wfe\/wp-content\/uploads\/2025\/07\/SINPROSM.webp?ssl=1&w=150&resize=150&ssl=1 150w, https:\/\/i3.wp.com\/femergs.com.br\/wfe\/wp-content\/uploads\/2025\/07\/SINPROSM.webp?ssl=1&w=240&resize=240&ssl=1 240w, https:\/\/i3.wp.com\/femergs.com.br\/wfe\/wp-content\/uploads\/2025\/07\/SINPROSM.webp?ssl=1&w=320&resize=320&ssl=1 320w, https:\/\/i3.wp.com\/femergs.com.br\/wfe\/wp-content\/uploads\/2025\/07\/SINPROSM.webp?ssl=1&w=500&resize=500&ssl=1 500w, https:\/\/i3.wp.com\/femergs.com.br\/wfe\/wp-content\/uploads\/2025\/07\/SINPROSM.webp?ssl=1&w=640&resize=640&ssl=1 640w, https:\/\/i3.wp.com\/femergs.com.br\/wfe\/wp-content\/uploads\/2025\/07\/SINPROSM.webp?ssl=1&w=800&resize=800&ssl=1 800w, https:\/\/i3.wp.com\/femergs.com.br\/wfe\/wp-content\/uploads\/2025\/07\/SINPROSM.webp?ssl=1&w=1024&resize=1024&ssl=1 1024w, https:\/\/i3.wp.com\/femergs.com.br\/wfe\/wp-content\/uploads\/2025\/07\/SINPROSM.webp?ssl=1&w=1280&resize=1280&ssl=1 1280w, https:\/\/i3.wp.com\/femergs.com.br\/wfe\/wp-content\/uploads\/2025\/07\/SINPROSM.webp?ssl=1&w=1600&resize=1600&ssl=1 1600w\"  class=\"ultp-block-image-content\"  alt=\"SINDICATO PROFESSORES DE SANTA MARIA \u2013 SINPROSM\"  fifu-data-src=\"https:\/\/i3.wp.com\/femergs.com.br\/wfe\/wp-content\/uploads\/2025\/07\/SINPROSM.webp?ssl=1\" \/><\/a><\/div><div class=\"ultp-block-content\"><div class=\"ultp-category-grid ultp-category-classic ultp-category-aboveTitle\"><div class=\"ultp-category-in\"><a class=\"ultp-cat-educacao\" href=\"https:\/\/femergs.com.br\/wfe\/blog\/category\/educacao\/\"  >Educa\u00e7\u00e3o<\/a><a class=\"ultp-cat-noticias\" href=\"https:\/\/femergs.com.br\/wfe\/blog\/category\/noticias\/\"  >Not\u00edcias Gerais<\/a><\/div><\/div><h3 class=\"ultp-block-title \"><a href=\"https:\/\/femergs.com.br\/wfe\/blog\/sindicato-professores-de-santa-maria-sinprosm\/\" >SINDICATO PROFESSORES DE SANTA MARIA &#8211; SINPROSM<\/a><\/h3><div class=\"ultp-block-meta ultp-block-meta-dot ultp-block-meta-icon\"><span class=\"ultp-block-date ultp-block-meta-element\"><svg xmlns=\"http:\/\/www.w3.org\/2000\/svg\" fill=\"none\" viewBox=\"0 0 24 24\">\n  <path stroke=\"currentColor\" stroke-linecap=\"round\" stroke-linejoin=\"round\" stroke-width=\"1.5\" d=\"M3 5.5a2 2 0 0 1 2-2h14a2 2 0 0 1 2 2v14a2 2 0 0 1-2 2H5a2 2 0 0 1-2-2v-14ZM8 2v3m8-3v3M3 9h18\"\/>\n<\/svg>\njan 8, 2025<\/span><\/div><div class=\"ultp-block-excerpt\"><p>No dia 07 de janeiro de 2025, a Presidente da&hellip;<\/p>\n<\/div><div class=\"ultp-block-readmore\"><a aria-label=\"SINDICATO PROFESSORES DE SANTA MARIA &#8211; SINPROSM\" href=\"https:\/\/femergs.com.br\/wfe\/blog\/sindicato-professores-de-santa-maria-sinprosm\/\" >Leia mais<svg xmlns=\"http:\/\/www.w3.org\/2000\/svg\" fill=\"none\" viewBox=\"0 0 24 24\">\n  <path stroke=\"currentColor\" stroke-linecap=\"round\" stroke-linejoin=\"round\" stroke-width=\"1.5\" d=\"m12 20.5 8.5-8.5m0 0L12 3.5m8.5 8.5h-17\"\/>\n<\/svg>\n<\/a><\/div><\/div><\/div><\/div><div class=\"ultp-block-item post-id-491\"><div class=\"ultp-block-content-wrap\"><div class=\"ultp-block-image ultp-block-image-opacity\"><a href=\"https:\/\/femergs.com.br\/wfe\/blog\/femergs-promove-dialogo-em-sao-vicente-do-sul\/\" ><img decoding=\"async\" src=\"data:image\/gif;base64,R0lGODlhAQABAIAAAAAAAP\/\/\/ywAAAAAAQABAAACAUwAOw==\" fifu-lazy=\"1\" fifu-data-sizes=\"auto\" fifu-data-srcset=\"https:\/\/i1.wp.com\/femergs.com.br\/wfe\/wp-content\/uploads\/2025\/07\/femergs-saovicente.webp?ssl=1&w=75&resize=75&ssl=1 75w, https:\/\/i1.wp.com\/femergs.com.br\/wfe\/wp-content\/uploads\/2025\/07\/femergs-saovicente.webp?ssl=1&w=100&resize=100&ssl=1 100w, https:\/\/i1.wp.com\/femergs.com.br\/wfe\/wp-content\/uploads\/2025\/07\/femergs-saovicente.webp?ssl=1&w=150&resize=150&ssl=1 150w, https:\/\/i1.wp.com\/femergs.com.br\/wfe\/wp-content\/uploads\/2025\/07\/femergs-saovicente.webp?ssl=1&w=240&resize=240&ssl=1 240w, https:\/\/i1.wp.com\/femergs.com.br\/wfe\/wp-content\/uploads\/2025\/07\/femergs-saovicente.webp?ssl=1&w=320&resize=320&ssl=1 320w, https:\/\/i1.wp.com\/femergs.com.br\/wfe\/wp-content\/uploads\/2025\/07\/femergs-saovicente.webp?ssl=1&w=500&resize=500&ssl=1 500w, https:\/\/i1.wp.com\/femergs.com.br\/wfe\/wp-content\/uploads\/2025\/07\/femergs-saovicente.webp?ssl=1&w=640&resize=640&ssl=1 640w, https:\/\/i1.wp.com\/femergs.com.br\/wfe\/wp-content\/uploads\/2025\/07\/femergs-saovicente.webp?ssl=1&w=800&resize=800&ssl=1 800w, https:\/\/i1.wp.com\/femergs.com.br\/wfe\/wp-content\/uploads\/2025\/07\/femergs-saovicente.webp?ssl=1&w=1024&resize=1024&ssl=1 1024w, https:\/\/i1.wp.com\/femergs.com.br\/wfe\/wp-content\/uploads\/2025\/07\/femergs-saovicente.webp?ssl=1&w=1280&resize=1280&ssl=1 1280w, https:\/\/i1.wp.com\/femergs.com.br\/wfe\/wp-content\/uploads\/2025\/07\/femergs-saovicente.webp?ssl=1&w=1600&resize=1600&ssl=1 1600w\"  class=\"ultp-block-image-content\"  alt=\"FEMERGS promove di\u00e1logo em S\u00e3o Vicente do Sul\"  fifu-data-src=\"https:\/\/i1.wp.com\/femergs.com.br\/wfe\/wp-content\/uploads\/2025\/07\/femergs-saovicente.webp?ssl=1\" \/><\/a><\/div><div class=\"ultp-block-content\"><div class=\"ultp-category-grid ultp-category-classic ultp-category-aboveTitle\"><div class=\"ultp-category-in\"><a class=\"ultp-cat-noticias\" href=\"https:\/\/femergs.com.br\/wfe\/blog\/category\/noticias\/\"  >Not\u00edcias Gerais<\/a><\/div><\/div><h3 class=\"ultp-block-title \"><a href=\"https:\/\/femergs.com.br\/wfe\/blog\/femergs-promove-dialogo-em-sao-vicente-do-sul\/\" >FEMERGS promove di\u00e1logo em S\u00e3o Vicente do Sul<\/a><\/h3><div class=\"ultp-block-meta ultp-block-meta-dot ultp-block-meta-icon\"><span class=\"ultp-block-date ultp-block-meta-element\"><svg xmlns=\"http:\/\/www.w3.org\/2000\/svg\" fill=\"none\" viewBox=\"0 0 24 24\">\n  <path stroke=\"currentColor\" stroke-linecap=\"round\" stroke-linejoin=\"round\" stroke-width=\"1.5\" d=\"M3 5.5a2 2 0 0 1 2-2h14a2 2 0 0 1 2 2v14a2 2 0 0 1-2 2H5a2 2 0 0 1-2-2v-14ZM8 2v3m8-3v3M3 9h18\"\/>\n<\/svg>\njan 8, 2025<\/span><\/div><div class=\"ultp-block-excerpt\"><p>Na noite do dia 07 de janeiro de 2025, a&hellip;<\/p>\n<\/div><div class=\"ultp-block-readmore\"><a aria-label=\"FEMERGS promove di\u00e1logo em S\u00e3o Vicente do Sul\" href=\"https:\/\/femergs.com.br\/wfe\/blog\/femergs-promove-dialogo-em-sao-vicente-do-sul\/\" >Leia mais<svg xmlns=\"http:\/\/www.w3.org\/2000\/svg\" fill=\"none\" viewBox=\"0 0 24 24\">\n  <path stroke=\"currentColor\" stroke-linecap=\"round\" stroke-linejoin=\"round\" stroke-width=\"1.5\" d=\"m12 20.5 8.5-8.5m0 0L12 3.5m8.5 8.5h-17\"\/>\n<\/svg>\n<\/a><\/div><\/div><\/div><\/div><div class=\"ultp-block-item post-id-1369\"><div class=\"ultp-block-content-wrap\"><div class=\"ultp-block-image ultp-block-image-opacity\"><a href=\"https:\/\/femergs.com.br\/wfe\/blog\/sindicato-dos-municiparios-de-tres-de-maio\/\" ><img decoding=\"async\"  class=\"ultp-block-image-content\"  alt=\"Sindicato dos Municiparios de Tr\u00eas de Maio\"  src=\"https:\/\/i3.wp.com\/femergs.com.br\/Im4g3nsN0t1cia\/geral\/images\/WhatsApp_Image_2024-12-20_at_09_22_38.jpeg?w=1600&#038;resize=1600&#038;ssl=1&#038;w=1600&#038;resize=1600,720&#038;ssl=1\" \/><\/a><\/div><div class=\"ultp-block-content\"><div class=\"ultp-category-grid ultp-category-classic ultp-category-aboveTitle\"><div class=\"ultp-category-in\"><a class=\"ultp-cat-noticias\" href=\"https:\/\/femergs.com.br\/wfe\/blog\/category\/noticias\/\"  >Not\u00edcias Gerais<\/a><\/div><\/div><h3 class=\"ultp-block-title \"><a href=\"https:\/\/femergs.com.br\/wfe\/blog\/sindicato-dos-municiparios-de-tres-de-maio\/\" >Sindicato dos Municiparios de Tr\u00eas de Maio<\/a><\/h3><div class=\"ultp-block-meta ultp-block-meta-dot ultp-block-meta-icon\"><span class=\"ultp-block-date ultp-block-meta-element\"><svg xmlns=\"http:\/\/www.w3.org\/2000\/svg\" fill=\"none\" viewBox=\"0 0 24 24\">\n  <path stroke=\"currentColor\" stroke-linecap=\"round\" stroke-linejoin=\"round\" stroke-width=\"1.5\" d=\"M3 5.5a2 2 0 0 1 2-2h14a2 2 0 0 1 2 2v14a2 2 0 0 1-2 2H5a2 2 0 0 1-2-2v-14ZM8 2v3m8-3v3M3 9h18\"\/>\n<\/svg>\ndez 20, 2024<\/span><\/div><div class=\"ultp-block-excerpt\"><p>A Presidente Clarice Mainardi, na noite do dia 19 de&hellip;<\/p>\n<\/div><div class=\"ultp-block-readmore\"><a aria-label=\"Sindicato dos Municiparios de Tr\u00eas de Maio\" href=\"https:\/\/femergs.com.br\/wfe\/blog\/sindicato-dos-municiparios-de-tres-de-maio\/\" >Leia mais<svg xmlns=\"http:\/\/www.w3.org\/2000\/svg\" fill=\"none\" viewBox=\"0 0 24 24\">\n  <path stroke=\"currentColor\" stroke-linecap=\"round\" stroke-linejoin=\"round\" stroke-width=\"1.5\" d=\"m12 20.5 8.5-8.5m0 0L12 3.5m8.5 8.5h-17\"\/>\n<\/svg>\n<\/a><\/div><\/div><\/div><\/div><div class=\"ultp-block-item post-id-1368\"><div class=\"ultp-block-content-wrap\"><div class=\"ultp-block-image ultp-block-image-opacity\"><a href=\"https:\/\/femergs.com.br\/wfe\/blog\/sindicato-dos-municiparios-de-crissiumal\/\" ><img decoding=\"async\"  class=\"ultp-block-image-content\"  alt=\"Sindicato dos Municip\u00e1rios de Crissiumal\"  src=\"https:\/\/i1.wp.com\/femergs.com.br\/Im4g3nsN0t1cia\/geral\/images\/WhatsApp_Image_2024-12-19_at_10_58_12.jpeg?w=1600&#038;resize=1600&#038;ssl=1&#038;w=1600&#038;resize=1600,1200&#038;ssl=1\" \/><\/a><\/div><div class=\"ultp-block-content\"><div class=\"ultp-category-grid ultp-category-classic ultp-category-aboveTitle\"><div class=\"ultp-category-in\"><a class=\"ultp-cat-noticias\" href=\"https:\/\/femergs.com.br\/wfe\/blog\/category\/noticias\/\"  >Not\u00edcias Gerais<\/a><\/div><\/div><h3 class=\"ultp-block-title \"><a href=\"https:\/\/femergs.com.br\/wfe\/blog\/sindicato-dos-municiparios-de-crissiumal\/\" >Sindicato dos Municip\u00e1rios de Crissiumal<\/a><\/h3><div class=\"ultp-block-meta ultp-block-meta-dot ultp-block-meta-icon\"><span class=\"ultp-block-date ultp-block-meta-element\"><svg xmlns=\"http:\/\/www.w3.org\/2000\/svg\" fill=\"none\" viewBox=\"0 0 24 24\">\n  <path stroke=\"currentColor\" stroke-linecap=\"round\" stroke-linejoin=\"round\" stroke-width=\"1.5\" d=\"M3 5.5a2 2 0 0 1 2-2h14a2 2 0 0 1 2 2v14a2 2 0 0 1-2 2H5a2 2 0 0 1-2-2v-14ZM8 2v3m8-3v3M3 9h18\"\/>\n<\/svg>\ndez 19, 2024<\/span><\/div><div class=\"ultp-block-excerpt\"><p>Na noite do dia 18 de Dezembro a Presidente Clarice&hellip;<\/p>\n<\/div><div class=\"ultp-block-readmore\"><a aria-label=\"Sindicato dos Municip\u00e1rios de Crissiumal\" href=\"https:\/\/femergs.com.br\/wfe\/blog\/sindicato-dos-municiparios-de-crissiumal\/\" >Leia mais<svg xmlns=\"http:\/\/www.w3.org\/2000\/svg\" fill=\"none\" viewBox=\"0 0 24 24\">\n  <path stroke=\"currentColor\" stroke-linecap=\"round\" stroke-linejoin=\"round\" stroke-width=\"1.5\" d=\"m12 20.5 8.5-8.5m0 0L12 3.5m8.5 8.5h-17\"\/>\n<\/svg>\n<\/a><\/div><\/div><\/div><\/div><\/div><\/div><div class=\"pagination-block-html\" aria-hidden=\"true\" style=\"display: none;\"><div class=\"ultp-pagination-wrap ultp-pagination-ajax-action\"  data-for=\"ultp-block-aa15b2\"  data-blockid=\"aa15b2\"  data-expost=\"\"  data-paged=\"1\"  data-pages=\"6\"  data-blockname=\"ultimate-post_post-grid-1\"  data-postid=\"77\"  data-selfpostid=\"yes\" ><ul class=\"ultp-pagination\"><li class=\"ultp-prev-page-numbers\" style=\"display:none\"><a href=\"https:\/\/femergs.com.br\/wfe\/wp-json\/wp\/v2\/pages\/77\/\"><svg xmlns=\"http:\/\/www.w3.org\/2000\/svg\" fill=\"none\" viewBox=\"0 0 24 24\">\n  <path stroke=\"currentColor\" stroke-linecap=\"round\" stroke-linejoin=\"round\" stroke-width=\"1.5\" d=\"m15 18-6-6 6-6\"\/>\n<\/svg>\n Previous<\/a><\/li><li class=\"ultp-first-pages\" style=\"display:none\" data-current=\"1\"><a href=\"https:\/\/femergs.com.br\/wfe\/wp-json\/wp\/v2\/pages\/77\/\">1<\/a><\/li><li class=\"ultp-first-dot\"style=\"display:none\"><a href=\"#\">&#8230;<\/a><\/li><li class=\"ultp-center-item pagination-active\" data-current=\"1\"><a href=\"https:\/\/femergs.com.br\/wfe\/wp-json\/wp\/v2\/pages\/77\/\">1<\/a><\/li><li class=\"ultp-center-item\" data-current=\"2\" ><a href=\"https:\/\/femergs.com.br\/wfe\/wp-json\/wp\/v2\/pages\/77\/page\/2\/\">2<\/a><\/li><li class=\"ultp-center-item\" data-current=\"3\" ><a href=\"https:\/\/femergs.com.br\/wfe\/wp-json\/wp\/v2\/pages\/77\/page\/3\/\">3<\/a><\/li><li class=\"ultp-last-dot\" ><a href=\"#\">&#8230;<\/a><\/li><li class=\"ultp-last-pages\" data-current=\"6\"><a href=\"https:\/\/femergs.com.br\/wfe\/wp-json\/wp\/v2\/pages\/77\/page\/6\/\">6<\/a><\/li><li class=\"ultp-next-page-numbers\"><a href=\"https:\/\/femergs.com.br\/wfe\/wp-json\/wp\/v2\/pages\/77\/page\/2\/\">Next<svg xmlns=\"http:\/\/www.w3.org\/2000\/svg\" fill=\"none\" viewBox=\"0 0 24 24\">\n  <path stroke=\"currentColor\" stroke-linecap=\"round\" stroke-linejoin=\"round\" stroke-width=\"1.5\" d=\"m9 18 6-6-6-6\"\/>\n<\/svg>\n<\/a><\/li><\/ul><\/div><\/div><\/div>\n\n\n<div class=\"wp-block-ultimate-post-post-pagination ultp-block-8ec7b0 ultp-pagination-block ultp-pagination-wrap\"><div class=\"ultp-pagination-wrap ultp-disable-editor-click ultp-pagination-ajax-action\"><ul class=\"ultp-pagination\"><li><a href=\"#\" class=\"ultp-prev-page-numbers\"><svg enable-background=\"new 0 0 477.175 477.175\" version=\"1.1\" viewBox=\"0 0 477.18 477.18\"><path d=\"m145.19 238.58 215.5-215.5c5.3-5.3 5.3-13.8 0-19.1s-13.8-5.3-19.1 0l-225.1 225.1c-5.3 5.3-5.3 13.8 0 19.1l225.1 225c2.6 2.6 6.1 4 9.5 4s6.9-1.3 9.5-4c5.3-5.3 5.3-13.8 0-19.1l-215.4-215.5z\"><\/path><\/svg> Previous<\/a><\/li><li><a href=\"#\">1<\/a><\/li><li><a href=\"#\">2<\/a><\/li><li><a href=\"#\">3<\/a><\/li><li><a href=\"#\" class=\"ultp-next-page-numbers\">Next <svg enable-background=\"new 0 0 477.175 477.175\" version=\"1.1\" viewBox=\"0 0 477.18 477.18\"><path d=\"m360.73 229.08-225.1-225.1c-5.3-5.3-13.8-5.3-19.1 0s-5.3 13.8 0 19.1l215.5 215.5-215.5 215.5c-5.3 5.3-5.3 13.8 0 19.1 2.6 2.6 6.1 4 9.5 4s6.9-1.3 9.5-4l225.1-225.1c5.3-5.2 5.3-13.8 0.1-19z\"><\/path><\/svg><\/a><\/li><\/ul><\/div><\/div>\n<\/div>\n\n\n\n<div style=\"height:11px\" aria-hidden=\"true\" class=\"wp-block-spacer\"><\/div>\n<\/div>\n\n\n\n<div class=\"wp-block-column is-layout-flow wp-block-column-is-layout-flow\" style=\"padding-right:32px;padding-left:32px;flex-basis:30%\">\n<h3 class=\"wp-block-heading has-foreground-color has-text-color has-link-color wp-elements-61deec7a3c2d5544923643028ea2d332\">Artigos<\/h3>\n\n\n\n<div style=\"height:10px\" aria-hidden=\"true\" class=\"wp-block-spacer\"><\/div>\n\n\n\n<div class=\"wp-block-group blog-section has-secondary-background-color has-background has-global-padding is-layout-constrained wp-container-core-group-is-layout-d6554d75 wp-block-group-is-layout-constrained\" style=\"margin-top:0px;margin-bottom:0px\">\n<div class=\"wp-block-query is-layout-flow wp-block-query-is-layout-flow\"><ul class=\"columns-1 wp-block-post-template is-layout-grid wp-container-core-post-template-is-layout-19505109 wp-block-post-template-is-layout-grid\"><li class=\"wp-block-post post-502 post type-post status-publish format-standard hentry category-artigos tag-artigo tag-carta tag-femergs tag-solidariedade\">\n\n<div class=\"wp-block-group blog-box has-border-color has-border-color-border-color has-background-background-color has-background has-global-padding is-layout-constrained wp-container-core-group-is-layout-3ab62efb wp-block-group-is-layout-constrained\" style=\"border-width:1px;border-radius:10px;margin-top:0;margin-bottom:0;padding-top:var(--wp--preset--spacing--30);padding-right:var(--wp--preset--spacing--30);padding-bottom:var(--wp--preset--spacing--30);padding-left:var(--wp--preset--spacing--30)\"><h4 style=\"font-style:normal;font-weight:700;text-transform:capitalize; padding-right:var(--wp--preset--spacing--60);padding-left:var(--wp--preset--spacing--60);padding-top:var(--wp--preset--spacing--50);padding-bottom:var(--wp--preset--spacing--20);\" class=\"wp-block-post-title has-small-font-size\"><a href=\"https:\/\/femergs.com.br\/wfe\/blog\/carta-aberta-em-solidariedade-ao-povo-gaucho\/\" target=\"_self\" >CARTA ABERTA EM SOLIDARIEDADE AO POVO GA\u00daCHO!<\/a><\/h4>\n\n\n<div class=\"wp-block-group blog-image-box has-global-padding is-layout-constrained wp-block-group-is-layout-constrained\" style=\"padding-top:var(--wp--preset--spacing--20);padding-bottom:var(--wp--preset--spacing--20)\">\n<div class=\"wp-block-group post-date has-ternary-to-primary-gradient-background has-background has-global-padding is-layout-constrained wp-container-core-group-is-layout-e6f1036d wp-block-group-is-layout-constrained\" style=\"border-radius:20px;margin-top:0;margin-bottom:0;padding-top:0;padding-right:0;padding-bottom:0;padding-left:0;font-size:10px\"><div style=\"font-style:normal;font-weight:600;text-transform:uppercase;\" class=\"has-text-align-center has-link-color wp-elements-56c3aa2c6eb8e5b29585e396f97b2112 wp-block-post-date has-text-color has-white-color\"><time datetime=\"2025-07-11T12:16:48+00:00\">11 de julho de 2025<\/time><\/div><\/div>\n<\/div>\n\n\n<div style=\"padding-right:var(--wp--preset--spacing--60);padding-left:var(--wp--preset--spacing--60);\" class=\"blog-excerpt wp-block-post-excerpt has-small-font-size\"><p class=\"wp-block-post-excerpt__excerpt\">Femergs presta solidariedade \u00e0 popula\u00e7\u00e3o do RS e prop\u00f5e reconstru\u00e7\u00e3o social ap\u00f3s trag\u00e9dia. Sabemos que&hellip;<\/p><p class=\"wp-block-post-excerpt__more-text\"><a class=\"wp-block-post-excerpt__more-link\" href=\"https:\/\/femergs.com.br\/wfe\/blog\/carta-aberta-em-solidariedade-ao-povo-gaucho\/\">Leia Mais &gt;<\/a><\/p><\/div><\/div>\n\n<\/li><li class=\"wp-block-post post-511 post type-post status-publish format-standard hentry category-artigos\">\n\n<div class=\"wp-block-group blog-box has-border-color has-border-color-border-color has-background-background-color has-background has-global-padding is-layout-constrained wp-container-core-group-is-layout-3ab62efb wp-block-group-is-layout-constrained\" style=\"border-width:1px;border-radius:10px;margin-top:0;margin-bottom:0;padding-top:var(--wp--preset--spacing--30);padding-right:var(--wp--preset--spacing--30);padding-bottom:var(--wp--preset--spacing--30);padding-left:var(--wp--preset--spacing--30)\"><h4 style=\"font-style:normal;font-weight:700;text-transform:capitalize; padding-right:var(--wp--preset--spacing--60);padding-left:var(--wp--preset--spacing--60);padding-top:var(--wp--preset--spacing--50);padding-bottom:var(--wp--preset--spacing--20);\" class=\"wp-block-post-title has-small-font-size\"><a href=\"https:\/\/femergs.com.br\/wfe\/blog\/mensagem-dia-internacional-da-mulher\/\" target=\"_self\" >MENSAGEM DIA INTERNACIONAL DA MULHER<\/a><\/h4>\n\n\n<div class=\"wp-block-group blog-image-box has-global-padding is-layout-constrained wp-block-group-is-layout-constrained\" style=\"padding-top:var(--wp--preset--spacing--20);padding-bottom:var(--wp--preset--spacing--20)\">\n<div class=\"wp-block-group post-date has-ternary-to-primary-gradient-background has-background has-global-padding is-layout-constrained wp-container-core-group-is-layout-e6f1036d wp-block-group-is-layout-constrained\" style=\"border-radius:20px;margin-top:0;margin-bottom:0;padding-top:0;padding-right:0;padding-bottom:0;padding-left:0;font-size:10px\"><div style=\"font-style:normal;font-weight:600;text-transform:uppercase;\" class=\"has-text-align-center has-link-color wp-elements-56c3aa2c6eb8e5b29585e396f97b2112 wp-block-post-date has-text-color has-white-color\"><time datetime=\"2023-03-08T12:58:00+00:00\">8 de mar\u00e7o de 2023<\/time><\/div><\/div>\n<\/div>\n\n\n<div style=\"padding-right:var(--wp--preset--spacing--60);padding-left:var(--wp--preset--spacing--60);\" class=\"blog-excerpt wp-block-post-excerpt has-small-font-size\"><p class=\"wp-block-post-excerpt__excerpt\">Mulher \u00e9 mesmo interessante\u2026Mesmo brava \u00e9 linda, mesmo alegre, chora, mesmo apaixonada, ignora, mesmo fr\u00e1gil&hellip;<\/p><p class=\"wp-block-post-excerpt__more-text\"><a class=\"wp-block-post-excerpt__more-link\" href=\"https:\/\/femergs.com.br\/wfe\/blog\/mensagem-dia-internacional-da-mulher\/\">Leia Mais &gt;<\/a><\/p><\/div><\/div>\n\n<\/li><li class=\"wp-block-post post-513 post type-post status-publish format-standard hentry category-artigos tag-administrativa tag-artigo tag-brasil tag-femergs tag-reforma\">\n\n<div class=\"wp-block-group blog-box has-border-color has-border-color-border-color has-background-background-color has-background has-global-padding is-layout-constrained wp-container-core-group-is-layout-3ab62efb wp-block-group-is-layout-constrained\" style=\"border-width:1px;border-radius:10px;margin-top:0;margin-bottom:0;padding-top:var(--wp--preset--spacing--30);padding-right:var(--wp--preset--spacing--30);padding-bottom:var(--wp--preset--spacing--30);padding-left:var(--wp--preset--spacing--30)\"><h4 style=\"font-style:normal;font-weight:700;text-transform:capitalize; padding-right:var(--wp--preset--spacing--60);padding-left:var(--wp--preset--spacing--60);padding-top:var(--wp--preset--spacing--50);padding-bottom:var(--wp--preset--spacing--20);\" class=\"wp-block-post-title has-small-font-size\"><a href=\"https:\/\/femergs.com.br\/wfe\/blog\/reforma-administrativa-futuro-sombrio-para-o-brasil\/\" target=\"_self\" >REFORMA ADMINISTRATIVA: FUTURO SOMBRIO PARA O BRASIL<\/a><\/h4>\n\n\n<div class=\"wp-block-group blog-image-box has-global-padding is-layout-constrained wp-block-group-is-layout-constrained\" style=\"padding-top:var(--wp--preset--spacing--20);padding-bottom:var(--wp--preset--spacing--20)\">\n<div class=\"wp-block-group post-date has-ternary-to-primary-gradient-background has-background has-global-padding is-layout-constrained wp-container-core-group-is-layout-e6f1036d wp-block-group-is-layout-constrained\" style=\"border-radius:20px;margin-top:0;margin-bottom:0;padding-top:0;padding-right:0;padding-bottom:0;padding-left:0;font-size:10px\"><div style=\"font-style:normal;font-weight:600;text-transform:uppercase;\" class=\"has-text-align-center has-link-color wp-elements-56c3aa2c6eb8e5b29585e396f97b2112 wp-block-post-date has-text-color has-white-color\"><time datetime=\"2021-08-05T13:03:00+00:00\">5 de agosto de 2021<\/time><\/div><\/div>\n<\/div>\n\n\n<div style=\"padding-right:var(--wp--preset--spacing--60);padding-left:var(--wp--preset--spacing--60);\" class=\"blog-excerpt wp-block-post-excerpt has-small-font-size\"><p class=\"wp-block-post-excerpt__excerpt\">???? Se for aprovada, a Reforma Administrativa (PEC 32\/2020) vai jogar o Brasil em um&hellip;<\/p><p class=\"wp-block-post-excerpt__more-text\"><a class=\"wp-block-post-excerpt__more-link\" href=\"https:\/\/femergs.com.br\/wfe\/blog\/reforma-administrativa-futuro-sombrio-para-o-brasil\/\">Leia Mais &gt;<\/a><\/p><\/div><\/div>\n\n<\/li><\/ul>\n\n<\/div>\n\n\n\n<div style=\"height:49px\" aria-hidden=\"true\" class=\"wp-block-spacer\"><\/div>\n<\/div>\n\n\n\n<hr class=\"wp-block-separator has-text-color has-heading-color has-alpha-channel-opacity has-heading-background-color has-background is-style-wide\"\/>\n\n\n\n<h3 class=\"wp-block-heading has-foreground-color has-text-color has-link-color wp-elements-6e274625ac11b4045f5ca42a8b19e5f4\">Arquivo de Not\u00edcias<\/h3>\n\n\n<ul class=\"wp-block-archives-list wp-block-archives\">\t<li><a href='https:\/\/femergs.com.br\/wfe\/blog\/2026\/'>2026<\/a><\/li>\n\t<li><a href='https:\/\/femergs.com.br\/wfe\/blog\/2025\/'>2025<\/a><\/li>\n\t<li><a href='https:\/\/femergs.com.br\/wfe\/blog\/2024\/'>2024<\/a><\/li>\n\t<li><a href='https:\/\/femergs.com.br\/wfe\/blog\/2023\/'>2023<\/a><\/li>\n\t<li><a href='https:\/\/femergs.com.br\/wfe\/blog\/2022\/'>2022<\/a><\/li>\n\t<li><a href='https:\/\/femergs.com.br\/wfe\/blog\/2021\/'>2021<\/a><\/li>\n\t<li><a href='https:\/\/femergs.com.br\/wfe\/blog\/2020\/'>2020<\/a><\/li>\n\t<li><a href='https:\/\/femergs.com.br\/wfe\/blog\/2019\/'>2019<\/a><\/li>\n\t<li><a href='https:\/\/femergs.com.br\/wfe\/blog\/2018\/'>2018<\/a><\/li>\n\t<li><a href='https:\/\/femergs.com.br\/wfe\/blog\/2017\/'>2017<\/a><\/li>\n<\/ul><\/div>\n<\/div>\n","protected":false},"excerpt":{"rendered":"<p>\u00daltimas Not\u00edcias Artigos Arquivo de Not\u00edcias<\/p>\n","protected":false},"author":1,"featured_media":0,"parent":0,"menu_order":0,"comment_status":"closed","ping_status":"closed","template":"","meta":{"_eb_attr":"","_uag_custom_page_level_css":"","footnotes":""},"class_list":["post-77","page","type-page","status-publish","hentry"],"yoast_head":"<!-- This site is optimized with the Yoast SEO plugin v27.1.1 - https:\/\/yoast.com\/product\/yoast-seo-wordpress\/ -->\n<title>Not\u00edcias, A\u00e7\u00f5es e Artigos - Federa\u00e7\u00e3o dos Municip\u00e1rios do Estado do Rio Grande do Sul<\/title>\n<meta name=\"robots\" content=\"index, follow, max-snippet:-1, max-image-preview:large, max-video-preview:-1\" \/>\n<link rel=\"canonical\" href=\"https:\/\/femergs.com.br\/wfe\/comunicacao\/\" \/>\n<meta property=\"og:locale\" content=\"pt_BR\" \/>\n<meta property=\"og:type\" content=\"article\" \/>\n<meta property=\"og:title\" content=\"Not\u00edcias, A\u00e7\u00f5es e Artigos - Federa\u00e7\u00e3o dos Municip\u00e1rios do Estado do Rio Grande do Sul\" \/>\n<meta property=\"og:description\" content=\"\u00daltimas Not\u00edcias Artigos Arquivo de Not\u00edcias\" \/>\n<meta property=\"og:url\" content=\"https:\/\/femergs.com.br\/wfe\/comunicacao\/\" \/>\n<meta property=\"og:site_name\" content=\"Federa\u00e7\u00e3o dos Municip\u00e1rios do Estado do Rio Grande do Sul\" \/>\n<meta property=\"article:publisher\" content=\"https:\/\/www.facebook.com\/profile.php?id=100057151733001\" \/>\n<meta property=\"article:modified_time\" content=\"2025-09-02T20:44:29+00:00\" \/>\n<meta name=\"twitter:card\" content=\"summary_large_image\" \/>\n<meta name=\"twitter:label1\" content=\"Est. tempo de leitura\" \/>\n\t<meta name=\"twitter:data1\" content=\"1 minuto\" \/>\n<script type=\"application\/ld+json\" class=\"yoast-schema-graph\">{\"@context\":\"https:\/\/schema.org\",\"@graph\":[{\"@type\":\"WebPage\",\"@id\":\"https:\/\/femergs.com.br\/wfe\/comunicacao\/\",\"url\":\"https:\/\/femergs.com.br\/wfe\/comunicacao\/\",\"name\":\"Not\u00edcias, A\u00e7\u00f5es e Artigos - Federa\u00e7\u00e3o dos Municip\u00e1rios do Estado do Rio Grande do Sul\",\"isPartOf\":{\"@id\":\"https:\/\/femergs.com.br\/wfe\/#website\"},\"datePublished\":\"2025-06-26T18:44:37+00:00\",\"dateModified\":\"2025-09-02T20:44:29+00:00\",\"breadcrumb\":{\"@id\":\"https:\/\/femergs.com.br\/wfe\/comunicacao\/#breadcrumb\"},\"inLanguage\":\"pt-BR\",\"potentialAction\":[{\"@type\":\"ReadAction\",\"target\":[\"https:\/\/femergs.com.br\/wfe\/comunicacao\/\"]}]},{\"@type\":\"BreadcrumbList\",\"@id\":\"https:\/\/femergs.com.br\/wfe\/comunicacao\/#breadcrumb\",\"itemListElement\":[{\"@type\":\"ListItem\",\"position\":1,\"name\":\"In\u00edcio\",\"item\":\"https:\/\/femergs.com.br\/wfe\/\"},{\"@type\":\"ListItem\",\"position\":2,\"name\":\"Not\u00edcias, A\u00e7\u00f5es e Artigos\"}]},{\"@type\":\"WebSite\",\"@id\":\"https:\/\/femergs.com.br\/wfe\/#website\",\"url\":\"https:\/\/femergs.com.br\/wfe\/\",\"name\":\"FEMERGS\",\"description\":\"FEDERA\u00c7\u00c3O DOS MUNICIP\u00c1RIOS DO ESTADO DO RIO GRANDE DO SUL\",\"publisher\":{\"@id\":\"https:\/\/femergs.com.br\/wfe\/#organization\"},\"potentialAction\":[{\"@type\":\"SearchAction\",\"target\":{\"@type\":\"EntryPoint\",\"urlTemplate\":\"https:\/\/femergs.com.br\/wfe\/?s={search_term_string}\"},\"query-input\":{\"@type\":\"PropertyValueSpecification\",\"valueRequired\":true,\"valueName\":\"search_term_string\"}}],\"inLanguage\":\"pt-BR\"},{\"@type\":\"Organization\",\"@id\":\"https:\/\/femergs.com.br\/wfe\/#organization\",\"name\":\"FEMERGS\",\"url\":\"https:\/\/femergs.com.br\/wfe\/\",\"logo\":{\"@type\":\"ImageObject\",\"inLanguage\":\"pt-BR\",\"@id\":\"https:\/\/femergs.com.br\/wfe\/#\/schema\/logo\/image\/\",\"url\":\"https:\/\/femergs.com.br\/wfe\/wp-content\/uploads\/2025\/06\/logotipo.png\",\"contentUrl\":\"https:\/\/femergs.com.br\/wfe\/wp-content\/uploads\/2025\/06\/logotipo.png\",\"width\":500,\"height\":500,\"caption\":\"FEMERGS\"},\"image\":{\"@id\":\"https:\/\/femergs.com.br\/wfe\/#\/schema\/logo\/image\/\"},\"sameAs\":[\"https:\/\/www.facebook.com\/profile.php?id=100057151733001\",\"https:\/\/www.instagram.com\/femergs_rs\/\"]}]}<\/script>\n<!-- \/ Yoast SEO plugin. -->","yoast_head_json":{"title":"Not\u00edcias, A\u00e7\u00f5es e Artigos - Federa\u00e7\u00e3o dos Municip\u00e1rios do Estado do Rio Grande do Sul","robots":{"index":"index","follow":"follow","max-snippet":"max-snippet:-1","max-image-preview":"max-image-preview:large","max-video-preview":"max-video-preview:-1"},"canonical":"https:\/\/femergs.com.br\/wfe\/comunicacao\/","og_locale":"pt_BR","og_type":"article","og_title":"Not\u00edcias, A\u00e7\u00f5es e Artigos - Federa\u00e7\u00e3o dos Municip\u00e1rios do Estado do Rio Grande do Sul","og_description":"\u00daltimas Not\u00edcias Artigos Arquivo de Not\u00edcias","og_url":"https:\/\/femergs.com.br\/wfe\/comunicacao\/","og_site_name":"Federa\u00e7\u00e3o dos Municip\u00e1rios do Estado do Rio Grande do Sul","article_publisher":"https:\/\/www.facebook.com\/profile.php?id=100057151733001","article_modified_time":"2025-09-02T20:44:29+00:00","twitter_card":"summary_large_image","twitter_misc":{"Est. tempo de leitura":"1 minuto"},"schema":{"@context":"https:\/\/schema.org","@graph":[{"@type":"WebPage","@id":"https:\/\/femergs.com.br\/wfe\/comunicacao\/","url":"https:\/\/femergs.com.br\/wfe\/comunicacao\/","name":"Not\u00edcias, A\u00e7\u00f5es e Artigos - Federa\u00e7\u00e3o dos Municip\u00e1rios do Estado do Rio Grande do Sul","isPartOf":{"@id":"https:\/\/femergs.com.br\/wfe\/#website"},"datePublished":"2025-06-26T18:44:37+00:00","dateModified":"2025-09-02T20:44:29+00:00","breadcrumb":{"@id":"https:\/\/femergs.com.br\/wfe\/comunicacao\/#breadcrumb"},"inLanguage":"pt-BR","potentialAction":[{"@type":"ReadAction","target":["https:\/\/femergs.com.br\/wfe\/comunicacao\/"]}]},{"@type":"BreadcrumbList","@id":"https:\/\/femergs.com.br\/wfe\/comunicacao\/#breadcrumb","itemListElement":[{"@type":"ListItem","position":1,"name":"In\u00edcio","item":"https:\/\/femergs.com.br\/wfe\/"},{"@type":"ListItem","position":2,"name":"Not\u00edcias, A\u00e7\u00f5es e Artigos"}]},{"@type":"WebSite","@id":"https:\/\/femergs.com.br\/wfe\/#website","url":"https:\/\/femergs.com.br\/wfe\/","name":"FEMERGS","description":"FEDERA\u00c7\u00c3O DOS MUNICIP\u00c1RIOS DO ESTADO DO RIO GRANDE DO SUL","publisher":{"@id":"https:\/\/femergs.com.br\/wfe\/#organization"},"potentialAction":[{"@type":"SearchAction","target":{"@type":"EntryPoint","urlTemplate":"https:\/\/femergs.com.br\/wfe\/?s={search_term_string}"},"query-input":{"@type":"PropertyValueSpecification","valueRequired":true,"valueName":"search_term_string"}}],"inLanguage":"pt-BR"},{"@type":"Organization","@id":"https:\/\/femergs.com.br\/wfe\/#organization","name":"FEMERGS","url":"https:\/\/femergs.com.br\/wfe\/","logo":{"@type":"ImageObject","inLanguage":"pt-BR","@id":"https:\/\/femergs.com.br\/wfe\/#\/schema\/logo\/image\/","url":"https:\/\/femergs.com.br\/wfe\/wp-content\/uploads\/2025\/06\/logotipo.png","contentUrl":"https:\/\/femergs.com.br\/wfe\/wp-content\/uploads\/2025\/06\/logotipo.png","width":500,"height":500,"caption":"FEMERGS"},"image":{"@id":"https:\/\/femergs.com.br\/wfe\/#\/schema\/logo\/image\/"},"sameAs":["https:\/\/www.facebook.com\/profile.php?id=100057151733001","https:\/\/www.instagram.com\/femergs_rs\/"]}]}},"uagb_featured_image_src":{"full":false,"thumbnail":false,"medium":false,"medium_large":false,"large":false,"1536x1536":false,"2048x2048":false,"ultp_layout_landscape_large":false,"ultp_layout_landscape":false,"ultp_layout_portrait":false,"ultp_layout_square":false},"uagb_author_info":{"display_name":"adminfemergs","author_link":"https:\/\/femergs.com.br\/wfe\/blog\/author\/adminfemergs\/"},"uagb_comment_info":0,"uagb_excerpt":"\u00daltimas Not\u00edcias Artigos Arquivo de Not\u00edcias","_links":{"self":[{"href":"https:\/\/femergs.com.br\/wfe\/wp-json\/wp\/v2\/pages\/77","targetHints":{"allow":["GET"]}}],"collection":[{"href":"https:\/\/femergs.com.br\/wfe\/wp-json\/wp\/v2\/pages"}],"about":[{"href":"https:\/\/femergs.com.br\/wfe\/wp-json\/wp\/v2\/types\/page"}],"author":[{"embeddable":true,"href":"https:\/\/femergs.com.br\/wfe\/wp-json\/wp\/v2\/users\/1"}],"replies":[{"embeddable":true,"href":"https:\/\/femergs.com.br\/wfe\/wp-json\/wp\/v2\/comments?post=77"}],"version-history":[{"count":86,"href":"https:\/\/femergs.com.br\/wfe\/wp-json\/wp\/v2\/pages\/77\/revisions"}],"predecessor-version":[{"id":1590,"href":"https:\/\/femergs.com.br\/wfe\/wp-json\/wp\/v2\/pages\/77\/revisions\/1590"}],"wp:attachment":[{"href":"https:\/\/femergs.com.br\/wfe\/wp-json\/wp\/v2\/media?parent=77"}],"curies":[{"name":"wp","href":"https:\/\/api.w.org\/{rel}","templated":true}]}}