{"id":873,"date":"2025-08-06T11:34:46","date_gmt":"2025-08-06T11:34:46","guid":{"rendered":"https:\/\/femergs.com.br\/wfe\/?page_id=873"},"modified":"2026-01-20T16:06:59","modified_gmt":"2026-01-20T16:06:59","slug":"galeria-de-videos","status":"publish","type":"page","link":"https:\/\/femergs.com.br\/wfe\/galeria-de-videos\/","title":{"rendered":"Galeria de Videos"},"content":{"rendered":"<div class=\"automatic-youtube-gallery ayg\">\n        <ayg-theme-classic id=\"ayg-9b3fc2d5534afacf239fab44d6bf6b3e\" class=\"ayg-theme ayg-theme-classic\" data-params='{\"uid\":\"9b3fc2d5534afacf239fab44d6bf6b3e\",\"loop\":0,\"autoadvance\":1,\"player_title\":1,\"player_description\":1}'>\n        <div class=\"ayg-player\">\n            <div class=\"ayg-player-container\" style=\"max-width: 100%;\">\n                <ayg-player src=\"https:\/\/www.youtube.com\/embed\/RnR_K0n72fs?enablejsapi=1&#038;playsinline=1&#038;rel=0&#038;autoplay=1&#038;modestbranding=1&#038;iv_load_policy=3\" ratio=\"56.25\" title=\"Video Coisa de Menino V3 so CSBN\u00e3o a Viol\u00eancia!!#femergs#mesdamulher#CSB#juntoscontraaviol\u00eancia\" poster=\"https:\/\/i.ytimg.com\/vi\/RnR_K0n72fs\/maxresdefault.jpg\"><\/ayg-player>           \n            <\/div>\n            <div class=\"ayg-player-caption\">\n                    \n                    <h2 class=\"ayg-player-title\">Video Coisa de Menino V3 so CSBN\u00e3o a Viol\u00eancia!!#femergs#mesdamulher#CSB#juntoscontraaviol\u00eancia<\/h2>  \n                                  \n                    <ayg-description class=\"ayg-player-description\"><\/ayg-description>\n                            <\/div>\n        <\/div>\n        <div class=\"ayg-videos ayg-gallery ayg-row\">\n                            <div class=\"ayg-video ayg-video-RnR_K0n72fs ayg-col ayg-col-3 ayg-col-xs-2 ayg-active\">\n                    <div class=\"ayg-thumbnail\" data-id=\"RnR_K0n72fs\" data-title=\"Video Coisa de Menino V3 so CSBN\u00e3o a Viol\u00eancia!!#femergs#mesdamulher#CSB#juntoscontraaviol\u00eancia\" data-url=\"\">\n    <div class=\"ayg-thumbnail-media\">\n        <img loading=\"lazy\" decoding=\"async\" src=\"https:\/\/i.ytimg.com\/vi\/RnR_K0n72fs\/maxresdefault.jpg\" class=\"ayg-thumbnail-image\" width=\"320\" height=\"180\" alt=\"Video Coisa de Menino V3 so CSBN\u00e3o a Viol\u00eancia!!#femergs#mesdamulher#CSB#juntoscontraaviol\u00eancia\" \/><svg xmlns=\"http:\/\/www.w3.org\/2000\/svg\" fill=\"white\" width=\"40\" height=\"40\" viewBox=\"0 0 24 24\" class=\"ayg-icon ayg-thumbnail-icon-play\" title=\"Play\" aria-label=\"Play\"><path fill-rule=\"evenodd\" d=\"M2.25 12c0-5.385 4.365-9.75 9.75-9.75s9.75 4.365 9.75 9.75-4.365 9.75-9.75 9.75S2.25 17.385 2.25 12Zm14.024-.983a1.125 1.125 0 0 1 0 1.966l-5.603 3.113A1.125 1.125 0 0 1 9 15.113V8.887c0-.857.921-1.4 1.671-.983l5.603 3.113Z\" clip-rule=\"evenodd\" \/><\/svg><div class=\"ayg-thumbnail-now-playing\" style=\"display: none;\">Now Playing<\/div>        \n    <\/div>\n    <div class=\"ayg-thumbnail-caption\">\n         \n            <div class=\"ayg-thumbnail-title\">Video Coisa de Menino V3 so CSBN\u00e3o a Viol\u00eancia!!#femergs#mesdamulher#CSB#juntoscontraaviol\u00eancia<\/div>\n         \n                    <\/div>           \n<\/div>                <\/div>\n                            <div class=\"ayg-video ayg-video-5Rn2kXOy8d0 ayg-col ayg-col-3 ayg-col-xs-2\">\n                    <div class=\"ayg-thumbnail\" data-id=\"5Rn2kXOy8d0\" data-title=\"Natal 2025\" data-url=\"\">\n    <div class=\"ayg-thumbnail-media\">\n        <img loading=\"lazy\" decoding=\"async\" src=\"https:\/\/i.ytimg.com\/vi\/5Rn2kXOy8d0\/maxresdefault.jpg\" class=\"ayg-thumbnail-image\" width=\"320\" height=\"180\" alt=\"Natal 2025\" \/><svg xmlns=\"http:\/\/www.w3.org\/2000\/svg\" fill=\"white\" width=\"40\" height=\"40\" viewBox=\"0 0 24 24\" class=\"ayg-icon ayg-thumbnail-icon-play\" title=\"Play\" aria-label=\"Play\"><path fill-rule=\"evenodd\" d=\"M2.25 12c0-5.385 4.365-9.75 9.75-9.75s9.75 4.365 9.75 9.75-4.365 9.75-9.75 9.75S2.25 17.385 2.25 12Zm14.024-.983a1.125 1.125 0 0 1 0 1.966l-5.603 3.113A1.125 1.125 0 0 1 9 15.113V8.887c0-.857.921-1.4 1.671-.983l5.603 3.113Z\" clip-rule=\"evenodd\" \/><\/svg><div class=\"ayg-thumbnail-now-playing\" style=\"display: none;\">Now Playing<\/div>        \n    <\/div>\n    <div class=\"ayg-thumbnail-caption\">\n         \n            <div class=\"ayg-thumbnail-title\">Natal 2025<\/div>\n         \n                    <\/div>           \n<\/div>                <\/div>\n                            <div class=\"ayg-video ayg-video-tm-j7bKsW00 ayg-col ayg-col-3 ayg-col-xs-2\">\n                    <div class=\"ayg-thumbnail\" data-id=\"tm-j7bKsW00\" data-title=\"Pres. Clarice no dia 17 na C\u00e2m. de Ver. de Santa Rosa em defesa do Piso Nacional do Magist\u00e9rio.\" data-url=\"\">\n    <div class=\"ayg-thumbnail-media\">\n        <img loading=\"lazy\" decoding=\"async\" src=\"https:\/\/i.ytimg.com\/vi\/tm-j7bKsW00\/mqdefault.jpg\" class=\"ayg-thumbnail-image\" width=\"320\" height=\"180\" alt=\"Pres. Clarice no dia 17 na C\u00e2m. de Ver. de Santa Rosa em defesa do Piso Nacional do Magist\u00e9rio.\" \/><svg xmlns=\"http:\/\/www.w3.org\/2000\/svg\" fill=\"white\" width=\"40\" height=\"40\" viewBox=\"0 0 24 24\" class=\"ayg-icon ayg-thumbnail-icon-play\" title=\"Play\" aria-label=\"Play\"><path fill-rule=\"evenodd\" d=\"M2.25 12c0-5.385 4.365-9.75 9.75-9.75s9.75 4.365 9.75 9.75-4.365 9.75-9.75 9.75S2.25 17.385 2.25 12Zm14.024-.983a1.125 1.125 0 0 1 0 1.966l-5.603 3.113A1.125 1.125 0 0 1 9 15.113V8.887c0-.857.921-1.4 1.671-.983l5.603 3.113Z\" clip-rule=\"evenodd\" \/><\/svg><div class=\"ayg-thumbnail-now-playing\" style=\"display: none;\">Now Playing<\/div>        \n    <\/div>\n    <div class=\"ayg-thumbnail-caption\">\n         \n            <div class=\"ayg-thumbnail-title\">Pres. Clarice no dia 17 na C\u00e2m. de Ver. de Santa Rosa em defesa do Piso Nacional do Magist\u00e9rio.<\/div>\n         \n                    <div class=\"ayg-thumbnail-excerpt\">Bom dia! Quero registrar minha gratid\u00e3o pela presen\u00e7a e atua\u00e7\u00e3o da ...<\/div>\n                  \n            <div class=\"ayg-thumbnail-description\" style=\"display: none;\"><span class=\"ayg-player-description-less\">Bom dia!<br \/>\nQuero registrar minha  gratid\u00e3o pela presen\u00e7a e atua\u00e7\u00e3o da nossa presidente Clarice na noite de ontem. Sua postura firme e brilhante fez muitos pol\u00edticos repensarem suas atitudes e <span class=\"ayg-player-description-dots\">...<\/span><\/span><span class=\"ayg-player-description-more\">encheu de orgulho todos os servidores que representa. Um verdadeiro exemplo de lideran\u00e7a e coragem!<\/span><a href=\"#\" class=\"ayg-player-description-toggle-btn\">Show More<\/a><\/div>\n            <\/div>           \n<\/div>                <\/div>\n                            <div class=\"ayg-video ayg-video-YYIy73Uvse0 ayg-col ayg-col-3 ayg-col-xs-2\">\n                    <div class=\"ayg-thumbnail\" data-id=\"YYIy73Uvse0\" data-title=\"Agenda 09\/09\" data-url=\"\">\n    <div class=\"ayg-thumbnail-media\">\n        <img loading=\"lazy\" decoding=\"async\" src=\"https:\/\/i.ytimg.com\/vi\/YYIy73Uvse0\/maxresdefault.jpg\" class=\"ayg-thumbnail-image\" width=\"320\" height=\"180\" alt=\"Agenda 09\/09\" \/><svg xmlns=\"http:\/\/www.w3.org\/2000\/svg\" fill=\"white\" width=\"40\" height=\"40\" viewBox=\"0 0 24 24\" class=\"ayg-icon ayg-thumbnail-icon-play\" title=\"Play\" aria-label=\"Play\"><path fill-rule=\"evenodd\" d=\"M2.25 12c0-5.385 4.365-9.75 9.75-9.75s9.75 4.365 9.75 9.75-4.365 9.75-9.75 9.75S2.25 17.385 2.25 12Zm14.024-.983a1.125 1.125 0 0 1 0 1.966l-5.603 3.113A1.125 1.125 0 0 1 9 15.113V8.887c0-.857.921-1.4 1.671-.983l5.603 3.113Z\" clip-rule=\"evenodd\" \/><\/svg><div class=\"ayg-thumbnail-now-playing\" style=\"display: none;\">Now Playing<\/div>        \n    <\/div>\n    <div class=\"ayg-thumbnail-caption\">\n         \n            <div class=\"ayg-thumbnail-title\">Agenda 09\/09<\/div>\n         \n                    <div class=\"ayg-thumbnail-excerpt\">Presidente Clarice Mainardi, presente na instala\u00e7\u00e3o da Frente ...<\/div>\n                  \n            <div class=\"ayg-thumbnail-description\" style=\"display: none;\">Presidente Clarice Mainardi, presente na instala\u00e7\u00e3o da Frente Parlamentar em Defesa do Servidor P\u00fablico. #noticias #noticia<\/div>\n            <\/div>           \n<\/div>                <\/div>\n                            <div class=\"ayg-video ayg-video-aPGVV2jXtzU ayg-col ayg-col-3 ayg-col-xs-2\">\n                    <div class=\"ayg-thumbnail\" data-id=\"aPGVV2jXtzU\" data-title=\"Informativo do SINSEMP  \uff5c  18\u29f808\" data-url=\"\">\n    <div class=\"ayg-thumbnail-media\">\n        <img loading=\"lazy\" decoding=\"async\" src=\"https:\/\/i.ytimg.com\/vi\/aPGVV2jXtzU\/mqdefault.jpg\" class=\"ayg-thumbnail-image\" width=\"320\" height=\"180\" alt=\"Informativo do SINSEMP  \uff5c  18\u29f808\" \/><svg xmlns=\"http:\/\/www.w3.org\/2000\/svg\" fill=\"white\" width=\"40\" height=\"40\" viewBox=\"0 0 24 24\" class=\"ayg-icon ayg-thumbnail-icon-play\" title=\"Play\" aria-label=\"Play\"><path fill-rule=\"evenodd\" d=\"M2.25 12c0-5.385 4.365-9.75 9.75-9.75s9.75 4.365 9.75 9.75-4.365 9.75-9.75 9.75S2.25 17.385 2.25 12Zm14.024-.983a1.125 1.125 0 0 1 0 1.966l-5.603 3.113A1.125 1.125 0 0 1 9 15.113V8.887c0-.857.921-1.4 1.671-.983l5.603 3.113Z\" clip-rule=\"evenodd\" \/><\/svg><div class=\"ayg-thumbnail-now-playing\" style=\"display: none;\">Now Playing<\/div>        \n    <\/div>\n    <div class=\"ayg-thumbnail-caption\">\n         \n            <div class=\"ayg-thumbnail-title\">Informativo do SINSEMP  \uff5c  18\u29f808<\/div>\n         \n                    <\/div>           \n<\/div>                <\/div>\n                            <div class=\"ayg-video ayg-video-KchhG5IwBfg ayg-col ayg-col-3 ayg-col-xs-2\">\n                    <div class=\"ayg-thumbnail\" data-id=\"KchhG5IwBfg\" data-title=\"Audi\u00eancia p\u00fablica 29\/08 -  Palavra da Pres. Clarice Mainardi\" data-url=\"\">\n    <div class=\"ayg-thumbnail-media\">\n        <img loading=\"lazy\" decoding=\"async\" src=\"https:\/\/i.ytimg.com\/vi\/KchhG5IwBfg\/maxresdefault.jpg\" class=\"ayg-thumbnail-image\" width=\"320\" height=\"180\" alt=\"Audi\u00eancia p\u00fablica 29\/08 -  Palavra da Pres. Clarice Mainardi\" \/><svg xmlns=\"http:\/\/www.w3.org\/2000\/svg\" fill=\"white\" width=\"40\" height=\"40\" viewBox=\"0 0 24 24\" class=\"ayg-icon ayg-thumbnail-icon-play\" title=\"Play\" aria-label=\"Play\"><path fill-rule=\"evenodd\" d=\"M2.25 12c0-5.385 4.365-9.75 9.75-9.75s9.75 4.365 9.75 9.75-4.365 9.75-9.75 9.75S2.25 17.385 2.25 12Zm14.024-.983a1.125 1.125 0 0 1 0 1.966l-5.603 3.113A1.125 1.125 0 0 1 9 15.113V8.887c0-.857.921-1.4 1.671-.983l5.603 3.113Z\" clip-rule=\"evenodd\" \/><\/svg><div class=\"ayg-thumbnail-now-playing\" style=\"display: none;\">Now Playing<\/div>        \n    <\/div>\n    <div class=\"ayg-thumbnail-caption\">\n         \n            <div class=\"ayg-thumbnail-title\">Audi\u00eancia p\u00fablica 29\/08 -  Palavra da Pres. Clarice Mainardi<\/div>\n         \n                    <div class=\"ayg-thumbnail-excerpt\">No 29 de setembro, uma audi\u00eancia p\u00fablica na Assembleia Legislativa do ...<\/div>\n                  \n            <div class=\"ayg-thumbnail-description\" style=\"display: none;\"><span class=\"ayg-player-description-less\">No 29 de setembro, uma audi\u00eancia p\u00fablica na Assembleia Legislativa do Rio Grande do Sul, presidida pelo Deputado Leonel Radee e com a presen\u00e7a da Federa\u00e7\u00e3o dos Municip\u00e1rios do RS <span class=\"ayg-player-description-dots\">...<\/span><\/span><span class=\"ayg-player-description-more\">(FEMERGS), discutiu a prec\u00e1ria situa\u00e7\u00e3o dos servidores p\u00fablicos municipais. O evento destacou a import\u00e2ncia fundamental desses profissionais para a democracia e para a garantia de servi\u00e7os essenciais, como sa\u00fade e educa\u00e7\u00e3o, mas exp\u00f4s a realidade de profunda inseguran\u00e7a e desvaloriza\u00e7\u00e3o que enfrentam.<br \/>\n<br \/>\nOs desafios enfrentados pelos servidores:  <br \/>\nInstabilidade e Inseguran\u00e7a Pol\u00edtica: A cada elei\u00e7\u00e3o municipal, a carreira dos servidores se torna incerta. Mudan\u00e7as de gest\u00e3o levam a descontinuidade de projetos e, em alguns casos, a persegui\u00e7\u00e3o e humilha\u00e7\u00e3o de servidores por motivos pol\u00edticos. Essa vulnerabilidade compromete a dedica\u00e7\u00e3o e a qualidade dos servi\u00e7os prestados, enfraquecendo a democracia.<br \/>\n<br \/>\nDefasagem Salarial Devastadora: Muitos servidores municipais no RS recebem sal\u00e1rios-base abaixo do m\u00ednimo. A falta de reposi\u00e7\u00e3o salarial anual, supostamente por falta de or\u00e7amento (mesmo sem comprova\u00e7\u00e3o), resultou em uma perda acumulada de poder de compra. Um exemplo apresentado mostrou que um servidor que ingressou em 2002 com um sal\u00e1rio de R$ 360,00 deveria hoje receber cerca de R$ 3.750,00 para manter o poder de compra, mas ganha apenas R$ 2.900,00.<br \/>\n<br \/>\nImpacto na Sa\u00fade Mental: A constante inseguran\u00e7a profissional e a falta de clareza sobre direitos geram sofrimento mental, com altos \u00edndices de ansiedade, depress\u00e3o e S\u00edndrome de Burnout. Diferentemente do setor privado, os servidores p\u00fablicos municipais n\u00e3o possuem uma legisla\u00e7\u00e3o federal abrangente de seguran\u00e7a e sa\u00fade no trabalho, tornando-os ainda mais vulner\u00e1veis.<br \/>\n<br \/>\nA audi\u00eancia buscou dar visibilidade \u00e0 situa\u00e7\u00e3o invis\u00edvel dos servidores municipais, que se sentem \u00e0 merc\u00ea de decis\u00f5es pol\u00edticas. A FEMERGS e as demais entidades presentes refor\u00e7aram a necessidade de legisla\u00e7\u00f5es superiores que garantam estabilidade jur\u00eddica, valoriza\u00e7\u00e3o da carreira e reposi\u00e7\u00e3o salarial justa, para que os servidores possam continuar sendo o pilar do servi\u00e7o p\u00fablico que a sociedade e a democracia precisam. Afinal, a seguran\u00e7a e a dignidade do servidor s\u00e3o intr\u00ednsecas \u00e0 qualidade do servi\u00e7o p\u00fablico e, consequentemente, aos direitos do cidad\u00e3o.<\/span><a href=\"#\" class=\"ayg-player-description-toggle-btn\">Show More<\/a><\/div>\n            <\/div>           \n<\/div>                <\/div>\n                            <div class=\"ayg-video ayg-video-DQhte_r5g2Y ayg-col ayg-col-3 ayg-col-xs-2\">\n                    <div class=\"ayg-thumbnail\" data-id=\"DQhte_r5g2Y\" data-title=\"PALAVRA DO ASSESSOR JUR\u00cdFICO FEMERGS NA AUDI\u00caNCIA P\u00daBLICA 29\/08\" data-url=\"\">\n    <div class=\"ayg-thumbnail-media\">\n        <img loading=\"lazy\" decoding=\"async\" src=\"https:\/\/i.ytimg.com\/vi\/DQhte_r5g2Y\/maxresdefault.jpg\" class=\"ayg-thumbnail-image\" width=\"320\" height=\"180\" alt=\"PALAVRA DO ASSESSOR JUR\u00cdFICO FEMERGS NA AUDI\u00caNCIA P\u00daBLICA 29\/08\" \/><svg xmlns=\"http:\/\/www.w3.org\/2000\/svg\" fill=\"white\" width=\"40\" height=\"40\" viewBox=\"0 0 24 24\" class=\"ayg-icon ayg-thumbnail-icon-play\" title=\"Play\" aria-label=\"Play\"><path fill-rule=\"evenodd\" d=\"M2.25 12c0-5.385 4.365-9.75 9.75-9.75s9.75 4.365 9.75 9.75-4.365 9.75-9.75 9.75S2.25 17.385 2.25 12Zm14.024-.983a1.125 1.125 0 0 1 0 1.966l-5.603 3.113A1.125 1.125 0 0 1 9 15.113V8.887c0-.857.921-1.4 1.671-.983l5.603 3.113Z\" clip-rule=\"evenodd\" \/><\/svg><div class=\"ayg-thumbnail-now-playing\" style=\"display: none;\">Now Playing<\/div>        \n    <\/div>\n    <div class=\"ayg-thumbnail-caption\">\n         \n            <div class=\"ayg-thumbnail-title\">PALAVRA DO ASSESSOR JUR\u00cdFICO FEMERGS NA AUDI\u00caNCIA P\u00daBLICA 29\/08<\/div>\n         \n                    <\/div>           \n<\/div>                <\/div>\n                            <div class=\"ayg-video ayg-video-YaS3Flxv7M0 ayg-col ayg-col-3 ayg-col-xs-2\">\n                    <div class=\"ayg-thumbnail\" data-id=\"YaS3Flxv7M0\" data-title=\"AUDI\u00caNCIA P\u00daBLICA 29\/08\" data-url=\"\">\n    <div class=\"ayg-thumbnail-media\">\n        <img loading=\"lazy\" decoding=\"async\" src=\"https:\/\/i.ytimg.com\/vi\/YaS3Flxv7M0\/maxresdefault.jpg\" class=\"ayg-thumbnail-image\" width=\"320\" height=\"180\" alt=\"AUDI\u00caNCIA P\u00daBLICA 29\/08\" \/><svg xmlns=\"http:\/\/www.w3.org\/2000\/svg\" fill=\"white\" width=\"40\" height=\"40\" viewBox=\"0 0 24 24\" class=\"ayg-icon ayg-thumbnail-icon-play\" title=\"Play\" aria-label=\"Play\"><path fill-rule=\"evenodd\" d=\"M2.25 12c0-5.385 4.365-9.75 9.75-9.75s9.75 4.365 9.75 9.75-4.365 9.75-9.75 9.75S2.25 17.385 2.25 12Zm14.024-.983a1.125 1.125 0 0 1 0 1.966l-5.603 3.113A1.125 1.125 0 0 1 9 15.113V8.887c0-.857.921-1.4 1.671-.983l5.603 3.113Z\" clip-rule=\"evenodd\" \/><\/svg><div class=\"ayg-thumbnail-now-playing\" style=\"display: none;\">Now Playing<\/div>        \n    <\/div>\n    <div class=\"ayg-thumbnail-caption\">\n         \n            <div class=\"ayg-thumbnail-title\">AUDI\u00caNCIA P\u00daBLICA 29\/08<\/div>\n         \n                    <\/div>           \n<\/div>                <\/div>\n                            <div class=\"ayg-video ayg-video-u-4yneBIpv8 ayg-col ayg-col-3 ayg-col-xs-2\">\n                    <div class=\"ayg-thumbnail\" data-id=\"u-4yneBIpv8\" data-title=\"audi\u00eancia p\u00fablica 29\/08 Dra. Angie Miron\" data-url=\"\">\n    <div class=\"ayg-thumbnail-media\">\n        <img loading=\"lazy\" decoding=\"async\" src=\"https:\/\/i.ytimg.com\/vi\/u-4yneBIpv8\/maxresdefault.jpg\" class=\"ayg-thumbnail-image\" width=\"320\" height=\"180\" alt=\"audi\u00eancia p\u00fablica 29\/08 Dra. Angie Miron\" \/><svg xmlns=\"http:\/\/www.w3.org\/2000\/svg\" fill=\"white\" width=\"40\" height=\"40\" viewBox=\"0 0 24 24\" class=\"ayg-icon ayg-thumbnail-icon-play\" title=\"Play\" aria-label=\"Play\"><path fill-rule=\"evenodd\" d=\"M2.25 12c0-5.385 4.365-9.75 9.75-9.75s9.75 4.365 9.75 9.75-4.365 9.75-9.75 9.75S2.25 17.385 2.25 12Zm14.024-.983a1.125 1.125 0 0 1 0 1.966l-5.603 3.113A1.125 1.125 0 0 1 9 15.113V8.887c0-.857.921-1.4 1.671-.983l5.603 3.113Z\" clip-rule=\"evenodd\" \/><\/svg><div class=\"ayg-thumbnail-now-playing\" style=\"display: none;\">Now Playing<\/div>        \n    <\/div>\n    <div class=\"ayg-thumbnail-caption\">\n         \n            <div class=\"ayg-thumbnail-title\">audi\u00eancia p\u00fablica 29\/08 Dra. Angie Miron<\/div>\n         \n                    <\/div>           \n<\/div>                <\/div>\n                            <div class=\"ayg-video ayg-video-YB52ll2TPA0 ayg-col ayg-col-3 ayg-col-xs-2\">\n                    <div class=\"ayg-thumbnail\" data-id=\"YB52ll2TPA0\" data-title=\"FEMERGS EM MOVIMENTO\" data-url=\"\">\n    <div class=\"ayg-thumbnail-media\">\n        <img loading=\"lazy\" decoding=\"async\" src=\"https:\/\/i.ytimg.com\/vi\/YB52ll2TPA0\/maxresdefault.jpg\" class=\"ayg-thumbnail-image\" width=\"320\" height=\"180\" alt=\"FEMERGS EM MOVIMENTO\" \/><svg xmlns=\"http:\/\/www.w3.org\/2000\/svg\" fill=\"white\" width=\"40\" height=\"40\" viewBox=\"0 0 24 24\" class=\"ayg-icon ayg-thumbnail-icon-play\" title=\"Play\" aria-label=\"Play\"><path fill-rule=\"evenodd\" d=\"M2.25 12c0-5.385 4.365-9.75 9.75-9.75s9.75 4.365 9.75 9.75-4.365 9.75-9.75 9.75S2.25 17.385 2.25 12Zm14.024-.983a1.125 1.125 0 0 1 0 1.966l-5.603 3.113A1.125 1.125 0 0 1 9 15.113V8.887c0-.857.921-1.4 1.671-.983l5.603 3.113Z\" clip-rule=\"evenodd\" \/><\/svg><div class=\"ayg-thumbnail-now-playing\" style=\"display: none;\">Now Playing<\/div>        \n    <\/div>\n    <div class=\"ayg-thumbnail-caption\">\n         \n            <div class=\"ayg-thumbnail-title\">FEMERGS EM MOVIMENTO<\/div>\n         \n                    <\/div>           \n<\/div>                <\/div>\n                            <div class=\"ayg-video ayg-video-Hek98sy1kaM ayg-col ayg-col-3 ayg-col-xs-2\">\n                    <div class=\"ayg-thumbnail\" data-id=\"Hek98sy1kaM\" data-title=\"FEMERGS\" data-url=\"\">\n    <div class=\"ayg-thumbnail-media\">\n        <img loading=\"lazy\" decoding=\"async\" src=\"https:\/\/i.ytimg.com\/vi\/Hek98sy1kaM\/maxresdefault.jpg\" class=\"ayg-thumbnail-image\" width=\"320\" height=\"180\" alt=\"FEMERGS\" \/><svg xmlns=\"http:\/\/www.w3.org\/2000\/svg\" fill=\"white\" width=\"40\" height=\"40\" viewBox=\"0 0 24 24\" class=\"ayg-icon ayg-thumbnail-icon-play\" title=\"Play\" aria-label=\"Play\"><path fill-rule=\"evenodd\" d=\"M2.25 12c0-5.385 4.365-9.75 9.75-9.75s9.75 4.365 9.75 9.75-4.365 9.75-9.75 9.75S2.25 17.385 2.25 12Zm14.024-.983a1.125 1.125 0 0 1 0 1.966l-5.603 3.113A1.125 1.125 0 0 1 9 15.113V8.887c0-.857.921-1.4 1.671-.983l5.603 3.113Z\" clip-rule=\"evenodd\" \/><\/svg><div class=\"ayg-thumbnail-now-playing\" style=\"display: none;\">Now Playing<\/div>        \n    <\/div>\n    <div class=\"ayg-thumbnail-caption\">\n         \n            <div class=\"ayg-thumbnail-title\">FEMERGS<\/div>\n         \n                    <\/div>           \n<\/div>                <\/div>\n                            <div class=\"ayg-video ayg-video-XWTp9Ox41XA ayg-col ayg-col-3 ayg-col-xs-2\">\n                    <div class=\"ayg-thumbnail\" data-id=\"XWTp9Ox41XA\" data-title=\"XIII SEMIN\u00c1RIO DE QUALIFICA\u00c7\u00c3O DO SERVIDOR P\u00daBLICO MUNICIPAL - PRESIDENTA CLARICE IN\u00caS MAINARDI\" data-url=\"\">\n    <div class=\"ayg-thumbnail-media\">\n        <img loading=\"lazy\" decoding=\"async\" src=\"https:\/\/i.ytimg.com\/vi\/XWTp9Ox41XA\/maxresdefault.jpg\" class=\"ayg-thumbnail-image\" width=\"320\" height=\"180\" alt=\"XIII SEMIN\u00c1RIO DE QUALIFICA\u00c7\u00c3O DO SERVIDOR P\u00daBLICO MUNICIPAL - PRESIDENTA CLARICE IN\u00caS MAINARDI\" \/><svg xmlns=\"http:\/\/www.w3.org\/2000\/svg\" fill=\"white\" width=\"40\" height=\"40\" viewBox=\"0 0 24 24\" class=\"ayg-icon ayg-thumbnail-icon-play\" title=\"Play\" aria-label=\"Play\"><path fill-rule=\"evenodd\" d=\"M2.25 12c0-5.385 4.365-9.75 9.75-9.75s9.75 4.365 9.75 9.75-4.365 9.75-9.75 9.75S2.25 17.385 2.25 12Zm14.024-.983a1.125 1.125 0 0 1 0 1.966l-5.603 3.113A1.125 1.125 0 0 1 9 15.113V8.887c0-.857.921-1.4 1.671-.983l5.603 3.113Z\" clip-rule=\"evenodd\" \/><\/svg><div class=\"ayg-thumbnail-now-playing\" style=\"display: none;\">Now Playing<\/div>        \n    <\/div>\n    <div class=\"ayg-thumbnail-caption\">\n         \n            <div class=\"ayg-thumbnail-title\">XIII SEMIN\u00c1RIO DE QUALIFICA\u00c7\u00c3O DO SERVIDOR P\u00daBLICO MUNICIPAL - PRESIDENTA CLARICE IN\u00caS MAINARDI<\/div>\n         \n                    <\/div>           \n<\/div>                <\/div>\n                    <\/div>\n        <ayg-pagination class=\"ayg-pagination\" data-params='{\"uid\":\"9b3fc2d5534afacf239fab44d6bf6b3e\",\"post_id\":873,\"type\":\"channel\",\"src\":\"https:\\\/\\\/www.youtube.com\\\/channel\\\/UCB-BHIydN0HGdv4TmDoZv5Q\",\"order\":\"relevance\",\"limit\":500,\"per_page\":12,\"cache\":1800,\"columns\":3,\"thumb_ratio\":56.25,\"thumb_title\":1,\"thumb_title_length\":0,\"thumb_excerpt\":1,\"thumb_excerpt_length\":75,\"player_description\":1,\"total_pages\":2,\"paged\":1,\"next_page_token\":\"EAAaHlBUOkNBd2lFREZETTBSQ05UYzNNVVUzTkRVelJEUQ\",\"prev_page_token\":\"\"}'>\n            <div class=\"ayg-pagination-prev\">\n            <button type=\"button\" class=\"ayg-btn ayg-pagination-prev-btn\" data-type=\"previous\" style=\"display: none;\">Previous<\/button>\n        <\/div>\n        <div class=\"ayg-pagination-info\">\n            <span class=\"ayg-pagination-current-page-number\">1<\/span>\n            of            <span class=\"ayg-pagination-total-pages\">2<\/span>\n        <\/div>\n        <div class=\"ayg-pagination-next\">\n            <button type=\"button\" class=\"ayg-btn ayg-pagination-next-btn\" data-type=\"next\">Next<\/button>\n        <\/div>\n    <\/ayg-pagination>    <\/ayg-theme-classic>\n<\/div>\n\n","protected":false},"excerpt":{"rendered":"","protected":false},"author":1,"featured_media":0,"parent":0,"menu_order":0,"comment_status":"closed","ping_status":"closed","template":"","meta":{"_eb_attr":"","_uag_custom_page_level_css":"","footnotes":""},"class_list":["post-873","page","type-page","status-publish","hentry"],"yoast_head":"<!-- This site is optimized with the Yoast SEO plugin v27.1.1 - https:\/\/yoast.com\/product\/yoast-seo-wordpress\/ -->\n<title>Galeria de Videos - Federa\u00e7\u00e3o dos Municip\u00e1rios do Estado do Rio Grande do Sul<\/title>\n<meta name=\"robots\" content=\"index, follow, max-snippet:-1, max-image-preview:large, max-video-preview:-1\" \/>\n<link rel=\"canonical\" href=\"https:\/\/femergs.com.br\/wfe\/galeria-de-videos\/\" \/>\n<meta property=\"og:locale\" content=\"pt_BR\" \/>\n<meta property=\"og:type\" content=\"article\" \/>\n<meta property=\"og:title\" content=\"Galeria de Videos - Federa\u00e7\u00e3o dos Municip\u00e1rios do Estado do Rio Grande do Sul\" \/>\n<meta property=\"og:url\" content=\"https:\/\/femergs.com.br\/wfe\/galeria-de-videos\/\" \/>\n<meta property=\"og:site_name\" content=\"Federa\u00e7\u00e3o dos Municip\u00e1rios do Estado do Rio Grande do Sul\" \/>\n<meta property=\"article:publisher\" content=\"https:\/\/www.facebook.com\/profile.php?id=100057151733001\" \/>\n<meta property=\"article:modified_time\" content=\"2026-01-20T16:06:59+00:00\" \/>\n<meta name=\"twitter:card\" content=\"summary_large_image\" \/>\n<meta name=\"twitter:label1\" content=\"Est. tempo de leitura\" \/>\n\t<meta name=\"twitter:data1\" content=\"1 minuto\" \/>\n<script type=\"application\/ld+json\" class=\"yoast-schema-graph\">{\"@context\":\"https:\/\/schema.org\",\"@graph\":[{\"@type\":\"WebPage\",\"@id\":\"https:\/\/femergs.com.br\/wfe\/galeria-de-videos\/\",\"url\":\"https:\/\/femergs.com.br\/wfe\/galeria-de-videos\/\",\"name\":\"Galeria de Videos - Federa\u00e7\u00e3o dos Municip\u00e1rios do Estado do Rio Grande do Sul\",\"isPartOf\":{\"@id\":\"https:\/\/femergs.com.br\/wfe\/#website\"},\"datePublished\":\"2025-08-06T11:34:46+00:00\",\"dateModified\":\"2026-01-20T16:06:59+00:00\",\"breadcrumb\":{\"@id\":\"https:\/\/femergs.com.br\/wfe\/galeria-de-videos\/#breadcrumb\"},\"inLanguage\":\"pt-BR\",\"potentialAction\":[{\"@type\":\"ReadAction\",\"target\":[\"https:\/\/femergs.com.br\/wfe\/galeria-de-videos\/\"]}]},{\"@type\":\"BreadcrumbList\",\"@id\":\"https:\/\/femergs.com.br\/wfe\/galeria-de-videos\/#breadcrumb\",\"itemListElement\":[{\"@type\":\"ListItem\",\"position\":1,\"name\":\"In\u00edcio\",\"item\":\"https:\/\/femergs.com.br\/wfe\/\"},{\"@type\":\"ListItem\",\"position\":2,\"name\":\"Galeria de Videos\"}]},{\"@type\":\"WebSite\",\"@id\":\"https:\/\/femergs.com.br\/wfe\/#website\",\"url\":\"https:\/\/femergs.com.br\/wfe\/\",\"name\":\"FEMERGS\",\"description\":\"FEDERA\u00c7\u00c3O DOS MUNICIP\u00c1RIOS DO ESTADO DO RIO GRANDE DO SUL\",\"publisher\":{\"@id\":\"https:\/\/femergs.com.br\/wfe\/#organization\"},\"potentialAction\":[{\"@type\":\"SearchAction\",\"target\":{\"@type\":\"EntryPoint\",\"urlTemplate\":\"https:\/\/femergs.com.br\/wfe\/?s={search_term_string}\"},\"query-input\":{\"@type\":\"PropertyValueSpecification\",\"valueRequired\":true,\"valueName\":\"search_term_string\"}}],\"inLanguage\":\"pt-BR\"},{\"@type\":\"Organization\",\"@id\":\"https:\/\/femergs.com.br\/wfe\/#organization\",\"name\":\"FEMERGS\",\"url\":\"https:\/\/femergs.com.br\/wfe\/\",\"logo\":{\"@type\":\"ImageObject\",\"inLanguage\":\"pt-BR\",\"@id\":\"https:\/\/femergs.com.br\/wfe\/#\/schema\/logo\/image\/\",\"url\":\"https:\/\/femergs.com.br\/wfe\/wp-content\/uploads\/2025\/06\/logotipo.png\",\"contentUrl\":\"https:\/\/femergs.com.br\/wfe\/wp-content\/uploads\/2025\/06\/logotipo.png\",\"width\":500,\"height\":500,\"caption\":\"FEMERGS\"},\"image\":{\"@id\":\"https:\/\/femergs.com.br\/wfe\/#\/schema\/logo\/image\/\"},\"sameAs\":[\"https:\/\/www.facebook.com\/profile.php?id=100057151733001\",\"https:\/\/www.instagram.com\/femergs_rs\/\"]}]}<\/script>\n<!-- \/ Yoast SEO plugin. -->","yoast_head_json":{"title":"Galeria de Videos - Federa\u00e7\u00e3o dos Municip\u00e1rios do Estado do Rio Grande do Sul","robots":{"index":"index","follow":"follow","max-snippet":"max-snippet:-1","max-image-preview":"max-image-preview:large","max-video-preview":"max-video-preview:-1"},"canonical":"https:\/\/femergs.com.br\/wfe\/galeria-de-videos\/","og_locale":"pt_BR","og_type":"article","og_title":"Galeria de Videos - Federa\u00e7\u00e3o dos Municip\u00e1rios do Estado do Rio Grande do Sul","og_url":"https:\/\/femergs.com.br\/wfe\/galeria-de-videos\/","og_site_name":"Federa\u00e7\u00e3o dos Municip\u00e1rios do Estado do Rio Grande do Sul","article_publisher":"https:\/\/www.facebook.com\/profile.php?id=100057151733001","article_modified_time":"2026-01-20T16:06:59+00:00","twitter_card":"summary_large_image","twitter_misc":{"Est. tempo de leitura":"1 minuto"},"schema":{"@context":"https:\/\/schema.org","@graph":[{"@type":"WebPage","@id":"https:\/\/femergs.com.br\/wfe\/galeria-de-videos\/","url":"https:\/\/femergs.com.br\/wfe\/galeria-de-videos\/","name":"Galeria de Videos - Federa\u00e7\u00e3o dos Municip\u00e1rios do Estado do Rio Grande do Sul","isPartOf":{"@id":"https:\/\/femergs.com.br\/wfe\/#website"},"datePublished":"2025-08-06T11:34:46+00:00","dateModified":"2026-01-20T16:06:59+00:00","breadcrumb":{"@id":"https:\/\/femergs.com.br\/wfe\/galeria-de-videos\/#breadcrumb"},"inLanguage":"pt-BR","potentialAction":[{"@type":"ReadAction","target":["https:\/\/femergs.com.br\/wfe\/galeria-de-videos\/"]}]},{"@type":"BreadcrumbList","@id":"https:\/\/femergs.com.br\/wfe\/galeria-de-videos\/#breadcrumb","itemListElement":[{"@type":"ListItem","position":1,"name":"In\u00edcio","item":"https:\/\/femergs.com.br\/wfe\/"},{"@type":"ListItem","position":2,"name":"Galeria de Videos"}]},{"@type":"WebSite","@id":"https:\/\/femergs.com.br\/wfe\/#website","url":"https:\/\/femergs.com.br\/wfe\/","name":"FEMERGS","description":"FEDERA\u00c7\u00c3O DOS MUNICIP\u00c1RIOS DO ESTADO DO RIO GRANDE DO SUL","publisher":{"@id":"https:\/\/femergs.com.br\/wfe\/#organization"},"potentialAction":[{"@type":"SearchAction","target":{"@type":"EntryPoint","urlTemplate":"https:\/\/femergs.com.br\/wfe\/?s={search_term_string}"},"query-input":{"@type":"PropertyValueSpecification","valueRequired":true,"valueName":"search_term_string"}}],"inLanguage":"pt-BR"},{"@type":"Organization","@id":"https:\/\/femergs.com.br\/wfe\/#organization","name":"FEMERGS","url":"https:\/\/femergs.com.br\/wfe\/","logo":{"@type":"ImageObject","inLanguage":"pt-BR","@id":"https:\/\/femergs.com.br\/wfe\/#\/schema\/logo\/image\/","url":"https:\/\/femergs.com.br\/wfe\/wp-content\/uploads\/2025\/06\/logotipo.png","contentUrl":"https:\/\/femergs.com.br\/wfe\/wp-content\/uploads\/2025\/06\/logotipo.png","width":500,"height":500,"caption":"FEMERGS"},"image":{"@id":"https:\/\/femergs.com.br\/wfe\/#\/schema\/logo\/image\/"},"sameAs":["https:\/\/www.facebook.com\/profile.php?id=100057151733001","https:\/\/www.instagram.com\/femergs_rs\/"]}]}},"uagb_featured_image_src":{"full":false,"thumbnail":false,"medium":false,"medium_large":false,"large":false,"1536x1536":false,"2048x2048":false,"ultp_layout_landscape_large":false,"ultp_layout_landscape":false,"ultp_layout_portrait":false,"ultp_layout_square":false},"uagb_author_info":{"display_name":"adminfemergs","author_link":"https:\/\/femergs.com.br\/wfe\/blog\/author\/adminfemergs\/"},"uagb_comment_info":0,"uagb_excerpt":null,"_links":{"self":[{"href":"https:\/\/femergs.com.br\/wfe\/wp-json\/wp\/v2\/pages\/873","targetHints":{"allow":["GET"]}}],"collection":[{"href":"https:\/\/femergs.com.br\/wfe\/wp-json\/wp\/v2\/pages"}],"about":[{"href":"https:\/\/femergs.com.br\/wfe\/wp-json\/wp\/v2\/types\/page"}],"author":[{"embeddable":true,"href":"https:\/\/femergs.com.br\/wfe\/wp-json\/wp\/v2\/users\/1"}],"replies":[{"embeddable":true,"href":"https:\/\/femergs.com.br\/wfe\/wp-json\/wp\/v2\/comments?post=873"}],"version-history":[{"count":2,"href":"https:\/\/femergs.com.br\/wfe\/wp-json\/wp\/v2\/pages\/873\/revisions"}],"predecessor-version":[{"id":875,"href":"https:\/\/femergs.com.br\/wfe\/wp-json\/wp\/v2\/pages\/873\/revisions\/875"}],"wp:attachment":[{"href":"https:\/\/femergs.com.br\/wfe\/wp-json\/wp\/v2\/media?parent=873"}],"curies":[{"name":"wp","href":"https:\/\/api.w.org\/{rel}","templated":true}]}}